{"id":1352,"date":"2021-11-18T09:33:43","date_gmt":"2021-11-18T09:33:43","guid":{"rendered":"https:\/\/hoerdesign.ch\/?page_id=1352"},"modified":"2025-09-22T13:09:11","modified_gmt":"2025-09-22T13:09:11","slug":"termin-buchen","status":"publish","type":"page","link":"https:\/\/hoerdesign.ch\/en\/termin-buchen\/","title":{"rendered":"Book an appointment"},"content":{"rendered":"<div data-elementor-type=\"wp-page\" data-elementor-id=\"1352\" class=\"elementor elementor-1352\" data-elementor-post-type=\"page\">\n\t\t\t\t\t\t<section class=\"elementor-section elementor-top-section elementor-element elementor-element-246b88b elementor-section-boxed elementor-section-height-default elementor-section-height-default\" data-id=\"246b88b\" data-element_type=\"section\" data-e-type=\"section\">\n\t\t\t\t\t\t<div class=\"elementor-container elementor-column-gap-default\">\n\t\t\t\t\t<div class=\"elementor-column elementor-col-50 elementor-top-column elementor-element elementor-element-5bce34f\" data-id=\"5bce34f\" data-element_type=\"column\" data-e-type=\"column\">\n\t\t\t<div class=\"elementor-widget-wrap elementor-element-populated\">\n\t\t\t\t\t\t<div class=\"elementor-element elementor-element-fab55e2 elementor-widget elementor-widget-heading\" data-id=\"fab55e2\" data-element_type=\"widget\" data-e-type=\"widget\" data-widget_type=\"heading.default\">\n\t\t\t\t<div class=\"elementor-widget-container\">\n\t\t\t\t\t<h1 class=\"elementor-heading-title elementor-size-default\">We look forward to seeing you!<\/h1>\t\t\t\t<\/div>\n\t\t\t\t<\/div>\n\t\t\t\t<div class=\"elementor-element elementor-element-b267c17 elementor-widget elementor-widget-text-editor\" data-id=\"b267c17\" data-element_type=\"widget\" data-e-type=\"widget\" data-widget_type=\"text-editor.default\">\n\t\t\t\t<div class=\"elementor-widget-container\">\n\t\t\t\t\t\t\t\t\t<p>Here you can easily schedule your preferred appointment. Come to us whenever you like. Booking is available for you at any time. You will receive a confirmation email for your appointment as soon as possible.&nbsp;<\/p>\t\t\t\t\t\t\t\t<\/div>\n\t\t\t\t<\/div>\n\t\t\t\t\t<\/div>\n\t\t<\/div>\n\t\t\t\t<div class=\"elementor-column elementor-col-50 elementor-top-column elementor-element elementor-element-0601422\" data-id=\"0601422\" data-element_type=\"column\" data-e-type=\"column\">\n\t\t\t<div class=\"elementor-widget-wrap elementor-element-populated\">\n\t\t\t\t\t\t<div class=\"elementor-element elementor-element-41aa789 elementor-widget elementor-widget-image\" data-id=\"41aa789\" data-element_type=\"widget\" data-e-type=\"widget\" data-widget_type=\"image.default\">\n\t\t\t\t<div class=\"elementor-widget-container\">\n\t\t\t\t\t\t\t\t\t\t\t\t\t\t\t<img fetchpriority=\"high\" decoding=\"async\" width=\"750\" height=\"333\" src=\"https:\/\/hoerdesign.ch\/wp-content\/uploads\/2021\/01\/AdobeStock_428796312-scaled-1-768x341.jpeg\" class=\"attachment-medium_large size-medium_large wp-image-1067\" alt=\"\" srcset=\"https:\/\/hoerdesign.ch\/wp-content\/uploads\/2021\/01\/AdobeStock_428796312-scaled-1-768x341.jpeg 768w, https:\/\/hoerdesign.ch\/wp-content\/uploads\/2021\/01\/AdobeStock_428796312-scaled-1-300x133.jpeg 300w, https:\/\/hoerdesign.ch\/wp-content\/uploads\/2021\/01\/AdobeStock_428796312-scaled-1-1024x454.jpeg 1024w, https:\/\/hoerdesign.ch\/wp-content\/uploads\/2021\/01\/AdobeStock_428796312-scaled-1-1536x681.jpeg 1536w, https:\/\/hoerdesign.ch\/wp-content\/uploads\/2021\/01\/AdobeStock_428796312-scaled-1-2048x908.jpeg 2048w\" sizes=\"(max-width: 750px) 100vw, 750px\" style=\"width:100%;height:44.34%;max-width:2560px\" \/>\t\t\t\t\t\t\t\t\t\t\t\t\t\t\t<\/div>\n\t\t\t\t<\/div>\n\t\t\t\t\t<\/div>\n\t\t<\/div>\n\t\t\t\t\t<\/div>\n\t\t<\/section>\n\t\t<div class=\"elementor-element elementor-element-f938edf elementor-hidden-tablet elementor-hidden-mobile e-flex e-con-boxed e-con e-parent\" data-id=\"f938edf\" data-element_type=\"container\" data-e-type=\"container\">\n\t\t\t\t\t<div class=\"e-con-inner\">\n\t\t<div class=\"elementor-element elementor-element-4883e1a e-con-full e-flex e-con e-child\" data-id=\"4883e1a\" data-element_type=\"container\" data-e-type=\"container\">\n\t\t\t\t<div class=\"elementor-element elementor-element-c52aa7b elementor-widget elementor-widget-image\" data-id=\"c52aa7b\" data-element_type=\"widget\" data-e-type=\"widget\" data-widget_type=\"image.default\">\n\t\t\t\t<div class=\"elementor-widget-container\">\n\t\t\t\t\t\t\t\t\t\t\t\t\t\t\t<img decoding=\"async\" width=\"945\" height=\"630\" src=\"https:\/\/hoerdesign.ch\/wp-content\/uploads\/2025\/07\/Nico_HG_Klein.jpg\" class=\"attachment-full size-full wp-image-5103\" alt=\"\" srcset=\"https:\/\/hoerdesign.ch\/wp-content\/uploads\/2025\/07\/Nico_HG_Klein.jpg 945w, https:\/\/hoerdesign.ch\/wp-content\/uploads\/2025\/07\/Nico_HG_Klein-300x200.jpg 300w, https:\/\/hoerdesign.ch\/wp-content\/uploads\/2025\/07\/Nico_HG_Klein-768x512.jpg 768w, https:\/\/hoerdesign.ch\/wp-content\/uploads\/2025\/07\/Nico_HG_Klein-18x12.jpg 18w\" sizes=\"(max-width: 945px) 100vw, 945px\" style=\"width:100%;height:66.67%;max-width:945px\" \/>\t\t\t\t\t\t\t\t\t\t\t\t\t\t\t<\/div>\n\t\t\t\t<\/div>\n\t\t\t\t<div class=\"elementor-element elementor-element-cb9980f elementor-widget elementor-widget-text-editor\" data-id=\"cb9980f\" data-element_type=\"widget\" data-e-type=\"widget\" data-widget_type=\"text-editor.default\">\n\t\t\t\t<div class=\"elementor-widget-container\">\n\t\t\t\t\t\t\t\t\t<p style=\"text-align: center;\">Nico Tomasini (Deutsch\/Englisch)<\/p><p style=\"text-align: center;\">H\u00f6rger\u00e4teakustikmeister<\/p><p style=\"text-align: center;\">Tinnitus Experte<\/p>\t\t\t\t\t\t\t\t<\/div>\n\t\t\t\t<\/div>\n\t\t<div class=\"elementor-element elementor-element-e46c12d e-con-full e-flex e-con e-child\" data-id=\"e46c12d\" data-element_type=\"container\" data-e-type=\"container\">\n\t\t\t\t<div class=\"elementor-element elementor-element-2fa238a elementor-widget__width-initial elementor-widget elementor-widget-html\" data-id=\"2fa238a\" data-element_type=\"widget\" data-e-type=\"widget\" data-widget_type=\"html.default\">\n\t\t\t\t<div class=\"elementor-widget-container\">\n\t\t\t\t\t<iframe src=\"https:\/\/suisse2.amparex.net\/amparex\/web\/selfservice\/onlinetp\/beikgowidl21j58x5t5cn1n6frfraybg26jvvapisrm=\/resourcetp\/01910256-9674-0007-8b5e-1A524E6F65D2\" style=\"border:0px #ffffff none;\" name=\"myiFrame\" scrolling=\"no\" frameborder=\"1\" marginheight=\"0px\" marginwidth=\"0px\" height=\"1000px\" width=\"600px\" allowfullscreen><\/iframe>\t\t\t\t<\/div>\n\t\t\t\t<\/div>\n\t\t\t\t<\/div>\n\t\t\t\t<\/div>\n\t\t\t\t\t<\/div>\n\t\t\t\t<\/div>\n\t\t<div class=\"elementor-element elementor-element-2a42df5 elementor-hidden-tablet elementor-hidden-mobile e-flex e-con-boxed e-con e-parent\" data-id=\"2a42df5\" data-element_type=\"container\" data-e-type=\"container\">\n\t\t\t\t\t<div class=\"e-con-inner\">\n\t\t<div class=\"elementor-element elementor-element-70bc2ef e-con-full e-flex e-con e-child\" data-id=\"70bc2ef\" data-element_type=\"container\" data-e-type=\"container\">\n\t\t<div class=\"elementor-element elementor-element-ec17731 e-con-full e-flex e-con e-child\" data-id=\"ec17731\" data-element_type=\"container\" data-e-type=\"container\">\n\t\t\t\t<div class=\"elementor-element elementor-element-1cceed1 elementor-widget elementor-widget-image\" data-id=\"1cceed1\" data-element_type=\"widget\" data-e-type=\"widget\" data-widget_type=\"image.default\">\n\t\t\t\t<div class=\"elementor-widget-container\">\n\t\t\t\t\t\t\t\t\t\t\t\t\t\t\t<img decoding=\"async\" width=\"944\" height=\"628\" src=\"https:\/\/hoerdesign.ch\/wp-content\/uploads\/2025\/07\/Simone-ohne-hintergrund-klein.jpg\" class=\"attachment-full size-full wp-image-5124\" alt=\"\" srcset=\"https:\/\/hoerdesign.ch\/wp-content\/uploads\/2025\/07\/Simone-ohne-hintergrund-klein.jpg 944w, https:\/\/hoerdesign.ch\/wp-content\/uploads\/2025\/07\/Simone-ohne-hintergrund-klein-300x200.jpg 300w, https:\/\/hoerdesign.ch\/wp-content\/uploads\/2025\/07\/Simone-ohne-hintergrund-klein-768x511.jpg 768w, https:\/\/hoerdesign.ch\/wp-content\/uploads\/2025\/07\/Simone-ohne-hintergrund-klein-18x12.jpg 18w\" sizes=\"(max-width: 944px) 100vw, 944px\" style=\"width:100%;height:66.53%;max-width:944px\" \/>\t\t\t\t\t\t\t\t\t\t\t\t\t\t\t<\/div>\n\t\t\t\t<\/div>\n\t\t\t\t<\/div>\n\t\t\t\t<div class=\"elementor-element elementor-element-6fba0e5 elementor-widget__width-initial elementor-widget elementor-widget-text-editor\" data-id=\"6fba0e5\" data-element_type=\"widget\" data-e-type=\"widget\" data-widget_type=\"text-editor.default\">\n\t\t\t\t<div class=\"elementor-widget-container\">\n\t\t\t\t\t\t\t\t\t<p style=\"text-align: center;\">Simona David<\/p><p style=\"text-align: center;\">H\u00f6rberaterin<\/p><p style=\"text-align: center;\">(Schweizerdeutsch \/ Italienisch)<\/p><p style=\"text-align: center;\">Ausbildung zur Tinnitusexpertin<\/p>\t\t\t\t\t\t\t\t<\/div>\n\t\t\t\t<\/div>\n\t\t\t\t<div class=\"elementor-element elementor-element-b040d66 elementor-widget__width-initial elementor-widget elementor-widget-html\" data-id=\"b040d66\" data-element_type=\"widget\" data-e-type=\"widget\" data-widget_type=\"html.default\">\n\t\t\t\t<div class=\"elementor-widget-container\">\n\t\t\t\t\t    <iframe src=\"https:\/\/suisse2.amparex.net\/amparex\/web\/selfservice\/onlinetp\/beikgowidl21j58x5t5cn1n6frfraybg26jvvapisrm=\/resourcetp\/01910256-96e1-0007-8b67-1A524E6F65D2\" style=\"border:0px #ffffff none;\" name=\"myiFrame\" scrolling=\"no\" frameborder=\"1\" marginheight=\"0px\" marginwidth=\"0px\" height=\"1000px\" width=\"600px\" allowfullscreen><\/iframe>\t\t\t\t<\/div>\n\t\t\t\t<\/div>\n\t\t\t\t<\/div>\n\t\t\t\t\t<\/div>\n\t\t\t\t<\/div>\n\t\t<div class=\"elementor-element elementor-element-fb30702 elementor-hidden-desktop e-flex e-con-boxed e-con e-parent\" data-id=\"fb30702\" data-element_type=\"container\" data-e-type=\"container\">\n\t\t\t\t\t<div class=\"e-con-inner\">\n\t\t<div class=\"elementor-element elementor-element-7ff2206 e-con-full e-flex e-con e-child\" data-id=\"7ff2206\" data-element_type=\"container\" data-e-type=\"container\">\n\t\t\t\t<div class=\"elementor-element elementor-element-ec38bed elementor-widget elementor-widget-image\" data-id=\"ec38bed\" data-element_type=\"widget\" data-e-type=\"widget\" data-widget_type=\"image.default\">\n\t\t\t\t<div class=\"elementor-widget-container\">\n\t\t\t\t\t\t\t\t\t\t\t\t\t\t\t<img decoding=\"async\" width=\"945\" height=\"630\" src=\"https:\/\/hoerdesign.ch\/wp-content\/uploads\/2025\/07\/Nico_HG_Klein.jpg\" class=\"attachment-full size-full wp-image-5103\" alt=\"\" srcset=\"https:\/\/hoerdesign.ch\/wp-content\/uploads\/2025\/07\/Nico_HG_Klein.jpg 945w, https:\/\/hoerdesign.ch\/wp-content\/uploads\/2025\/07\/Nico_HG_Klein-300x200.jpg 300w, https:\/\/hoerdesign.ch\/wp-content\/uploads\/2025\/07\/Nico_HG_Klein-768x512.jpg 768w, https:\/\/hoerdesign.ch\/wp-content\/uploads\/2025\/07\/Nico_HG_Klein-18x12.jpg 18w\" sizes=\"(max-width: 945px) 100vw, 945px\" style=\"width:100%;height:66.67%;max-width:945px\" \/>\t\t\t\t\t\t\t\t\t\t\t\t\t\t\t<\/div>\n\t\t\t\t<\/div>\n\t\t\t\t<div class=\"elementor-element elementor-element-1ba0991 elementor-widget elementor-widget-text-editor\" data-id=\"1ba0991\" data-element_type=\"widget\" data-e-type=\"widget\" data-widget_type=\"text-editor.default\">\n\t\t\t\t<div class=\"elementor-widget-container\">\n\t\t\t\t\t\t\t\t\t<p style=\"text-align: center;\">Nico Tomasini (Deutsch\/Englisch)<\/p><p style=\"text-align: center;\">H\u00f6rger\u00e4teakustikmeister<\/p><p style=\"text-align: center;\">Tinnitus Experte<\/p>\t\t\t\t\t\t\t\t<\/div>\n\t\t\t\t<\/div>\n\t\t\t\t<div class=\"elementor-element elementor-element-56c22f4 elementor-widget__width-initial elementor-widget elementor-widget-html\" data-id=\"56c22f4\" data-element_type=\"widget\" data-e-type=\"widget\" data-widget_type=\"html.default\">\n\t\t\t\t<div class=\"elementor-widget-container\">\n\t\t\t\t\t<iframe src=\"https:\/\/suisse2.amparex.net\/amparex\/web\/selfservice\/onlinetp\/beikgowidl21j58x5t5cn1n6frfraybg26jvvapisrm=\/resourcetp\/01910256-9674-0007-8b5e-1A524E6F65D2\" style=\"border:0px #ffffff none;\" name=\"myiFrame\" scrolling=\"no\" frameborder=\"1\" marginheight=\"0px\" marginwidth=\"0px\" height=\"2000px\" width=\"600px\" allowfullscreen><\/iframe>\t\t\t\t<\/div>\n\t\t\t\t<\/div>\n\t\t\t\t<\/div>\n\t\t<div class=\"elementor-element elementor-element-88fa958 e-con-full e-flex e-con e-child\" data-id=\"88fa958\" data-element_type=\"container\" data-e-type=\"container\">\n\t\t\t\t<div class=\"elementor-element elementor-element-9d080c8 elementor-widget__width-initial elementor-widget elementor-widget-image\" data-id=\"9d080c8\" data-element_type=\"widget\" data-e-type=\"widget\" data-widget_type=\"image.default\">\n\t\t\t\t<div class=\"elementor-widget-container\">\n\t\t\t\t\t\t\t\t\t\t\t\t\t\t\t<img decoding=\"async\" width=\"944\" height=\"628\" src=\"https:\/\/hoerdesign.ch\/wp-content\/uploads\/2025\/07\/Simone-ohne-hintergrund-klein.jpg\" class=\"attachment-full size-full wp-image-5124\" alt=\"\" srcset=\"https:\/\/hoerdesign.ch\/wp-content\/uploads\/2025\/07\/Simone-ohne-hintergrund-klein.jpg 944w, https:\/\/hoerdesign.ch\/wp-content\/uploads\/2025\/07\/Simone-ohne-hintergrund-klein-300x200.jpg 300w, https:\/\/hoerdesign.ch\/wp-content\/uploads\/2025\/07\/Simone-ohne-hintergrund-klein-768x511.jpg 768w, https:\/\/hoerdesign.ch\/wp-content\/uploads\/2025\/07\/Simone-ohne-hintergrund-klein-18x12.jpg 18w\" sizes=\"(max-width: 944px) 100vw, 944px\" style=\"width:100%;height:66.53%;max-width:944px\" \/>\t\t\t\t\t\t\t\t\t\t\t\t\t\t\t<\/div>\n\t\t\t\t<\/div>\n\t\t\t\t<div class=\"elementor-element elementor-element-597f3a9 elementor-widget__width-initial elementor-widget elementor-widget-text-editor\" data-id=\"597f3a9\" data-element_type=\"widget\" data-e-type=\"widget\" data-widget_type=\"text-editor.default\">\n\t\t\t\t<div class=\"elementor-widget-container\">\n\t\t\t\t\t\t\t\t\t<p style=\"text-align: center;\">Simona David<\/p><p style=\"text-align: center;\">H\u00f6rberaterin<\/p><p style=\"text-align: center;\">(Schweizerdeutsch \/ Italienisch)<\/p><p style=\"text-align: center;\">Ausbildung zur Tinnitusexpertin<\/p>\t\t\t\t\t\t\t\t<\/div>\n\t\t\t\t<\/div>\n\t\t\t\t<div class=\"elementor-element elementor-element-c57da54 elementor-widget__width-initial elementor-widget elementor-widget-html\" data-id=\"c57da54\" data-element_type=\"widget\" data-e-type=\"widget\" data-widget_type=\"html.default\">\n\t\t\t\t<div class=\"elementor-widget-container\">\n\t\t\t\t\t    <iframe src=\"https:\/\/suisse2.amparex.net\/amparex\/web\/selfservice\/onlinetp\/beikgowidl21j58x5t5cn1n6frfraybg26jvvapisrm=\/resourcetp\/01910256-96e1-0007-8b67-1A524E6F65D2\" style=\"border:0px #ffffff none;\" name=\"myiFrame\" scrolling=\"no\" frameborder=\"1\" marginheight=\"0px\" marginwidth=\"0px\" height=\"2000px\" width=\"600px\" allowfullscreen><\/iframe>\t\t\t\t<\/div>\n\t\t\t\t<\/div>\n\t\t\t\t<div class=\"elementor-element elementor-element-0c8ec3e elementor-widget elementor-widget-spacer\" data-id=\"0c8ec3e\" data-element_type=\"widget\" data-e-type=\"widget\" data-widget_type=\"spacer.default\">\n\t\t\t\t<div class=\"elementor-widget-container\">\n\t\t\t\t\t\t\t<div class=\"elementor-spacer\">\n\t\t\t<div class=\"elementor-spacer-inner\"><\/div>\n\t\t<\/div>\n\t\t\t\t\t\t<\/div>\n\t\t\t\t<\/div>\n\t\t\t\t<\/div>\n\t\t\t\t\t<\/div>\n\t\t\t\t<\/div>\n\t\t\t\t<\/div>","protected":false},"excerpt":{"rendered":"<p>Auf Sie freuen wir uns! Hier vereinbaren Sie ganz einfach Ihren Wunschtermin. Kommen Sie zu uns wann Sie wollen. Die Terminbuchung ist jederzeit f\u00fcr Sie m\u00f6glich. Sie erhalten so schnell wie m\u00f6glich die Terminbest\u00e4tigung per Mail.&nbsp; Nico Tomasini (Deutsch\/Englisch) H\u00f6rger\u00e4teakustikmeister Tinnitus Experte Simona David H\u00f6rberaterin (Schweizerdeutsch \/ Italienisch) Ausbildung zur Tinnitusexpertin Nico Tomasini (Deutsch\/Englisch) H\u00f6rger\u00e4teakustikmeister&hellip; <a class=\"more-link\" href=\"https:\/\/hoerdesign.ch\/en\/termin-buchen\/\">Continue reading <span class=\"screen-reader-text\">Book an appointment<\/span><\/a><\/p>","protected":false},"author":2,"featured_media":0,"parent":0,"menu_order":0,"comment_status":"closed","ping_status":"closed","template":"","meta":{"_surecart_dashboard_logo_width":"180px","_surecart_dashboard_show_logo":true,"_surecart_dashboard_navigation_orders":true,"_surecart_dashboard_navigation_invoices":true,"_surecart_dashboard_navigation_subscriptions":true,"_surecart_dashboard_navigation_downloads":true,"_surecart_dashboard_navigation_billing":true,"_surecart_dashboard_navigation_account":true,"footnotes":""},"class_list":["post-1352","page","type-page","status-publish","hentry","entry"],"yoast_head":"<!-- This site is optimized with the Yoast SEO plugin v27.4 - https:\/\/yoast.com\/product\/yoast-seo-wordpress\/ -->\n<title>Termin buchen - H\u00f6rdesign GmbH<\/title>\n<meta name=\"robots\" content=\"index, follow, max-snippet:-1, max-image-preview:large, max-video-preview:-1\" \/>\n<link rel=\"canonical\" href=\"https:\/\/hoerdesign.ch\/en\/termin-buchen\/\" \/>\n<meta property=\"og:locale\" content=\"en_GB\" \/>\n<meta property=\"og:type\" content=\"article\" \/>\n<meta property=\"og:title\" content=\"Termin buchen - H\u00f6rdesign GmbH\" \/>\n<meta property=\"og:description\" content=\"Auf Sie freuen wir uns! Hier vereinbaren Sie ganz einfach Ihren Wunschtermin. Kommen Sie zu uns wann Sie wollen. Die Terminbuchung ist jederzeit f\u00fcr Sie m\u00f6glich. Sie erhalten so schnell wie m\u00f6glich die Terminbest\u00e4tigung per Mail.&nbsp; Nico Tomasini (Deutsch\/Englisch) H\u00f6rger\u00e4teakustikmeister Tinnitus Experte Simona David H\u00f6rberaterin (Schweizerdeutsch \/ Italienisch) Ausbildung zur Tinnitusexpertin Nico Tomasini (Deutsch\/Englisch) H\u00f6rger\u00e4teakustikmeister&hellip; Continue reading Termin buchen\" \/>\n<meta property=\"og:url\" content=\"https:\/\/hoerdesign.ch\/en\/termin-buchen\/\" \/>\n<meta property=\"og:site_name\" content=\"H\u00f6rdesign GmbH\" \/>\n<meta property=\"article:publisher\" content=\"https:\/\/www.facebook.com\/hoerdesigninzug\" \/>\n<meta property=\"article:modified_time\" content=\"2025-09-22T13:09:11+00:00\" \/>\n<meta property=\"og:image\" content=\"https:\/\/hoerdesign.ch\/wp-content\/uploads\/2021\/01\/AdobeStock_428796312-scaled-1.jpeg\" \/>\n\t<meta property=\"og:image:width\" content=\"2560\" \/>\n\t<meta property=\"og:image:height\" content=\"1135\" \/>\n\t<meta property=\"og:image:type\" content=\"image\/jpeg\" \/>\n<meta name=\"twitter:card\" content=\"summary_large_image\" \/>\n<meta name=\"twitter:label1\" content=\"Estimated reading time\" \/>\n\t<meta name=\"twitter:data1\" content=\"2 minutes\" \/>\n<script type=\"application\/ld+json\" class=\"yoast-schema-graph\">{\"@context\":\"https:\\\/\\\/schema.org\",\"@graph\":[{\"@type\":\"WebPage\",\"@id\":\"https:\\\/\\\/hoerdesign.ch\\\/termin-buchen\\\/\",\"url\":\"https:\\\/\\\/hoerdesign.ch\\\/termin-buchen\\\/\",\"name\":\"Termin buchen - H\u00f6rdesign GmbH\",\"isPartOf\":{\"@id\":\"https:\\\/\\\/hoerdesign.ch\\\/#website\"},\"primaryImageOfPage\":{\"@id\":\"https:\\\/\\\/hoerdesign.ch\\\/termin-buchen\\\/#primaryimage\"},\"image\":{\"@id\":\"https:\\\/\\\/hoerdesign.ch\\\/termin-buchen\\\/#primaryimage\"},\"thumbnailUrl\":\"https:\\\/\\\/hoerdesign.ch\\\/wp-content\\\/uploads\\\/2021\\\/01\\\/AdobeStock_428796312-scaled-1-768x341.jpeg\",\"datePublished\":\"2021-11-18T09:33:43+00:00\",\"dateModified\":\"2025-09-22T13:09:11+00:00\",\"breadcrumb\":{\"@id\":\"https:\\\/\\\/hoerdesign.ch\\\/termin-buchen\\\/#breadcrumb\"},\"inLanguage\":\"en-GB\",\"potentialAction\":[{\"@type\":\"ReadAction\",\"target\":[\"https:\\\/\\\/hoerdesign.ch\\\/termin-buchen\\\/\"]}]},{\"@type\":\"ImageObject\",\"inLanguage\":\"en-GB\",\"@id\":\"https:\\\/\\\/hoerdesign.ch\\\/termin-buchen\\\/#primaryimage\",\"url\":\"https:\\\/\\\/hoerdesign.ch\\\/wp-content\\\/uploads\\\/2021\\\/01\\\/AdobeStock_428796312-scaled-1-768x341.jpeg\",\"contentUrl\":\"https:\\\/\\\/hoerdesign.ch\\\/wp-content\\\/uploads\\\/2021\\\/01\\\/AdobeStock_428796312-scaled-1-768x341.jpeg\"},{\"@type\":\"BreadcrumbList\",\"@id\":\"https:\\\/\\\/hoerdesign.ch\\\/termin-buchen\\\/#breadcrumb\",\"itemListElement\":[{\"@type\":\"ListItem\",\"position\":1,\"name\":\"Startseite\",\"item\":\"https:\\\/\\\/hoerdesign.ch\\\/\"},{\"@type\":\"ListItem\",\"position\":2,\"name\":\"Termin buchen\"}]},{\"@type\":\"WebSite\",\"@id\":\"https:\\\/\\\/hoerdesign.ch\\\/#website\",\"url\":\"https:\\\/\\\/hoerdesign.ch\\\/\",\"name\":\"H\u00f6rdesign GmbH\",\"description\":\"Mehr h\u00f6ren. Mehr erleben\",\"publisher\":{\"@id\":\"https:\\\/\\\/hoerdesign.ch\\\/#organization\"},\"potentialAction\":[{\"@type\":\"SearchAction\",\"target\":{\"@type\":\"EntryPoint\",\"urlTemplate\":\"https:\\\/\\\/hoerdesign.ch\\\/?s={search_term_string}\"},\"query-input\":{\"@type\":\"PropertyValueSpecification\",\"valueRequired\":true,\"valueName\":\"search_term_string\"}}],\"inLanguage\":\"en-GB\"},{\"@type\":\"Organization\",\"@id\":\"https:\\\/\\\/hoerdesign.ch\\\/#organization\",\"name\":\"H\u00f6rdesign GmbH\",\"url\":\"https:\\\/\\\/hoerdesign.ch\\\/\",\"logo\":{\"@type\":\"ImageObject\",\"inLanguage\":\"en-GB\",\"@id\":\"https:\\\/\\\/hoerdesign.ch\\\/#\\\/schema\\\/logo\\\/image\\\/\",\"url\":\"https:\\\/\\\/hoerdesign.ch\\\/wp-content\\\/uploads\\\/2023\\\/10\\\/Logo-Hoerdesign-Hohe-Aufloesung.png\",\"contentUrl\":\"https:\\\/\\\/hoerdesign.ch\\\/wp-content\\\/uploads\\\/2023\\\/10\\\/Logo-Hoerdesign-Hohe-Aufloesung.png\",\"width\":730,\"height\":289,\"caption\":\"H\u00f6rdesign GmbH\"},\"image\":{\"@id\":\"https:\\\/\\\/hoerdesign.ch\\\/#\\\/schema\\\/logo\\\/image\\\/\"},\"sameAs\":[\"https:\\\/\\\/www.facebook.com\\\/hoerdesigninzug\",\"https:\\\/\\\/www.instagram.com\\\/hoerdesign_official\\\/\",\"https:\\\/\\\/www.linkedin.com\\\/company\\\/78306967\\\/admin\\\/feed\\\/posts\\\/?feedType=following\"]}]}<\/script>\n<!-- \/ Yoast SEO plugin. -->","yoast_head_json":{"title":"Termin buchen - H\u00f6rdesign GmbH","robots":{"index":"index","follow":"follow","max-snippet":"max-snippet:-1","max-image-preview":"max-image-preview:large","max-video-preview":"max-video-preview:-1"},"canonical":"https:\/\/hoerdesign.ch\/en\/termin-buchen\/","og_locale":"en_GB","og_type":"article","og_title":"Termin buchen - H\u00f6rdesign GmbH","og_description":"Auf Sie freuen wir uns! Hier vereinbaren Sie ganz einfach Ihren Wunschtermin. Kommen Sie zu uns wann Sie wollen. Die Terminbuchung ist jederzeit f\u00fcr Sie m\u00f6glich. Sie erhalten so schnell wie m\u00f6glich die Terminbest\u00e4tigung per Mail.&nbsp; Nico Tomasini (Deutsch\/Englisch) H\u00f6rger\u00e4teakustikmeister Tinnitus Experte Simona David H\u00f6rberaterin (Schweizerdeutsch \/ Italienisch) Ausbildung zur Tinnitusexpertin Nico Tomasini (Deutsch\/Englisch) H\u00f6rger\u00e4teakustikmeister&hellip; Continue reading Termin buchen","og_url":"https:\/\/hoerdesign.ch\/en\/termin-buchen\/","og_site_name":"H\u00f6rdesign GmbH","article_publisher":"https:\/\/www.facebook.com\/hoerdesigninzug","article_modified_time":"2025-09-22T13:09:11+00:00","og_image":[{"width":2560,"height":1135,"url":"https:\/\/hoerdesign.ch\/wp-content\/uploads\/2021\/01\/AdobeStock_428796312-scaled-1.jpeg","type":"image\/jpeg"}],"twitter_card":"summary_large_image","twitter_misc":{"Estimated reading time":"2 minutes"},"schema":{"@context":"https:\/\/schema.org","@graph":[{"@type":"WebPage","@id":"https:\/\/hoerdesign.ch\/termin-buchen\/","url":"https:\/\/hoerdesign.ch\/termin-buchen\/","name":"Termin buchen - H\u00f6rdesign GmbH","isPartOf":{"@id":"https:\/\/hoerdesign.ch\/#website"},"primaryImageOfPage":{"@id":"https:\/\/hoerdesign.ch\/termin-buchen\/#primaryimage"},"image":{"@id":"https:\/\/hoerdesign.ch\/termin-buchen\/#primaryimage"},"thumbnailUrl":"https:\/\/hoerdesign.ch\/wp-content\/uploads\/2021\/01\/AdobeStock_428796312-scaled-1-768x341.jpeg","datePublished":"2021-11-18T09:33:43+00:00","dateModified":"2025-09-22T13:09:11+00:00","breadcrumb":{"@id":"https:\/\/hoerdesign.ch\/termin-buchen\/#breadcrumb"},"inLanguage":"en-GB","potentialAction":[{"@type":"ReadAction","target":["https:\/\/hoerdesign.ch\/termin-buchen\/"]}]},{"@type":"ImageObject","inLanguage":"en-GB","@id":"https:\/\/hoerdesign.ch\/termin-buchen\/#primaryimage","url":"https:\/\/hoerdesign.ch\/wp-content\/uploads\/2021\/01\/AdobeStock_428796312-scaled-1-768x341.jpeg","contentUrl":"https:\/\/hoerdesign.ch\/wp-content\/uploads\/2021\/01\/AdobeStock_428796312-scaled-1-768x341.jpeg"},{"@type":"BreadcrumbList","@id":"https:\/\/hoerdesign.ch\/termin-buchen\/#breadcrumb","itemListElement":[{"@type":"ListItem","position":1,"name":"Startseite","item":"https:\/\/hoerdesign.ch\/"},{"@type":"ListItem","position":2,"name":"Termin buchen"}]},{"@type":"WebSite","@id":"https:\/\/hoerdesign.ch\/#website","url":"https:\/\/hoerdesign.ch\/","name":"H\u00f6rdesign GmbH","description":"Mehr h\u00f6ren. Mehr erleben","publisher":{"@id":"https:\/\/hoerdesign.ch\/#organization"},"potentialAction":[{"@type":"SearchAction","target":{"@type":"EntryPoint","urlTemplate":"https:\/\/hoerdesign.ch\/?s={search_term_string}"},"query-input":{"@type":"PropertyValueSpecification","valueRequired":true,"valueName":"search_term_string"}}],"inLanguage":"en-GB"},{"@type":"Organization","@id":"https:\/\/hoerdesign.ch\/#organization","name":"H\u00f6rdesign GmbH","url":"https:\/\/hoerdesign.ch\/","logo":{"@type":"ImageObject","inLanguage":"en-GB","@id":"https:\/\/hoerdesign.ch\/#\/schema\/logo\/image\/","url":"https:\/\/hoerdesign.ch\/wp-content\/uploads\/2023\/10\/Logo-Hoerdesign-Hohe-Aufloesung.png","contentUrl":"https:\/\/hoerdesign.ch\/wp-content\/uploads\/2023\/10\/Logo-Hoerdesign-Hohe-Aufloesung.png","width":730,"height":289,"caption":"H\u00f6rdesign GmbH"},"image":{"@id":"https:\/\/hoerdesign.ch\/#\/schema\/logo\/image\/"},"sameAs":["https:\/\/www.facebook.com\/hoerdesigninzug","https:\/\/www.instagram.com\/hoerdesign_official\/","https:\/\/www.linkedin.com\/company\/78306967\/admin\/feed\/posts\/?feedType=following"]}]}},"_links":{"self":[{"href":"https:\/\/hoerdesign.ch\/en\/wp-json\/wp\/v2\/pages\/1352","targetHints":{"allow":["GET"]}}],"collection":[{"href":"https:\/\/hoerdesign.ch\/en\/wp-json\/wp\/v2\/pages"}],"about":[{"href":"https:\/\/hoerdesign.ch\/en\/wp-json\/wp\/v2\/types\/page"}],"author":[{"embeddable":true,"href":"https:\/\/hoerdesign.ch\/en\/wp-json\/wp\/v2\/users\/2"}],"replies":[{"embeddable":true,"href":"https:\/\/hoerdesign.ch\/en\/wp-json\/wp\/v2\/comments?post=1352"}],"version-history":[{"count":120,"href":"https:\/\/hoerdesign.ch\/en\/wp-json\/wp\/v2\/pages\/1352\/revisions"}],"predecessor-version":[{"id":5290,"href":"https:\/\/hoerdesign.ch\/en\/wp-json\/wp\/v2\/pages\/1352\/revisions\/5290"}],"wp:attachment":[{"href":"https:\/\/hoerdesign.ch\/en\/wp-json\/wp\/v2\/media?parent=1352"}],"curies":[{"name":"wp","href":"https:\/\/api.w.org\/{rel}","templated":true}]}}