{"id":2986,"date":"2024-03-13T05:10:09","date_gmt":"2024-03-13T05:10:09","guid":{"rendered":"https:\/\/hoerdesign-neu.ch.xn--hrdesign-n4a.ch\/?page_id=2986"},"modified":"2025-07-03T15:13:31","modified_gmt":"2025-07-03T15:13:31","slug":"hoergeraet","status":"publish","type":"page","link":"https:\/\/hoerdesign.ch\/en\/hoergeraet\/","title":{"rendered":"hearing aid"},"content":{"rendered":"<div data-elementor-type=\"wp-page\" data-elementor-id=\"2986\" class=\"elementor elementor-2986\" data-elementor-post-type=\"page\">\n\t\t\t\t\t\t<section class=\"elementor-section elementor-top-section elementor-element elementor-element-ebf9b8f elementor-section-boxed elementor-section-height-default elementor-section-height-default\" data-id=\"ebf9b8f\" data-element_type=\"section\" data-e-type=\"section\">\n\t\t\t\t\t\t<div class=\"elementor-container elementor-column-gap-default\">\n\t\t\t\t\t<div class=\"elementor-column elementor-col-100 elementor-top-column elementor-element elementor-element-aa7623a\" data-id=\"aa7623a\" data-element_type=\"column\" data-e-type=\"column\">\n\t\t\t<div class=\"elementor-widget-wrap elementor-element-populated\">\n\t\t\t\t\t\t<div class=\"elementor-element elementor-element-dd534d3 elementor-widget elementor-widget-heading\" data-id=\"dd534d3\" data-element_type=\"widget\" data-e-type=\"widget\" data-widget_type=\"heading.default\">\n\t\t\t\t<div class=\"elementor-widget-container\">\n\t\t\t\t\t<h2 class=\"elementor-heading-title elementor-size-large\">hearing aid<\/h2>\t\t\t\t<\/div>\n\t\t\t\t<\/div>\n\t\t\t\t<div class=\"elementor-element elementor-element-323b04e elementor-widget elementor-widget-text-editor\" data-id=\"323b04e\" data-element_type=\"widget\" data-e-type=\"widget\" data-widget_type=\"text-editor.default\">\n\t\t\t\t<div class=\"elementor-widget-container\">\n\t\t\t\t\t\t\t\t\t<h4>Ab<strong> wann braucht man ein H\u00f6rger\u00e4t?<\/strong><\/h4>\n<p>Ob ein H\u00f6rger\u00e4t n\u00f6tig ist, kann ein kostenfreier H\u00f6rtest im H\u00f6rdesign kl\u00e4ren. Wichtig dabei ist nicht nur das H\u00f6ren zu messen, sondern auch das Verstehen zu \u00fcberpr\u00fcfen. Bei der unverbindlichen Kontrolle erhalten Sie beides.<\/p>\n<p><b>Bis zu einem Monat<\/b> lang k\u00f6nnen Sie <strong>test it for free<\/strong> H\u00f6rger\u00e4te testen. Auch ein Vergleich der Preisstufe ist m\u00f6glich. Wir begleiten Sie auf diesem Weg, damit Sie ohne Sorgen wieder verstehen und am Leben teilhaben k\u00f6nnen.<\/p>\t\t\t\t\t\t\t\t<\/div>\n\t\t\t\t<\/div>\n\t\t\t\t\t<\/div>\n\t\t<\/div>\n\t\t\t\t\t<\/div>\n\t\t<\/section>\n\t\t<div class=\"elementor-element elementor-element-148bd94 e-flex e-con-boxed e-con e-parent\" data-id=\"148bd94\" data-element_type=\"container\" data-e-type=\"container\">\n\t\t\t\t\t<div class=\"e-con-inner\">\n\t\t\t\t<div class=\"elementor-element elementor-element-cc452be elementor-align-left elementor-widget elementor-widget-button\" data-id=\"cc452be\" data-element_type=\"widget\" data-e-type=\"widget\" data-settings=\"{&quot;_animation_mobile&quot;:&quot;slideInDown&quot;}\" data-widget_type=\"button.default\">\n\t\t\t\t<div class=\"elementor-widget-container\">\n\t\t\t\t\t\t\t\t\t<div class=\"elementor-button-wrapper\">\n\t\t\t\t\t<a class=\"elementor-button elementor-button-link elementor-size-md\" href=\"https:\/\/hoerdesign.ch\/en\/termin-buchen\/\" id=\"Amelia-custom-id\">\n\t\t\t\t\t\t<span class=\"elementor-button-content-wrapper\">\n\t\t\t\t\t\t<span class=\"elementor-button-icon\">\n\t\t\t\t<svg aria-hidden=\"true\" class=\"e-font-icon-svg e-far-calendar-alt\" viewbox=\"0 0 448 512\" xmlns=\"http:\/\/www.w3.org\/2000\/svg\"><path d=\"M148 288h-40c-6.6 0-12-5.4-12-12v-40c0-6.6 5.4-12 12-12h40c6.6 0 12 5.4 12 12v40c0 6.6-5.4 12-12 12zm108-12v-40c0-6.6-5.4-12-12-12h-40c-6.6 0-12 5.4-12 12v40c0 6.6 5.4 12 12 12h40c6.6 0 12-5.4 12-12zm96 0v-40c0-6.6-5.4-12-12-12h-40c-6.6 0-12 5.4-12 12v40c0 6.6 5.4 12 12 12h40c6.6 0 12-5.4 12-12zm-96 96v-40c0-6.6-5.4-12-12-12h-40c-6.6 0-12 5.4-12 12v40c0 6.6 5.4 12 12 12h40c6.6 0 12-5.4 12-12zm-96 0v-40c0-6.6-5.4-12-12-12h-40c-6.6 0-12 5.4-12 12v40c0 6.6 5.4 12 12 12h40c6.6 0 12-5.4 12-12zm192 0v-40c0-6.6-5.4-12-12-12h-40c-6.6 0-12 5.4-12 12v40c0 6.6 5.4 12 12 12h40c6.6 0 12-5.4 12-12zm96-260v352c0 26.5-21.5 48-48 48H48c-26.5 0-48-21.5-48-48V112c0-26.5 21.5-48 48-48h48V12c0-6.6 5.4-12 12-12h40c6.6 0 12 5.4 12 12v52h128V12c0-6.6 5.4-12 12-12h40c6.6 0 12 5.4 12 12v52h48c26.5 0 48 21.5 48 48zm-48 346V160H48v298c0 3.3 2.7 6 6 6h340c3.3 0 6-2.7 6-6z\"><\/path><\/svg>\t\t\t<\/span>\n\t\t\t\t\t\t\t\t\t<span class=\"elementor-button-text\">Jetzt kostenlose H\u00f6rberatung buchen<\/span>\n\t\t\t\t\t<\/span>\n\t\t\t\t\t<\/a>\n\t\t\t\t<\/div>\n\t\t\t\t\t\t\t\t<\/div>\n\t\t\t\t<\/div>\n\t\t\t\t\t<\/div>\n\t\t\t\t<\/div>\n\t\t\t\t<section class=\"elementor-section elementor-top-section elementor-element elementor-element-7f05b3b elementor-section-boxed elementor-section-height-default elementor-section-height-default\" data-id=\"7f05b3b\" data-element_type=\"section\" data-e-type=\"section\">\n\t\t\t\t\t\t<div class=\"elementor-container elementor-column-gap-default\">\n\t\t\t\t\t<div class=\"elementor-column elementor-col-100 elementor-top-column elementor-element elementor-element-d9789df\" data-id=\"d9789df\" data-element_type=\"column\" data-e-type=\"column\">\n\t\t\t<div class=\"elementor-widget-wrap elementor-element-populated\">\n\t\t\t\t\t\t<section class=\"elementor-section elementor-inner-section elementor-element elementor-element-9102126 elementor-section-boxed elementor-section-height-default elementor-section-height-default\" data-id=\"9102126\" data-element_type=\"section\" data-e-type=\"section\">\n\t\t\t\t\t\t<div class=\"elementor-container elementor-column-gap-default\">\n\t\t\t\t\t<div class=\"elementor-column elementor-col-50 elementor-inner-column elementor-element elementor-element-2b4870c\" data-id=\"2b4870c\" data-element_type=\"column\" data-e-type=\"column\">\n\t\t\t<div class=\"elementor-widget-wrap elementor-element-populated\">\n\t\t\t\t\t\t<div class=\"elementor-element elementor-element-aaaba42 elementor-cta--skin-cover elementor-widget elementor-widget-call-to-action\" data-id=\"aaaba42\" data-element_type=\"widget\" data-e-type=\"widget\" data-widget_type=\"call-to-action.default\">\n\t\t\t\t<div class=\"elementor-widget-container\">\n\t\t\t\t\t\t\t<a class=\"elementor-cta\" href=\"https:\/\/hoerdesign.ch\/en\/die-man-im-ohr-traegt\/\">\n\t\t\t\t\t<div class=\"elementor-cta__bg-wrapper\">\n\t\t\t\t<div class=\"elementor-cta__bg elementor-bg\" style=\"background-image: url(https:\/\/hoerdesign.ch\/wp-content\/uploads\/2024\/03\/Schrill3-1024x683.jpg);\" role=\"img\" aria-label=\"Schrill3.jpg\"><\/div>\n\t\t\t\t<div class=\"elementor-cta__bg-overlay\"><\/div>\n\t\t\t<\/div>\n\t\t\t\t\t\t\t<div class=\"elementor-cta__content\">\n\t\t\t\t\n\t\t\t\t\t\t\t\t\t<h2 class=\"elementor-cta__title elementor-cta__content-item elementor-content-item\">\n\t\t\t\t\t\tIn ear hearing aids\t\t\t\t\t<\/h2>\n\t\t\t\t\n\t\t\t\t\t\t\t\t\t<div class=\"elementor-cta__description elementor-cta__content-item elementor-content-item\">\n\t\t\t\t\t\tIn-the-ear hearing aids are discreet and nearly disappear in the ear.\t\t\t\t\t<\/div>\n\t\t\t\t\n\t\t\t\t\t\t\t\t\t<div class=\"elementor-cta__button-wrapper elementor-cta__content-item elementor-content-item\">\n\t\t\t\t\t<span class=\"elementor-cta__button elementor-button elementor-size-\">\n\t\t\t\t\t\tread more\t\t\t\t\t<\/span>\n\t\t\t\t\t<\/div>\n\t\t\t\t\t\t\t<\/div>\n\t\t\t\t\t\t<\/a>\n\t\t\t\t\t\t<\/div>\n\t\t\t\t<\/div>\n\t\t\t\t\t<\/div>\n\t\t<\/div>\n\t\t\t\t<div class=\"elementor-column elementor-col-50 elementor-inner-column elementor-element elementor-element-33186f6\" data-id=\"33186f6\" data-element_type=\"column\" data-e-type=\"column\">\n\t\t\t<div class=\"elementor-widget-wrap elementor-element-populated\">\n\t\t\t\t\t\t<div class=\"elementor-element elementor-element-fe840ec elementor-cta--skin-cover elementor-widget elementor-widget-call-to-action\" data-id=\"fe840ec\" data-element_type=\"widget\" data-e-type=\"widget\" data-widget_type=\"call-to-action.default\">\n\t\t\t\t<div class=\"elementor-widget-container\">\n\t\t\t\t\t\t\t<a class=\"elementor-cta\" href=\"https:\/\/hoerdesign.ch\/en\/klassische-hoergeraete\/\">\n\t\t\t\t\t<div class=\"elementor-cta__bg-wrapper\">\n\t\t\t\t<div class=\"elementor-cta__bg elementor-bg\" style=\"background-image: url(https:\/\/hoerdesign.ch\/wp-content\/uploads\/2024\/03\/restaurant-woman-with-hearing-aid-seen-from-behind-1000-1000-1024x1024.jpg);\" role=\"img\" aria-label=\"restaurant-woman-with-hearing-aid-seen-from-behind-1000-1000.jpg\"><\/div>\n\t\t\t\t<div class=\"elementor-cta__bg-overlay\"><\/div>\n\t\t\t<\/div>\n\t\t\t\t\t\t\t<div class=\"elementor-cta__content\">\n\t\t\t\t\n\t\t\t\t\t\t\t\t\t<h2 class=\"elementor-cta__title elementor-cta__content-item elementor-content-item\">\n\t\t\t\t\t\tBehind the ear hearing aids\t\t\t\t\t<\/h2>\n\t\t\t\t\n\t\t\t\t\t\t\t\t\t<div class=\"elementor-cta__description elementor-cta__content-item elementor-content-item\">\n\t\t\t\t\t\tBehind-the-ear hearing aids have a thin wire that goes into the ear.\t\t\t\t\t<\/div>\n\t\t\t\t\n\t\t\t\t\t\t\t\t\t<div class=\"elementor-cta__button-wrapper elementor-cta__content-item elementor-content-item\">\n\t\t\t\t\t<span class=\"elementor-cta__button elementor-button elementor-size-\">\n\t\t\t\t\t\tread more\t\t\t\t\t<\/span>\n\t\t\t\t\t<\/div>\n\t\t\t\t\t\t\t<\/div>\n\t\t\t\t\t\t<\/a>\n\t\t\t\t\t\t<\/div>\n\t\t\t\t<\/div>\n\t\t\t\t\t<\/div>\n\t\t<\/div>\n\t\t\t\t\t<\/div>\n\t\t<\/section>\n\t\t\t\t\t<\/div>\n\t\t<\/div>\n\t\t\t\t\t<\/div>\n\t\t<\/section>\n\t\t\t\t<section class=\"elementor-section elementor-top-section elementor-element elementor-element-3361620 elementor-section-boxed elementor-section-height-default elementor-section-height-default\" data-id=\"3361620\" data-element_type=\"section\" data-e-type=\"section\" data-settings=\"{&quot;background_background&quot;:&quot;slideshow&quot;,&quot;background_slideshow_gallery&quot;:[],&quot;background_slideshow_loop&quot;:&quot;yes&quot;,&quot;background_slideshow_slide_duration&quot;:5000,&quot;background_slideshow_slide_transition&quot;:&quot;fade&quot;,&quot;background_slideshow_transition_duration&quot;:500}\">\n\t\t\t\t\t\t<div class=\"elementor-container elementor-column-gap-default\">\n\t\t\t\t\t<div class=\"elementor-column elementor-col-100 elementor-top-column elementor-element elementor-element-abc4969\" data-id=\"abc4969\" data-element_type=\"column\" data-e-type=\"column\">\n\t\t\t<div class=\"elementor-widget-wrap elementor-element-populated\">\n\t\t\t\t\t\t<div class=\"elementor-element elementor-element-147a051 elementor-widget elementor-widget-text-editor\" data-id=\"147a051\" data-element_type=\"widget\" data-e-type=\"widget\" data-widget_type=\"text-editor.default\">\n\t\t\t\t<div class=\"elementor-widget-container\">\n\t\t\t\t\t\t\t\t\t<h4><strong>Was d\u00fcrfen Sie erwarten:<\/strong><\/h4><p>Wir bieten Ihnen eine ausf\u00fchrliche Beratung mit \u00dcberblick auf alle aktuellen Technologien. Dies machen wir druckfrei und unabh\u00e4ngig von Marken sowie Herstellern. Wir helfen Ihnen bei der Auswahl f\u00fcr das RICHTIGE H\u00f6rger\u00e4t, passend auf Ihre individuellen Bed\u00fcrfnisse und Alltagssituationen. Denn unser Ziel ist Ihr bestm\u00f6gliches Verstehen und das Sie Ihr Leben geniessen k\u00f6nnen!<\/p><p>\u00a0<\/p><p>Nennen Sie uns die Anforderungen und W\u00fcnsche, die Sie an Ihr neues H\u00f6rger\u00e4t stellen und wir zeigen Ihnen was m\u00f6glich ist.<\/p><p>Selbst direkte Funk\u00fcbertragungen via Bluetooth, f\u00fcr ein besseres Verstehen beim Fernsehen oder Musik h\u00f6ren m\u00fcssen keine Zukunftsmelodien mehr sein. Auch ein bequemes Regulieren der Lautst\u00e4rke und Klangqualit\u00e4t \u00fcber Ihr Handy ist optional l\u00e4ngst m\u00f6glich. Verbessern Sie Ihre Lebensqualit\u00e4t.<\/p><p>\u00a0<\/p><p>Machen Sie den ersten Schritt und vereinbaren Sie mit uns einen Termin. Ich nehme mir gerne die Zeit und bitte auch Sie f\u00fcr ein erstes kennenlernen mit ausf\u00fchrlicher H\u00f6ranalyse ca. 1,5 Stunden zu reservieren. In den darauffolgenden Terminen, erhalten sie individuell angepasste H\u00f6rger\u00e4te. Deren Programmierung wird mit Hilfe verschiedenster Erfolgsmessungen optimiert und d\u00fcrfen bis zu 30 Tage unverbindlich in Ihrem privaten Umfeld auf Herz und Nieren getestet werden. Auch nach dem kauf der H\u00f6rger\u00e4te sind wir f\u00fcr Sie da und freuen uns sie f\u00fcr weitere Dienstleistungen und Qualit\u00e4tssicherungen Ihrer H\u00f6rger\u00e4te Begr\u00fcssen zu d\u00fcrfen.<\/p><p>\u00a0<\/p><p>Z\u00f6gern Sie nicht uns bei Schwierigkeiten oder offenen Fragen zu kontaktieren.<\/p><p>Sie sind jederzeit willkommen und ein Wasser oder Kaffee steht f\u00fcr Sie parat.<\/p>\t\t\t\t\t\t\t\t<\/div>\n\t\t\t\t<\/div>\n\t\t\t\t<div class=\"elementor-element elementor-element-a370138 elementor-align-center elementor-widget elementor-widget-button\" data-id=\"a370138\" data-element_type=\"widget\" data-e-type=\"widget\" data-settings=\"{&quot;_animation_mobile&quot;:&quot;slideInDown&quot;}\" data-widget_type=\"button.default\">\n\t\t\t\t<div class=\"elementor-widget-container\">\n\t\t\t\t\t\t\t\t\t<div class=\"elementor-button-wrapper\">\n\t\t\t\t\t<a class=\"elementor-button elementor-button-link elementor-size-lg\" href=\"https:\/\/hoerdesign.ch\/en\/termin-buchen\/\" id=\"Amelia-custom-id\">\n\t\t\t\t\t\t<span class=\"elementor-button-content-wrapper\">\n\t\t\t\t\t\t<span class=\"elementor-button-icon\">\n\t\t\t\t<svg aria-hidden=\"true\" class=\"e-font-icon-svg e-far-calendar-alt\" viewbox=\"0 0 448 512\" xmlns=\"http:\/\/www.w3.org\/2000\/svg\"><path d=\"M148 288h-40c-6.6 0-12-5.4-12-12v-40c0-6.6 5.4-12 12-12h40c6.6 0 12 5.4 12 12v40c0 6.6-5.4 12-12 12zm108-12v-40c0-6.6-5.4-12-12-12h-40c-6.6 0-12 5.4-12 12v40c0 6.6 5.4 12 12 12h40c6.6 0 12-5.4 12-12zm96 0v-40c0-6.6-5.4-12-12-12h-40c-6.6 0-12 5.4-12 12v40c0 6.6 5.4 12 12 12h40c6.6 0 12-5.4 12-12zm-96 96v-40c0-6.6-5.4-12-12-12h-40c-6.6 0-12 5.4-12 12v40c0 6.6 5.4 12 12 12h40c6.6 0 12-5.4 12-12zm-96 0v-40c0-6.6-5.4-12-12-12h-40c-6.6 0-12 5.4-12 12v40c0 6.6 5.4 12 12 12h40c6.6 0 12-5.4 12-12zm192 0v-40c0-6.6-5.4-12-12-12h-40c-6.6 0-12 5.4-12 12v40c0 6.6 5.4 12 12 12h40c6.6 0 12-5.4 12-12zm96-260v352c0 26.5-21.5 48-48 48H48c-26.5 0-48-21.5-48-48V112c0-26.5 21.5-48 48-48h48V12c0-6.6 5.4-12 12-12h40c6.6 0 12 5.4 12 12v52h128V12c0-6.6 5.4-12 12-12h40c6.6 0 12 5.4 12 12v52h48c26.5 0 48 21.5 48 48zm-48 346V160H48v298c0 3.3 2.7 6 6 6h340c3.3 0 6-2.7 6-6z\"><\/path><\/svg>\t\t\t<\/span>\n\t\t\t\t\t\t\t\t\t<span class=\"elementor-button-text\">Jetzt kostenlose H\u00f6rberatung buchen<\/span>\n\t\t\t\t\t<\/span>\n\t\t\t\t\t<\/a>\n\t\t\t\t<\/div>\n\t\t\t\t\t\t\t\t<\/div>\n\t\t\t\t<\/div>\n\t\t\t\t<div class=\"elementor-element elementor-element-4f57a82 elementor-widget elementor-widget-spacer\" data-id=\"4f57a82\" data-element_type=\"widget\" data-e-type=\"widget\" data-widget_type=\"spacer.default\">\n\t\t\t\t<div class=\"elementor-widget-container\">\n\t\t\t\t\t\t\t<div class=\"elementor-spacer\">\n\t\t\t<div class=\"elementor-spacer-inner\"><\/div>\n\t\t<\/div>\n\t\t\t\t\t\t<\/div>\n\t\t\t\t<\/div>\n\t\t\t\t<div class=\"elementor-element elementor-element-565bd54 elementor-widget elementor-widget-text-editor\" data-id=\"565bd54\" data-element_type=\"widget\" data-e-type=\"widget\" data-widget_type=\"text-editor.default\">\n\t\t\t\t<div class=\"elementor-widget-container\">\n\t\t\t\t\t\t\t\t\t<h4><strong>Wie oft muss man ein H\u00f6rger\u00e4t reinigen?<\/strong><\/h4><p>Die Pflege der H\u00f6rsysteme ist sehr wichtig. Das Reinigen kann sich stark von Person zu Person unterscheiden, je nach Menge des Ohrenschmalzes. Eine Faustregel besagt, dass eine Reinigung beim Akustiker alle 3 Monate sinnvoll ist. Reinigen Sie das H\u00f6rger\u00e4t selbst, so k\u00f6nnen sie den Servicebesuch hinausz\u00f6gern.<\/p>\t\t\t\t\t\t\t\t<\/div>\n\t\t\t\t<\/div>\n\t\t\t\t<div class=\"elementor-element elementor-element-de60b5c elementor-widget elementor-widget-text-editor\" data-id=\"de60b5c\" data-element_type=\"widget\" data-e-type=\"widget\" data-widget_type=\"text-editor.default\">\n\t\t\t\t<div class=\"elementor-widget-container\">\n\t\t\t\t\t\t\t\t\t<h3><strong>Wie lange lebt der Akku bei H\u00f6rger\u00e4ten?<\/strong><\/h3><p>Der neuste Trend im H\u00f6rger\u00e4tesektor sind sogenannte Akku-H\u00f6rger\u00e4te. Sie unterscheiden sich nicht mehr von herk\u00f6mmlichen H\u00f6rger\u00e4ten. Sie sind gleich klein und k\u00f6nnen sowohl Im Ohr als auch Hinter dem Ohr getragen werden. Die Lebensdauer eines Akkus von H\u00f6rger\u00e4ten im Lithium Ionen Segment ist ca. 4-6 Jahre. Nach dieser Zeit reduziert sich lediglich die Leistung des Akkus. Anstatt 24 Stunden Tragezeit h\u00e4lt er 20 Stunden. Also immer noch gen\u00fcgend, um durch den Tag zu kommen. Die Automatik der Akku H\u00f6rger\u00e4te arbeitet zu 100%, wie bei einem Batterieh\u00f6rger\u00e4t. Vor allem Ratsam ist es zu Akkuh\u00f6rger\u00e4ten zu greifen, wenn man sich schwer tut die kleinen Batterien zu wechseln. Fazit: Sie m\u00fcssen nie mehr Batterien wechseln und haben dasselbe H\u00f6rerlebnis wie bei Batterieh\u00f6rger\u00e4te.<\/p>\t\t\t\t\t\t\t\t<\/div>\n\t\t\t\t<\/div>\n\t\t\t\t<div class=\"elementor-element elementor-element-bdca386 elementor-widget elementor-widget-text-editor\" data-id=\"bdca386\" data-element_type=\"widget\" data-e-type=\"widget\" data-widget_type=\"text-editor.default\">\n\t\t\t\t<div class=\"elementor-widget-container\">\n\t\t\t\t\t\t\t\t\t<h3><strong>Wie lange haltet die Batterie bei einem H\u00f6rsystem?<\/strong><\/h3><p>Je nach Gr\u00f6sse der Batterie, betr\u00e4gt die Haltbarkeit zwischen 5 und 10 Tagen. Dazu kommt noch die Tragedauer der H\u00f6rger\u00e4te. Immer mehr Personen haben Tragezeiten von durchschnittlich 10 Stunden pro Tag. Dementsprechend ist auch die Batterielebensdauer eingeschr\u00e4nkt. Die H\u00f6rger\u00e4tebatterien sind \u00a0bei H\u00f6rdesign erh\u00e4ltlich und k\u00f6nnen per E-Mail, Telefon oder WhatsApp bestellt werden. Rufen Sie uns an oder schreiben Sie uns, wenn sie Batterien ben\u00f6tigen. Wir senden Ihnen die Profibatterien gerne zu<\/p>\t\t\t\t\t\t\t\t<\/div>\n\t\t\t\t<\/div>\n\t\t\t\t<div class=\"elementor-element elementor-element-c484b54 elementor-widget elementor-widget-spacer\" data-id=\"c484b54\" data-element_type=\"widget\" data-e-type=\"widget\" data-widget_type=\"spacer.default\">\n\t\t\t\t<div class=\"elementor-widget-container\">\n\t\t\t\t\t\t\t<div class=\"elementor-spacer\">\n\t\t\t<div class=\"elementor-spacer-inner\"><\/div>\n\t\t<\/div>\n\t\t\t\t\t\t<\/div>\n\t\t\t\t<\/div>\n\t\t\t\t<div class=\"elementor-element elementor-element-67d29e3 elementor-cta--layout-image-left elementor-cta--skin-classic elementor-animated-content elementor-widget elementor-widget-call-to-action\" data-id=\"67d29e3\" data-element_type=\"widget\" data-e-type=\"widget\" data-widget_type=\"call-to-action.default\">\n\t\t\t\t<div class=\"elementor-widget-container\">\n\t\t\t\t\t\t\t<a class=\"elementor-cta\" href=\"https:\/\/hoerdesign.ch\/en\/termin-buchen\/\">\n\t\t\t\t\t<div class=\"elementor-cta__bg-wrapper\">\n\t\t\t\t<div class=\"elementor-cta__bg elementor-bg\" style=\"background-image: url(https:\/\/hoerdesign.ch\/wp-content\/uploads\/2024\/03\/Diskrete-Hoergeraete-scaled-1-1024x656.jpg);\" role=\"img\" aria-label=\"Diskrete-Hoergeraete-scaled.jpg\"><\/div>\n\t\t\t\t<div class=\"elementor-cta__bg-overlay\"><\/div>\n\t\t\t<\/div>\n\t\t\t\t\t\t\t<div class=\"elementor-cta__content\">\n\t\t\t\t\n\t\t\t\t\t\t\t\t\t<h2 class=\"elementor-cta__title elementor-cta__content-item elementor-content-item\">\n\t\t\t\t\t\tSie h\u00f6ren besser mit H\u00f6rger\u00e4ten von H\u00f6rdesign\t\t\t\t\t<\/h2>\n\t\t\t\t\n\t\t\t\t\t\t\t\t\t<div class=\"elementor-cta__description elementor-cta__content-item elementor-content-item\">\n\t\t\t\t\t\t\u00dcberzeugen Sie sich selbst und vereinbaren Sie einen Termin beim unabh\u00e4ngigen H\u00f6rexperten\t\t\t\t\t<\/div>\n\t\t\t\t\n\t\t\t\t\t\t\t\t\t<div class=\"elementor-cta__button-wrapper elementor-cta__content-item elementor-content-item\">\n\t\t\t\t\t<span class=\"elementor-cta__button elementor-button elementor-size-\">\n\t\t\t\t\t\tJetzt kostenlose H\u00f6rberatung buchen\t\t\t\t\t<\/span>\n\t\t\t\t\t<\/div>\n\t\t\t\t\t\t\t<\/div>\n\t\t\t\t\t\t<\/a>\n\t\t\t\t\t\t<\/div>\n\t\t\t\t<\/div>\n\t\t\t\t<div class=\"elementor-element elementor-element-1379e76 elementor-align-center elementor-widget elementor-widget-button\" data-id=\"1379e76\" data-element_type=\"widget\" data-e-type=\"widget\" data-settings=\"{&quot;_animation_mobile&quot;:&quot;slideInDown&quot;}\" data-widget_type=\"button.default\">\n\t\t\t\t<div class=\"elementor-widget-container\">\n\t\t\t\t\t\t\t\t\t<div class=\"elementor-button-wrapper\">\n\t\t\t\t\t<a class=\"elementor-button elementor-button-link elementor-size-lg\" href=\"https:\/\/hoerdesign.ch\/en\/termin-buchen\/\" id=\"Amelia-custom-id\">\n\t\t\t\t\t\t<span class=\"elementor-button-content-wrapper\">\n\t\t\t\t\t\t<span class=\"elementor-button-icon\">\n\t\t\t\t<svg aria-hidden=\"true\" class=\"e-font-icon-svg e-far-calendar-alt\" viewbox=\"0 0 448 512\" xmlns=\"http:\/\/www.w3.org\/2000\/svg\"><path d=\"M148 288h-40c-6.6 0-12-5.4-12-12v-40c0-6.6 5.4-12 12-12h40c6.6 0 12 5.4 12 12v40c0 6.6-5.4 12-12 12zm108-12v-40c0-6.6-5.4-12-12-12h-40c-6.6 0-12 5.4-12 12v40c0 6.6 5.4 12 12 12h40c6.6 0 12-5.4 12-12zm96 0v-40c0-6.6-5.4-12-12-12h-40c-6.6 0-12 5.4-12 12v40c0 6.6 5.4 12 12 12h40c6.6 0 12-5.4 12-12zm-96 96v-40c0-6.6-5.4-12-12-12h-40c-6.6 0-12 5.4-12 12v40c0 6.6 5.4 12 12 12h40c6.6 0 12-5.4 12-12zm-96 0v-40c0-6.6-5.4-12-12-12h-40c-6.6 0-12 5.4-12 12v40c0 6.6 5.4 12 12 12h40c6.6 0 12-5.4 12-12zm192 0v-40c0-6.6-5.4-12-12-12h-40c-6.6 0-12 5.4-12 12v40c0 6.6 5.4 12 12 12h40c6.6 0 12-5.4 12-12zm96-260v352c0 26.5-21.5 48-48 48H48c-26.5 0-48-21.5-48-48V112c0-26.5 21.5-48 48-48h48V12c0-6.6 5.4-12 12-12h40c6.6 0 12 5.4 12 12v52h128V12c0-6.6 5.4-12 12-12h40c6.6 0 12 5.4 12 12v52h48c26.5 0 48 21.5 48 48zm-48 346V160H48v298c0 3.3 2.7 6 6 6h340c3.3 0 6-2.7 6-6z\"><\/path><\/svg>\t\t\t<\/span>\n\t\t\t\t\t\t\t\t\t<span class=\"elementor-button-text\">Jetzt kostenlose H\u00f6rberatung buchen<\/span>\n\t\t\t\t\t<\/span>\n\t\t\t\t\t<\/a>\n\t\t\t\t<\/div>\n\t\t\t\t\t\t\t\t<\/div>\n\t\t\t\t<\/div>\n\t\t\t\t\t<\/div>\n\t\t<\/div>\n\t\t\t\t\t<\/div>\n\t\t<\/section>\n\t\t\t\t<\/div>","protected":false},"excerpt":{"rendered":"<p>H\u00f6rger\u00e4t Ab wann braucht man ein H\u00f6rger\u00e4t? Ob ein H\u00f6rger\u00e4t n\u00f6tig ist, kann ein kostenfreier H\u00f6rtest im H\u00f6rdesign kl\u00e4ren. Wichtig dabei ist nicht nur das H\u00f6ren zu messen, sondern auch das Verstehen zu \u00fcberpr\u00fcfen. Bei der unverbindlichen Kontrolle erhalten Sie beides. Bis zu einem Monat lang k\u00f6nnen Sie kostenfrei H\u00f6rger\u00e4te testen. Auch ein Vergleich der&hellip; <a class=\"more-link\" href=\"https:\/\/hoerdesign.ch\/en\/hoergeraet\/\">Continue reading <span class=\"screen-reader-text\">hearing aid<\/span><\/a><\/p>","protected":false},"author":1,"featured_media":0,"parent":0,"menu_order":0,"comment_status":"closed","ping_status":"closed","template":"","meta":{"_surecart_dashboard_logo_width":"180px","_surecart_dashboard_show_logo":true,"_surecart_dashboard_navigation_orders":true,"_surecart_dashboard_navigation_invoices":true,"_surecart_dashboard_navigation_subscriptions":true,"_surecart_dashboard_navigation_downloads":true,"_surecart_dashboard_navigation_billing":true,"_surecart_dashboard_navigation_account":true,"footnotes":""},"class_list":["post-2986","page","type-page","status-publish","hentry","entry"],"yoast_head":"<!-- This site is optimized with the Yoast SEO plugin v27.5 - https:\/\/yoast.com\/product\/yoast-seo-wordpress\/ -->\n<title>Wann brauchen Sie ein H\u00f6rger\u00e4t?<\/title>\n<meta name=\"description\" content=\"Sie brauchen ein H\u00f6rger\u00e4t oder doch nicht? Wir kl\u00e4ren auf.\" \/>\n<meta name=\"robots\" content=\"index, follow, max-snippet:-1, max-image-preview:large, max-video-preview:-1\" \/>\n<link rel=\"canonical\" href=\"https:\/\/hoerdesign.ch\/en\/hoergeraet\/\" \/>\n<meta property=\"og:locale\" content=\"en_GB\" \/>\n<meta property=\"og:type\" content=\"article\" \/>\n<meta property=\"og:title\" content=\"Wann brauchen Sie ein H\u00f6rger\u00e4t?\" \/>\n<meta property=\"og:description\" content=\"Sie brauchen ein H\u00f6rger\u00e4t oder doch nicht? Wir kl\u00e4ren auf.\" \/>\n<meta property=\"og:url\" content=\"https:\/\/hoerdesign.ch\/en\/hoergeraet\/\" \/>\n<meta property=\"og:site_name\" content=\"H\u00f6rdesign GmbH\" \/>\n<meta property=\"article:publisher\" content=\"https:\/\/www.facebook.com\/hoerdesigninzug\" \/>\n<meta property=\"article:modified_time\" content=\"2025-07-03T15:13:31+00:00\" \/>\n<meta name=\"twitter:card\" content=\"summary_large_image\" \/>\n<meta name=\"twitter:label1\" content=\"Estimated reading time\" \/>\n\t<meta name=\"twitter:data1\" content=\"4 minutes\" \/>\n<script type=\"application\/ld+json\" class=\"yoast-schema-graph\">{\"@context\":\"https:\\\/\\\/schema.org\",\"@graph\":[{\"@type\":\"WebPage\",\"@id\":\"https:\\\/\\\/hoerdesign.ch\\\/hoergeraet\\\/\",\"url\":\"https:\\\/\\\/hoerdesign.ch\\\/hoergeraet\\\/\",\"name\":\"Wann brauchen Sie ein H\u00f6rger\u00e4t?\",\"isPartOf\":{\"@id\":\"https:\\\/\\\/hoerdesign.ch\\\/#website\"},\"datePublished\":\"2024-03-13T05:10:09+00:00\",\"dateModified\":\"2025-07-03T15:13:31+00:00\",\"description\":\"Sie brauchen ein H\u00f6rger\u00e4t oder doch nicht? Wir kl\u00e4ren auf.\",\"breadcrumb\":{\"@id\":\"https:\\\/\\\/hoerdesign.ch\\\/hoergeraet\\\/#breadcrumb\"},\"inLanguage\":\"en-GB\",\"potentialAction\":[{\"@type\":\"ReadAction\",\"target\":[\"https:\\\/\\\/hoerdesign.ch\\\/hoergeraet\\\/\"]}]},{\"@type\":\"BreadcrumbList\",\"@id\":\"https:\\\/\\\/hoerdesign.ch\\\/hoergeraet\\\/#breadcrumb\",\"itemListElement\":[{\"@type\":\"ListItem\",\"position\":1,\"name\":\"Startseite\",\"item\":\"https:\\\/\\\/hoerdesign.ch\\\/\"},{\"@type\":\"ListItem\",\"position\":2,\"name\":\"H\u00f6rger\u00e4t\"}]},{\"@type\":\"WebSite\",\"@id\":\"https:\\\/\\\/hoerdesign.ch\\\/#website\",\"url\":\"https:\\\/\\\/hoerdesign.ch\\\/\",\"name\":\"H\u00f6rdesign GmbH\",\"description\":\"Mehr h\u00f6ren. Mehr erleben\",\"publisher\":{\"@id\":\"https:\\\/\\\/hoerdesign.ch\\\/#organization\"},\"potentialAction\":[{\"@type\":\"SearchAction\",\"target\":{\"@type\":\"EntryPoint\",\"urlTemplate\":\"https:\\\/\\\/hoerdesign.ch\\\/?s={search_term_string}\"},\"query-input\":{\"@type\":\"PropertyValueSpecification\",\"valueRequired\":true,\"valueName\":\"search_term_string\"}}],\"inLanguage\":\"en-GB\"},{\"@type\":\"Organization\",\"@id\":\"https:\\\/\\\/hoerdesign.ch\\\/#organization\",\"name\":\"H\u00f6rdesign GmbH\",\"url\":\"https:\\\/\\\/hoerdesign.ch\\\/\",\"logo\":{\"@type\":\"ImageObject\",\"inLanguage\":\"en-GB\",\"@id\":\"https:\\\/\\\/hoerdesign.ch\\\/#\\\/schema\\\/logo\\\/image\\\/\",\"url\":\"https:\\\/\\\/hoerdesign.ch\\\/wp-content\\\/uploads\\\/2023\\\/10\\\/Logo-Hoerdesign-Hohe-Aufloesung.png\",\"contentUrl\":\"https:\\\/\\\/hoerdesign.ch\\\/wp-content\\\/uploads\\\/2023\\\/10\\\/Logo-Hoerdesign-Hohe-Aufloesung.png\",\"width\":730,\"height\":289,\"caption\":\"H\u00f6rdesign GmbH\"},\"image\":{\"@id\":\"https:\\\/\\\/hoerdesign.ch\\\/#\\\/schema\\\/logo\\\/image\\\/\"},\"sameAs\":[\"https:\\\/\\\/www.facebook.com\\\/hoerdesigninzug\",\"https:\\\/\\\/www.instagram.com\\\/hoerdesign_official\\\/\",\"https:\\\/\\\/www.linkedin.com\\\/company\\\/78306967\\\/admin\\\/feed\\\/posts\\\/?feedType=following\"]}]}<\/script>\n<!-- \/ Yoast SEO plugin. -->","yoast_head_json":{"title":"Wann brauchen Sie ein H\u00f6rger\u00e4t?","description":"Sie brauchen ein H\u00f6rger\u00e4t oder doch nicht? Wir kl\u00e4ren auf.","robots":{"index":"index","follow":"follow","max-snippet":"max-snippet:-1","max-image-preview":"max-image-preview:large","max-video-preview":"max-video-preview:-1"},"canonical":"https:\/\/hoerdesign.ch\/en\/hoergeraet\/","og_locale":"en_GB","og_type":"article","og_title":"Wann brauchen Sie ein H\u00f6rger\u00e4t?","og_description":"Sie brauchen ein H\u00f6rger\u00e4t oder doch nicht? Wir kl\u00e4ren auf.","og_url":"https:\/\/hoerdesign.ch\/en\/hoergeraet\/","og_site_name":"H\u00f6rdesign GmbH","article_publisher":"https:\/\/www.facebook.com\/hoerdesigninzug","article_modified_time":"2025-07-03T15:13:31+00:00","twitter_card":"summary_large_image","twitter_misc":{"Estimated reading time":"4 minutes"},"schema":{"@context":"https:\/\/schema.org","@graph":[{"@type":"WebPage","@id":"https:\/\/hoerdesign.ch\/hoergeraet\/","url":"https:\/\/hoerdesign.ch\/hoergeraet\/","name":"Wann brauchen Sie ein H\u00f6rger\u00e4t?","isPartOf":{"@id":"https:\/\/hoerdesign.ch\/#website"},"datePublished":"2024-03-13T05:10:09+00:00","dateModified":"2025-07-03T15:13:31+00:00","description":"Sie brauchen ein H\u00f6rger\u00e4t oder doch nicht? Wir kl\u00e4ren auf.","breadcrumb":{"@id":"https:\/\/hoerdesign.ch\/hoergeraet\/#breadcrumb"},"inLanguage":"en-GB","potentialAction":[{"@type":"ReadAction","target":["https:\/\/hoerdesign.ch\/hoergeraet\/"]}]},{"@type":"BreadcrumbList","@id":"https:\/\/hoerdesign.ch\/hoergeraet\/#breadcrumb","itemListElement":[{"@type":"ListItem","position":1,"name":"Startseite","item":"https:\/\/hoerdesign.ch\/"},{"@type":"ListItem","position":2,"name":"H\u00f6rger\u00e4t"}]},{"@type":"WebSite","@id":"https:\/\/hoerdesign.ch\/#website","url":"https:\/\/hoerdesign.ch\/","name":"H\u00f6rdesign GmbH","description":"Mehr h\u00f6ren. Mehr erleben","publisher":{"@id":"https:\/\/hoerdesign.ch\/#organization"},"potentialAction":[{"@type":"SearchAction","target":{"@type":"EntryPoint","urlTemplate":"https:\/\/hoerdesign.ch\/?s={search_term_string}"},"query-input":{"@type":"PropertyValueSpecification","valueRequired":true,"valueName":"search_term_string"}}],"inLanguage":"en-GB"},{"@type":"Organization","@id":"https:\/\/hoerdesign.ch\/#organization","name":"H\u00f6rdesign GmbH","url":"https:\/\/hoerdesign.ch\/","logo":{"@type":"ImageObject","inLanguage":"en-GB","@id":"https:\/\/hoerdesign.ch\/#\/schema\/logo\/image\/","url":"https:\/\/hoerdesign.ch\/wp-content\/uploads\/2023\/10\/Logo-Hoerdesign-Hohe-Aufloesung.png","contentUrl":"https:\/\/hoerdesign.ch\/wp-content\/uploads\/2023\/10\/Logo-Hoerdesign-Hohe-Aufloesung.png","width":730,"height":289,"caption":"H\u00f6rdesign GmbH"},"image":{"@id":"https:\/\/hoerdesign.ch\/#\/schema\/logo\/image\/"},"sameAs":["https:\/\/www.facebook.com\/hoerdesigninzug","https:\/\/www.instagram.com\/hoerdesign_official\/","https:\/\/www.linkedin.com\/company\/78306967\/admin\/feed\/posts\/?feedType=following"]}]}},"_links":{"self":[{"href":"https:\/\/hoerdesign.ch\/en\/wp-json\/wp\/v2\/pages\/2986","targetHints":{"allow":["GET"]}}],"collection":[{"href":"https:\/\/hoerdesign.ch\/en\/wp-json\/wp\/v2\/pages"}],"about":[{"href":"https:\/\/hoerdesign.ch\/en\/wp-json\/wp\/v2\/types\/page"}],"author":[{"embeddable":true,"href":"https:\/\/hoerdesign.ch\/en\/wp-json\/wp\/v2\/users\/1"}],"replies":[{"embeddable":true,"href":"https:\/\/hoerdesign.ch\/en\/wp-json\/wp\/v2\/comments?post=2986"}],"version-history":[{"count":10,"href":"https:\/\/hoerdesign.ch\/en\/wp-json\/wp\/v2\/pages\/2986\/revisions"}],"predecessor-version":[{"id":5072,"href":"https:\/\/hoerdesign.ch\/en\/wp-json\/wp\/v2\/pages\/2986\/revisions\/5072"}],"wp:attachment":[{"href":"https:\/\/hoerdesign.ch\/en\/wp-json\/wp\/v2\/media?parent=2986"}],"curies":[{"name":"wp","href":"https:\/\/api.w.org\/{rel}","templated":true}]}}