{"id":3073,"date":"2024-03-13T05:28:04","date_gmt":"2024-03-13T05:28:04","guid":{"rendered":"https:\/\/hoerdesign-neu.ch.xn--hrdesign-n4a.ch\/?page_id=3073"},"modified":"2024-03-13T05:29:52","modified_gmt":"2024-03-13T05:29:52","slug":"hoergeraet-zu-schrill","status":"publish","type":"page","link":"https:\/\/hoerdesign.ch\/en\/hoergeraet-zu-schrill\/","title":{"rendered":"hearing aids to shrill"},"content":{"rendered":"<div data-elementor-type=\"wp-page\" data-elementor-id=\"3073\" class=\"elementor elementor-3073\" data-elementor-post-type=\"page\">\n\t\t\t\t\t\t<section class=\"elementor-section elementor-top-section elementor-element elementor-element-b39ea27 elementor-section-boxed elementor-section-height-default elementor-section-height-default\" data-id=\"b39ea27\" data-element_type=\"section\" data-e-type=\"section\">\n\t\t\t\t\t\t<div class=\"elementor-container elementor-column-gap-default\">\n\t\t\t\t\t<div class=\"elementor-column elementor-col-100 elementor-top-column elementor-element elementor-element-e49b871\" data-id=\"e49b871\" data-element_type=\"column\" data-e-type=\"column\">\n\t\t\t<div class=\"elementor-widget-wrap elementor-element-populated\">\n\t\t\t\t\t\t<div class=\"elementor-element elementor-element-c871bb3 elementor-widget elementor-widget-spacer\" data-id=\"c871bb3\" data-element_type=\"widget\" data-e-type=\"widget\" data-widget_type=\"spacer.default\">\n\t\t\t\t<div class=\"elementor-widget-container\">\n\t\t\t\t\t\t\t<div class=\"elementor-spacer\">\n\t\t\t<div class=\"elementor-spacer-inner\"><\/div>\n\t\t<\/div>\n\t\t\t\t\t\t<\/div>\n\t\t\t\t<\/div>\n\t\t\t\t<section class=\"elementor-section elementor-inner-section elementor-element elementor-element-91d3497 elementor-section-boxed elementor-section-height-default elementor-section-height-default\" data-id=\"91d3497\" data-element_type=\"section\" data-e-type=\"section\">\n\t\t\t\t\t\t<div class=\"elementor-container elementor-column-gap-default\">\n\t\t\t\t\t<div class=\"elementor-column elementor-col-50 elementor-inner-column elementor-element elementor-element-da628d0\" data-id=\"da628d0\" data-element_type=\"column\" data-e-type=\"column\">\n\t\t\t<div class=\"elementor-widget-wrap elementor-element-populated\">\n\t\t\t\t\t\t<div class=\"elementor-element elementor-element-7246647 elementor-widget elementor-widget-heading\" data-id=\"7246647\" data-element_type=\"widget\" data-e-type=\"widget\" data-widget_type=\"heading.default\">\n\t\t\t\t<div class=\"elementor-widget-container\">\n\t\t\t\t\t<h1 class=\"elementor-heading-title elementor-size-default\">H\u00f6rger\u00e4t zu Schrill oder zu Scharf?<\/h1>\t\t\t\t<\/div>\n\t\t\t\t<\/div>\n\t\t\t\t\t<\/div>\n\t\t<\/div>\n\t\t\t\t<div class=\"elementor-column elementor-col-50 elementor-inner-column elementor-element elementor-element-2d61f90\" data-id=\"2d61f90\" data-element_type=\"column\" data-e-type=\"column\">\n\t\t\t<div class=\"elementor-widget-wrap elementor-element-populated\">\n\t\t\t\t\t\t<div class=\"elementor-element elementor-element-4bc3742 elementor-widget elementor-widget-image\" data-id=\"4bc3742\" data-element_type=\"widget\" data-e-type=\"widget\" data-widget_type=\"image.default\">\n\t\t\t\t<div class=\"elementor-widget-container\">\n\t\t\t\t\t\t\t\t\t\t\t\t\t\t\t<img fetchpriority=\"high\" decoding=\"async\" width=\"300\" height=\"200\" src=\"https:\/\/hoerdesign.ch\/wp-content\/uploads\/2024\/03\/Schrill1-300x200.jpg\" class=\"attachment-medium size-medium wp-image-3075\" alt=\"\" srcset=\"https:\/\/hoerdesign.ch\/wp-content\/uploads\/2024\/03\/Schrill1-300x200.jpg 300w, https:\/\/hoerdesign.ch\/wp-content\/uploads\/2024\/03\/Schrill1-1024x682.jpg 1024w, https:\/\/hoerdesign.ch\/wp-content\/uploads\/2024\/03\/Schrill1-768x511.jpg 768w, https:\/\/hoerdesign.ch\/wp-content\/uploads\/2024\/03\/Schrill1-1536x1023.jpg 1536w, https:\/\/hoerdesign.ch\/wp-content\/uploads\/2024\/03\/Schrill1-2048x1363.jpg 2048w, https:\/\/hoerdesign.ch\/wp-content\/uploads\/2024\/03\/Schrill1-1568x1044.jpg 1568w\" sizes=\"(max-width: 300px) 100vw, 300px\" style=\"width:100%;height:66.57%;max-width:2079px\" \/>\t\t\t\t\t\t\t\t\t\t\t\t\t\t\t<\/div>\n\t\t\t\t<\/div>\n\t\t\t\t\t<\/div>\n\t\t<\/div>\n\t\t\t\t\t<\/div>\n\t\t<\/section>\n\t\t\t\t<div class=\"elementor-element elementor-element-55d6ca6 elementor-widget elementor-widget-text-editor\" data-id=\"55d6ca6\" data-element_type=\"widget\" data-e-type=\"widget\" data-widget_type=\"text-editor.default\">\n\t\t\t\t<div class=\"elementor-widget-container\">\n\t\t\t\t\t\t\t\t\t<h3><strong>H\u00f6rger\u00e4t zu schrill? <\/strong><\/h3><h3><strong>zu laut? oder zu scharf?<\/strong><\/h3><p><strong>\u00a0<\/strong><\/p><p><strong>Was hat das Geschlecht darauf f\u00fcr einen Einfluss?<\/strong><\/p><p>Jede Mutter w\u00fcrde das Schreien Ihres eigenen Kindes unter vielen anderen erkennen und spitzt dennoch die Ohren, wenn Sie ein Weinen h\u00f6rt. Aber warum ist das so?<\/p><p>Die Evolution ist daf\u00fcr verantwortlich. Der Clou dabei ist die k\u00fcrzer gebildete Geh\u00f6rschnecke als bei M\u00e4nnern. Dieses Ph\u00e4nomen ist gerade bei der Hochschule in Aalen ein grosses Thema. So wird dort das Lautheitsempfinden aufgrund der k\u00fcrzeren Geh\u00f6rschnecke erforscht. Im allgemeinen Durchschnitt ist diese 3.5 cm lang und dabei wird bei der L\u00e4nge nicht zwischen Mann und Frau unterschieden. Doch genau das macht bei genauer Betrachtung einen enormen Unterschied aus. Denn bei einer k\u00fcrzeren Geh\u00f6rschnecke kommt die Schallenergie schneller am hinteren Ende der H\u00f6rschnecke an und weniger Lautst\u00e4rke geht auf dem Weg verloren. Das Ergebnis ist ein empfindlicheres Geh\u00f6r f\u00fcr hohe T\u00f6ne und daher sind die H\u00f6rger\u00e4te oftmals zu scharf oder zu laut eingestellt. Daher sind Frauen nicht nur evolution\u00e4r besonders, sondern m\u00fcssen bei der Programmierung von H\u00f6rger\u00e4ten individuell und geschlechtsspezifisch versorgt werden.<\/p>\t\t\t\t\t\t\t\t<\/div>\n\t\t\t\t<\/div>\n\t\t\t\t<section class=\"elementor-section elementor-inner-section elementor-element elementor-element-66a64ef elementor-section-boxed elementor-section-height-default elementor-section-height-default\" data-id=\"66a64ef\" data-element_type=\"section\" data-e-type=\"section\">\n\t\t\t\t\t\t<div class=\"elementor-container elementor-column-gap-default\">\n\t\t\t\t\t<div class=\"elementor-column elementor-col-50 elementor-inner-column elementor-element elementor-element-59a6d2d\" data-id=\"59a6d2d\" data-element_type=\"column\" data-e-type=\"column\">\n\t\t\t<div class=\"elementor-widget-wrap elementor-element-populated\">\n\t\t\t\t\t\t<div class=\"elementor-element elementor-element-b5c2084 elementor-widget elementor-widget-text-editor\" data-id=\"b5c2084\" data-element_type=\"widget\" data-e-type=\"widget\" data-widget_type=\"text-editor.default\">\n\t\t\t\t<div class=\"elementor-widget-container\">\n\t\t\t\t\t\t\t\t\t<p>Viele H\u00f6rverluste haben die Haupteinschr\u00e4nkung in den hohen und hellen T\u00f6nen. Genau dieser Bereich ist f\u00fcr das Verstehen der Zischlaute s, sch, st, z\u00a0 und ch verantwortlich. Um bei H\u00f6rminderungen der hohen T\u00f6ne die Sprache verst\u00e4ndlich wahrzunehmen, muss man diese deutlich verst\u00e4rken, ohne die Synapsen der Reizweiterleitung zu \u00fcberstimulieren. Das wird jedoch oftmals von \u00a0Herstellern der H\u00f6rger\u00e4te nicht ber\u00fccksichtigt. Es handelt sich schliesslich um ein Massenprodukt, das einen m\u00f6glichst grossen Verbraucherstamm abdecken soll. Das weiss H\u00f6rger\u00e4teakustikmeister Nico Tomasini.\u00a0<\/p>\t\t\t\t\t\t\t\t<\/div>\n\t\t\t\t<\/div>\n\t\t\t\t\t<\/div>\n\t\t<\/div>\n\t\t\t\t<div class=\"elementor-column elementor-col-50 elementor-inner-column elementor-element elementor-element-95bc835\" data-id=\"95bc835\" data-element_type=\"column\" data-e-type=\"column\">\n\t\t\t<div class=\"elementor-widget-wrap elementor-element-populated\">\n\t\t\t\t\t\t<div class=\"elementor-element elementor-element-814a354 elementor-widget elementor-widget-image\" data-id=\"814a354\" data-element_type=\"widget\" data-e-type=\"widget\" data-widget_type=\"image.default\">\n\t\t\t\t<div class=\"elementor-widget-container\">\n\t\t\t\t\t\t\t\t\t\t\t\t\t\t\t<img decoding=\"async\" width=\"750\" height=\"421\" src=\"https:\/\/hoerdesign.ch\/wp-content\/uploads\/2024\/03\/Schrill2-768x431.jpg\" class=\"attachment-medium_large size-medium_large wp-image-3021\" alt=\"\" srcset=\"https:\/\/hoerdesign.ch\/wp-content\/uploads\/2024\/03\/Schrill2-768x431.jpg 768w, https:\/\/hoerdesign.ch\/wp-content\/uploads\/2024\/03\/Schrill2-300x169.jpg 300w, https:\/\/hoerdesign.ch\/wp-content\/uploads\/2024\/03\/Schrill2-1024x575.jpg 1024w, https:\/\/hoerdesign.ch\/wp-content\/uploads\/2024\/03\/Schrill2-1536x863.jpg 1536w, https:\/\/hoerdesign.ch\/wp-content\/uploads\/2024\/03\/Schrill2-2048x1151.jpg 2048w, https:\/\/hoerdesign.ch\/wp-content\/uploads\/2024\/03\/Schrill2-1568x881.jpg 1568w\" sizes=\"(max-width: 750px) 100vw, 750px\" style=\"width:100%;height:56.18%;max-width:2079px\" \/>\t\t\t\t\t\t\t\t\t\t\t\t\t\t\t<\/div>\n\t\t\t\t<\/div>\n\t\t\t\t\t<\/div>\n\t\t<\/div>\n\t\t\t\t\t<\/div>\n\t\t<\/section>\n\t\t\t\t<div class=\"elementor-element elementor-element-a554e76 elementor-widget elementor-widget-spacer\" data-id=\"a554e76\" data-element_type=\"widget\" data-e-type=\"widget\" data-widget_type=\"spacer.default\">\n\t\t\t\t<div class=\"elementor-widget-container\">\n\t\t\t\t\t\t\t<div class=\"elementor-spacer\">\n\t\t\t<div class=\"elementor-spacer-inner\"><\/div>\n\t\t<\/div>\n\t\t\t\t\t\t<\/div>\n\t\t\t\t<\/div>\n\t\t\t\t<div class=\"elementor-element elementor-element-05bc284 elementor-widget elementor-widget-text-editor\" data-id=\"05bc284\" data-element_type=\"widget\" data-e-type=\"widget\" data-widget_type=\"text-editor.default\">\n\t\t\t\t<div class=\"elementor-widget-container\">\n\t\t\t\t\t\t\t\t\t<p>Man kann den H\u00f6rger\u00e4tetr\u00e4gern und auch zuk\u00fcnftigen Tr\u00e4gern sehr vieles erleichtern. Mit einer kundenspezifischen Programmierung der H\u00f6rsysteme, der Anwendung von hochmodernisierten Messanlagen und der daf\u00fcr ben\u00f6tigten Zeit. \u00abEs sollte sogar so weit gedacht werden, dass auch M\u00e4nner nicht immer den durchschnittlich entsprechenden L\u00e4ngenwert einer Geh\u00f6rschnecke erreichen.\u00a0<span style=\"color: var( --e-global-color-text ); font-family: var( --e-global-typography-text-font-family ), Sans-serif; font-size: var( --e-global-typography-text-font-size ); font-weight: var( --e-global-typography-text-font-weight );\">Wir alle sind Individuen und unterscheiden uns in vielen allein \u00e4usserlich erkennbaren Merkmalen.<\/span><\/p><p>Wie k\u00f6nnen Sie jedoch ermitteln und erkennen, welche Lautst\u00e4rke die Richtige ist? Durch eine spezielle Messung kann der Patient selbst entscheiden, wie laut die hohen T\u00f6ne und seine zuk\u00fcnftigen H\u00f6rger\u00e4te sein werden. Dieses Verfahren ist bereits in Deutschland im Einsatz und als einziges Fachgesch\u00e4ft in der Schweiz wendet auch H\u00f6rdesign diese Methode an. Somit garantiert das Fachgesch\u00e4ft \u00a0ein bestm\u00f6gliches Klangerlebnis bei maximalem Sprachverstehen.\u00bb<\/p><p><strong>\u00a0<\/strong><\/p><p><strong>F\u00fcr welche Menschen ist diese Methode geeignet?<\/strong><\/p><p>F\u00fcr jeden Kunden, der Probleme mit zu schrill oder scharf klingenden H\u00f6rger\u00e4ten hat und der generell sensibel auf hohe Ger\u00e4usche reagiert.<\/p><p>Da sich die nat\u00fcrliche Abnutzung der Haarsinneszellen nicht vermeiden l\u00e4sst, werden dadurch Einschr\u00e4nkungen in der Gesellschaft oder in Restaurants etc. sp\u00fcrbar.<\/p><p><strong>\u00a0<\/strong><\/p><p><strong>Man h\u00f6rt, aber versteht nicht.<\/strong><\/p><p>Die L\u00f6sung des Problems k\u00f6nnte eine rechtzeitiges Tragen von H\u00f6rger\u00e4ten sein, die mit der <strong>richtigen<\/strong> Einstellung dem Kunden angepasst werden.<\/p>\t\t\t\t\t\t\t\t<\/div>\n\t\t\t\t<\/div>\n\t\t\t\t<section class=\"elementor-section elementor-inner-section elementor-element elementor-element-9a16fc7 elementor-section-boxed elementor-section-height-default elementor-section-height-default\" data-id=\"9a16fc7\" data-element_type=\"section\" data-e-type=\"section\">\n\t\t\t\t\t\t<div class=\"elementor-container elementor-column-gap-default\">\n\t\t\t\t\t<div class=\"elementor-column elementor-col-50 elementor-inner-column elementor-element elementor-element-a624be7\" data-id=\"a624be7\" data-element_type=\"column\" data-e-type=\"column\">\n\t\t\t<div class=\"elementor-widget-wrap elementor-element-populated\">\n\t\t\t\t\t\t<div class=\"elementor-element elementor-element-438f40f elementor-widget elementor-widget-text-editor\" data-id=\"438f40f\" data-element_type=\"widget\" data-e-type=\"widget\" data-widget_type=\"text-editor.default\">\n\t\t\t\t<div class=\"elementor-widget-container\">\n\t\t\t\t\t\t\t\t\t<p><strong>Was tun, wenn man das H\u00f6rger\u00e4t wo anders gekauft hat?<\/strong><\/p><p>Mit einem Gutschein haben sie die M\u00f6glichkeit, eine kostenlose Analyse bei uns zu erhalten. Dabei wird mit modernster Messtechnik ermittelt, wie man Ihnen das bestm\u00f6gliche Sprachverstehen \u00a0mit den bestehenden Ger\u00e4ten erm\u00f6glichen kann.<\/p><p>Die Anzahl dieser Analysen ist limitiert, dennoch nicht auf die Marke der H\u00f6rger\u00e4te beschr\u00e4nkt. Somit wird jeder interessierte Kunde \u00fcber die L\u00f6sungsm\u00f6glichkeiten seines Problems informiert und das Kostenfrei.<\/p>\t\t\t\t\t\t\t\t<\/div>\n\t\t\t\t<\/div>\n\t\t\t\t\t<\/div>\n\t\t<\/div>\n\t\t\t\t<div class=\"elementor-column elementor-col-50 elementor-inner-column elementor-element elementor-element-59254f7\" data-id=\"59254f7\" data-element_type=\"column\" data-e-type=\"column\">\n\t\t\t<div class=\"elementor-widget-wrap elementor-element-populated\">\n\t\t\t\t\t\t<div class=\"elementor-element elementor-element-d6ec059 elementor-widget elementor-widget-image\" data-id=\"d6ec059\" data-element_type=\"widget\" data-e-type=\"widget\" data-widget_type=\"image.default\">\n\t\t\t\t<div class=\"elementor-widget-container\">\n\t\t\t\t\t\t\t\t\t\t\t\t\t\t\t<img decoding=\"async\" width=\"750\" height=\"500\" src=\"https:\/\/hoerdesign.ch\/wp-content\/uploads\/2024\/03\/Schrill3-1024x683.jpg\" class=\"attachment-large size-large wp-image-2966\" alt=\"\" srcset=\"https:\/\/hoerdesign.ch\/wp-content\/uploads\/2024\/03\/Schrill3-1024x683.jpg 1024w, https:\/\/hoerdesign.ch\/wp-content\/uploads\/2024\/03\/Schrill3-300x200.jpg 300w, https:\/\/hoerdesign.ch\/wp-content\/uploads\/2024\/03\/Schrill3-768x512.jpg 768w, https:\/\/hoerdesign.ch\/wp-content\/uploads\/2024\/03\/Schrill3-1536x1025.jpg 1536w, https:\/\/hoerdesign.ch\/wp-content\/uploads\/2024\/03\/Schrill3-2048x1366.jpg 2048w, https:\/\/hoerdesign.ch\/wp-content\/uploads\/2024\/03\/Schrill3-1568x1046.jpg 1568w\" sizes=\"(max-width: 750px) 100vw, 750px\" style=\"width:100%;height:66.71%;max-width:2079px\" \/>\t\t\t\t\t\t\t\t\t\t\t\t\t\t\t<\/div>\n\t\t\t\t<\/div>\n\t\t\t\t\t<\/div>\n\t\t<\/div>\n\t\t\t\t\t<\/div>\n\t\t<\/section>\n\t\t\t\t<section class=\"elementor-section elementor-inner-section elementor-element elementor-element-6d6b05c elementor-section-boxed elementor-section-height-default elementor-section-height-default\" data-id=\"6d6b05c\" data-element_type=\"section\" data-e-type=\"section\">\n\t\t\t\t\t\t<div class=\"elementor-container elementor-column-gap-default\">\n\t\t\t\t\t<div class=\"elementor-column elementor-col-100 elementor-inner-column elementor-element elementor-element-56eb53d\" data-id=\"56eb53d\" data-element_type=\"column\" data-e-type=\"column\">\n\t\t\t<div class=\"elementor-widget-wrap elementor-element-populated\">\n\t\t\t\t\t\t<div class=\"elementor-element elementor-element-f64dd59 elementor-widget elementor-widget-heading\" data-id=\"f64dd59\" data-element_type=\"widget\" data-e-type=\"widget\" data-widget_type=\"heading.default\">\n\t\t\t\t<div class=\"elementor-widget-container\">\n\t\t\t\t\t<h3 class=\"elementor-heading-title elementor-size-default\">Vereinbaren Sie jetzt einen Termin beim Experten:<\/h3>\t\t\t\t<\/div>\n\t\t\t\t<\/div>\n\t\t\t\t<div class=\"elementor-element elementor-element-1e94b77 elementor-widget elementor-widget-text-editor\" data-id=\"1e94b77\" data-element_type=\"widget\" data-e-type=\"widget\" data-widget_type=\"text-editor.default\">\n\t\t\t\t<div class=\"elementor-widget-container\">\n\t\t\t\t\t\t\t\t\t<h4 style=\"text-align: center;\">Kostenfreie Beratung<\/h4>\t\t\t\t\t\t\t\t<\/div>\n\t\t\t\t<\/div>\n\t\t\t\t<div class=\"elementor-element elementor-element-c266dc5 elementor-align-center elementor-widget elementor-widget-button\" data-id=\"c266dc5\" data-element_type=\"widget\" data-e-type=\"widget\" data-settings=\"{&quot;_animation_mobile&quot;:&quot;slideInDown&quot;}\" data-widget_type=\"button.default\">\n\t\t\t\t<div class=\"elementor-widget-container\">\n\t\t\t\t\t\t\t\t\t<div class=\"elementor-button-wrapper\">\n\t\t\t\t\t<a class=\"elementor-button elementor-button-link elementor-size-lg\" href=\"https:\/\/hoerdesign.ch\/en\/termin-buchen\/\" id=\"Amelia-custom-id\">\n\t\t\t\t\t\t<span class=\"elementor-button-content-wrapper\">\n\t\t\t\t\t\t<span class=\"elementor-button-icon\">\n\t\t\t\t<svg aria-hidden=\"true\" class=\"e-font-icon-svg e-far-calendar-alt\" viewbox=\"0 0 448 512\" xmlns=\"http:\/\/www.w3.org\/2000\/svg\"><path d=\"M148 288h-40c-6.6 0-12-5.4-12-12v-40c0-6.6 5.4-12 12-12h40c6.6 0 12 5.4 12 12v40c0 6.6-5.4 12-12 12zm108-12v-40c0-6.6-5.4-12-12-12h-40c-6.6 0-12 5.4-12 12v40c0 6.6 5.4 12 12 12h40c6.6 0 12-5.4 12-12zm96 0v-40c0-6.6-5.4-12-12-12h-40c-6.6 0-12 5.4-12 12v40c0 6.6 5.4 12 12 12h40c6.6 0 12-5.4 12-12zm-96 96v-40c0-6.6-5.4-12-12-12h-40c-6.6 0-12 5.4-12 12v40c0 6.6 5.4 12 12 12h40c6.6 0 12-5.4 12-12zm-96 0v-40c0-6.6-5.4-12-12-12h-40c-6.6 0-12 5.4-12 12v40c0 6.6 5.4 12 12 12h40c6.6 0 12-5.4 12-12zm192 0v-40c0-6.6-5.4-12-12-12h-40c-6.6 0-12 5.4-12 12v40c0 6.6 5.4 12 12 12h40c6.6 0 12-5.4 12-12zm96-260v352c0 26.5-21.5 48-48 48H48c-26.5 0-48-21.5-48-48V112c0-26.5 21.5-48 48-48h48V12c0-6.6 5.4-12 12-12h40c6.6 0 12 5.4 12 12v52h128V12c0-6.6 5.4-12 12-12h40c6.6 0 12 5.4 12 12v52h48c26.5 0 48 21.5 48 48zm-48 346V160H48v298c0 3.3 2.7 6 6 6h340c3.3 0 6-2.7 6-6z\"><\/path><\/svg>\t\t\t<\/span>\n\t\t\t\t\t\t\t\t\t<span class=\"elementor-button-text\">Book your appointment now.<\/span>\n\t\t\t\t\t<\/span>\n\t\t\t\t\t<\/a>\n\t\t\t\t<\/div>\n\t\t\t\t\t\t\t\t<\/div>\n\t\t\t\t<\/div>\n\t\t\t\t\t<\/div>\n\t\t<\/div>\n\t\t\t\t\t<\/div>\n\t\t<\/section>\n\t\t\t\t\t<\/div>\n\t\t<\/div>\n\t\t\t\t\t<\/div>\n\t\t<\/section>\n\t\t\t\t<\/div>","protected":false},"excerpt":{"rendered":"<p>H\u00f6rger\u00e4t zu Schrill oder zu Scharf? H\u00f6rger\u00e4t zu schrill? zu laut? oder zu scharf? \u00a0 Was hat das Geschlecht darauf f\u00fcr einen Einfluss? Jede Mutter w\u00fcrde das Schreien Ihres eigenen Kindes unter vielen anderen erkennen und spitzt dennoch die Ohren, wenn Sie ein Weinen h\u00f6rt. Aber warum ist das so? Die Evolution ist daf\u00fcr verantwortlich.&hellip; <a class=\"more-link\" href=\"https:\/\/hoerdesign.ch\/en\/hoergeraet-zu-schrill\/\">Continue reading <span class=\"screen-reader-text\">hearing aids to shrill<\/span><\/a><\/p>","protected":false},"author":1,"featured_media":0,"parent":0,"menu_order":0,"comment_status":"closed","ping_status":"closed","template":"","meta":{"_surecart_dashboard_logo_width":"180px","_surecart_dashboard_show_logo":true,"_surecart_dashboard_navigation_orders":true,"_surecart_dashboard_navigation_invoices":true,"_surecart_dashboard_navigation_subscriptions":true,"_surecart_dashboard_navigation_downloads":true,"_surecart_dashboard_navigation_billing":true,"_surecart_dashboard_navigation_account":true,"footnotes":""},"class_list":["post-3073","page","type-page","status-publish","hentry","entry"],"yoast_head":"<!-- This site is optimized with the Yoast SEO plugin v27.5 - https:\/\/yoast.com\/product\/yoast-seo-wordpress\/ -->\n<title>Das schrille an H\u00f6rger\u00e4t<\/title>\n<meta name=\"description\" content=\"Es hallt, klingt blechernd oder scherbelt? Das Geschirr zu aggressiv. Die WC Sp\u00fclung unnat\u00fcrlich, dann musst du das jetzt lesen!\" \/>\n<meta name=\"robots\" content=\"index, follow, max-snippet:-1, max-image-preview:large, max-video-preview:-1\" \/>\n<link rel=\"canonical\" href=\"https:\/\/hoerdesign.ch\/en\/hoergeraet-zu-schrill\/\" \/>\n<meta property=\"og:locale\" content=\"en_GB\" \/>\n<meta property=\"og:type\" content=\"article\" \/>\n<meta property=\"og:title\" content=\"Das schrille an H\u00f6rger\u00e4t\" \/>\n<meta property=\"og:description\" content=\"Es hallt, klingt blechernd oder scherbelt? Das Geschirr zu aggressiv. Die WC Sp\u00fclung unnat\u00fcrlich, dann musst du das jetzt lesen!\" \/>\n<meta property=\"og:url\" content=\"https:\/\/hoerdesign.ch\/en\/hoergeraet-zu-schrill\/\" \/>\n<meta property=\"og:site_name\" content=\"H\u00f6rdesign GmbH\" \/>\n<meta property=\"article:publisher\" content=\"https:\/\/www.facebook.com\/hoerdesigninzug\" \/>\n<meta property=\"article:modified_time\" content=\"2024-03-13T05:29:52+00:00\" \/>\n<meta property=\"og:image\" content=\"https:\/\/hoerdesign.ch\/wp-content\/uploads\/2024\/03\/Schrill1.jpg\" \/>\n\t<meta property=\"og:image:width\" content=\"2079\" \/>\n\t<meta property=\"og:image:height\" content=\"1384\" \/>\n\t<meta property=\"og:image:type\" content=\"image\/jpeg\" \/>\n<meta name=\"twitter:card\" content=\"summary_large_image\" \/>\n<meta name=\"twitter:label1\" content=\"Estimated reading time\" \/>\n\t<meta name=\"twitter:data1\" content=\"3 minutes\" \/>\n<script type=\"application\/ld+json\" class=\"yoast-schema-graph\">{\"@context\":\"https:\\\/\\\/schema.org\",\"@graph\":[{\"@type\":\"WebPage\",\"@id\":\"https:\\\/\\\/hoerdesign.ch\\\/hoergeraet-zu-schrill\\\/\",\"url\":\"https:\\\/\\\/hoerdesign.ch\\\/hoergeraet-zu-schrill\\\/\",\"name\":\"Das schrille an H\u00f6rger\u00e4t\",\"isPartOf\":{\"@id\":\"https:\\\/\\\/hoerdesign.ch\\\/#website\"},\"primaryImageOfPage\":{\"@id\":\"https:\\\/\\\/hoerdesign.ch\\\/hoergeraet-zu-schrill\\\/#primaryimage\"},\"image\":{\"@id\":\"https:\\\/\\\/hoerdesign.ch\\\/hoergeraet-zu-schrill\\\/#primaryimage\"},\"thumbnailUrl\":\"https:\\\/\\\/hoerdesign.ch\\\/wp-content\\\/uploads\\\/2024\\\/03\\\/Schrill1-300x200.jpg\",\"datePublished\":\"2024-03-13T05:28:04+00:00\",\"dateModified\":\"2024-03-13T05:29:52+00:00\",\"description\":\"Es hallt, klingt blechernd oder scherbelt? Das Geschirr zu aggressiv. Die WC Sp\u00fclung unnat\u00fcrlich, dann musst du das jetzt lesen!\",\"breadcrumb\":{\"@id\":\"https:\\\/\\\/hoerdesign.ch\\\/hoergeraet-zu-schrill\\\/#breadcrumb\"},\"inLanguage\":\"en-GB\",\"potentialAction\":[{\"@type\":\"ReadAction\",\"target\":[\"https:\\\/\\\/hoerdesign.ch\\\/hoergeraet-zu-schrill\\\/\"]}]},{\"@type\":\"ImageObject\",\"inLanguage\":\"en-GB\",\"@id\":\"https:\\\/\\\/hoerdesign.ch\\\/hoergeraet-zu-schrill\\\/#primaryimage\",\"url\":\"https:\\\/\\\/hoerdesign.ch\\\/wp-content\\\/uploads\\\/2024\\\/03\\\/Schrill1-300x200.jpg\",\"contentUrl\":\"https:\\\/\\\/hoerdesign.ch\\\/wp-content\\\/uploads\\\/2024\\\/03\\\/Schrill1-300x200.jpg\"},{\"@type\":\"BreadcrumbList\",\"@id\":\"https:\\\/\\\/hoerdesign.ch\\\/hoergeraet-zu-schrill\\\/#breadcrumb\",\"itemListElement\":[{\"@type\":\"ListItem\",\"position\":1,\"name\":\"Startseite\",\"item\":\"https:\\\/\\\/hoerdesign.ch\\\/\"},{\"@type\":\"ListItem\",\"position\":2,\"name\":\"H\u00f6rger\u00e4t zu Schrill\"}]},{\"@type\":\"WebSite\",\"@id\":\"https:\\\/\\\/hoerdesign.ch\\\/#website\",\"url\":\"https:\\\/\\\/hoerdesign.ch\\\/\",\"name\":\"H\u00f6rdesign GmbH\",\"description\":\"Mehr h\u00f6ren. Mehr erleben\",\"publisher\":{\"@id\":\"https:\\\/\\\/hoerdesign.ch\\\/#organization\"},\"potentialAction\":[{\"@type\":\"SearchAction\",\"target\":{\"@type\":\"EntryPoint\",\"urlTemplate\":\"https:\\\/\\\/hoerdesign.ch\\\/?s={search_term_string}\"},\"query-input\":{\"@type\":\"PropertyValueSpecification\",\"valueRequired\":true,\"valueName\":\"search_term_string\"}}],\"inLanguage\":\"en-GB\"},{\"@type\":\"Organization\",\"@id\":\"https:\\\/\\\/hoerdesign.ch\\\/#organization\",\"name\":\"H\u00f6rdesign GmbH\",\"url\":\"https:\\\/\\\/hoerdesign.ch\\\/\",\"logo\":{\"@type\":\"ImageObject\",\"inLanguage\":\"en-GB\",\"@id\":\"https:\\\/\\\/hoerdesign.ch\\\/#\\\/schema\\\/logo\\\/image\\\/\",\"url\":\"https:\\\/\\\/hoerdesign.ch\\\/wp-content\\\/uploads\\\/2023\\\/10\\\/Logo-Hoerdesign-Hohe-Aufloesung.png\",\"contentUrl\":\"https:\\\/\\\/hoerdesign.ch\\\/wp-content\\\/uploads\\\/2023\\\/10\\\/Logo-Hoerdesign-Hohe-Aufloesung.png\",\"width\":730,\"height\":289,\"caption\":\"H\u00f6rdesign GmbH\"},\"image\":{\"@id\":\"https:\\\/\\\/hoerdesign.ch\\\/#\\\/schema\\\/logo\\\/image\\\/\"},\"sameAs\":[\"https:\\\/\\\/www.facebook.com\\\/hoerdesigninzug\",\"https:\\\/\\\/www.instagram.com\\\/hoerdesign_official\\\/\",\"https:\\\/\\\/www.linkedin.com\\\/company\\\/78306967\\\/admin\\\/feed\\\/posts\\\/?feedType=following\"]}]}<\/script>\n<!-- \/ Yoast SEO plugin. -->","yoast_head_json":{"title":"Das schrille an H\u00f6rger\u00e4t","description":"Es hallt, klingt blechernd oder scherbelt? Das Geschirr zu aggressiv. Die WC Sp\u00fclung unnat\u00fcrlich, dann musst du das jetzt lesen!","robots":{"index":"index","follow":"follow","max-snippet":"max-snippet:-1","max-image-preview":"max-image-preview:large","max-video-preview":"max-video-preview:-1"},"canonical":"https:\/\/hoerdesign.ch\/en\/hoergeraet-zu-schrill\/","og_locale":"en_GB","og_type":"article","og_title":"Das schrille an H\u00f6rger\u00e4t","og_description":"Es hallt, klingt blechernd oder scherbelt? Das Geschirr zu aggressiv. Die WC Sp\u00fclung unnat\u00fcrlich, dann musst du das jetzt lesen!","og_url":"https:\/\/hoerdesign.ch\/en\/hoergeraet-zu-schrill\/","og_site_name":"H\u00f6rdesign GmbH","article_publisher":"https:\/\/www.facebook.com\/hoerdesigninzug","article_modified_time":"2024-03-13T05:29:52+00:00","og_image":[{"width":2079,"height":1384,"url":"https:\/\/hoerdesign.ch\/wp-content\/uploads\/2024\/03\/Schrill1.jpg","type":"image\/jpeg"}],"twitter_card":"summary_large_image","twitter_misc":{"Estimated reading time":"3 minutes"},"schema":{"@context":"https:\/\/schema.org","@graph":[{"@type":"WebPage","@id":"https:\/\/hoerdesign.ch\/hoergeraet-zu-schrill\/","url":"https:\/\/hoerdesign.ch\/hoergeraet-zu-schrill\/","name":"Das schrille an H\u00f6rger\u00e4t","isPartOf":{"@id":"https:\/\/hoerdesign.ch\/#website"},"primaryImageOfPage":{"@id":"https:\/\/hoerdesign.ch\/hoergeraet-zu-schrill\/#primaryimage"},"image":{"@id":"https:\/\/hoerdesign.ch\/hoergeraet-zu-schrill\/#primaryimage"},"thumbnailUrl":"https:\/\/hoerdesign.ch\/wp-content\/uploads\/2024\/03\/Schrill1-300x200.jpg","datePublished":"2024-03-13T05:28:04+00:00","dateModified":"2024-03-13T05:29:52+00:00","description":"Es hallt, klingt blechernd oder scherbelt? Das Geschirr zu aggressiv. Die WC Sp\u00fclung unnat\u00fcrlich, dann musst du das jetzt lesen!","breadcrumb":{"@id":"https:\/\/hoerdesign.ch\/hoergeraet-zu-schrill\/#breadcrumb"},"inLanguage":"en-GB","potentialAction":[{"@type":"ReadAction","target":["https:\/\/hoerdesign.ch\/hoergeraet-zu-schrill\/"]}]},{"@type":"ImageObject","inLanguage":"en-GB","@id":"https:\/\/hoerdesign.ch\/hoergeraet-zu-schrill\/#primaryimage","url":"https:\/\/hoerdesign.ch\/wp-content\/uploads\/2024\/03\/Schrill1-300x200.jpg","contentUrl":"https:\/\/hoerdesign.ch\/wp-content\/uploads\/2024\/03\/Schrill1-300x200.jpg"},{"@type":"BreadcrumbList","@id":"https:\/\/hoerdesign.ch\/hoergeraet-zu-schrill\/#breadcrumb","itemListElement":[{"@type":"ListItem","position":1,"name":"Startseite","item":"https:\/\/hoerdesign.ch\/"},{"@type":"ListItem","position":2,"name":"H\u00f6rger\u00e4t zu Schrill"}]},{"@type":"WebSite","@id":"https:\/\/hoerdesign.ch\/#website","url":"https:\/\/hoerdesign.ch\/","name":"H\u00f6rdesign GmbH","description":"Mehr h\u00f6ren. Mehr erleben","publisher":{"@id":"https:\/\/hoerdesign.ch\/#organization"},"potentialAction":[{"@type":"SearchAction","target":{"@type":"EntryPoint","urlTemplate":"https:\/\/hoerdesign.ch\/?s={search_term_string}"},"query-input":{"@type":"PropertyValueSpecification","valueRequired":true,"valueName":"search_term_string"}}],"inLanguage":"en-GB"},{"@type":"Organization","@id":"https:\/\/hoerdesign.ch\/#organization","name":"H\u00f6rdesign GmbH","url":"https:\/\/hoerdesign.ch\/","logo":{"@type":"ImageObject","inLanguage":"en-GB","@id":"https:\/\/hoerdesign.ch\/#\/schema\/logo\/image\/","url":"https:\/\/hoerdesign.ch\/wp-content\/uploads\/2023\/10\/Logo-Hoerdesign-Hohe-Aufloesung.png","contentUrl":"https:\/\/hoerdesign.ch\/wp-content\/uploads\/2023\/10\/Logo-Hoerdesign-Hohe-Aufloesung.png","width":730,"height":289,"caption":"H\u00f6rdesign GmbH"},"image":{"@id":"https:\/\/hoerdesign.ch\/#\/schema\/logo\/image\/"},"sameAs":["https:\/\/www.facebook.com\/hoerdesigninzug","https:\/\/www.instagram.com\/hoerdesign_official\/","https:\/\/www.linkedin.com\/company\/78306967\/admin\/feed\/posts\/?feedType=following"]}]}},"_links":{"self":[{"href":"https:\/\/hoerdesign.ch\/en\/wp-json\/wp\/v2\/pages\/3073","targetHints":{"allow":["GET"]}}],"collection":[{"href":"https:\/\/hoerdesign.ch\/en\/wp-json\/wp\/v2\/pages"}],"about":[{"href":"https:\/\/hoerdesign.ch\/en\/wp-json\/wp\/v2\/types\/page"}],"author":[{"embeddable":true,"href":"https:\/\/hoerdesign.ch\/en\/wp-json\/wp\/v2\/users\/1"}],"replies":[{"embeddable":true,"href":"https:\/\/hoerdesign.ch\/en\/wp-json\/wp\/v2\/comments?post=3073"}],"version-history":[{"count":4,"href":"https:\/\/hoerdesign.ch\/en\/wp-json\/wp\/v2\/pages\/3073\/revisions"}],"predecessor-version":[{"id":3078,"href":"https:\/\/hoerdesign.ch\/en\/wp-json\/wp\/v2\/pages\/3073\/revisions\/3078"}],"wp:attachment":[{"href":"https:\/\/hoerdesign.ch\/en\/wp-json\/wp\/v2\/media?parent=3073"}],"curies":[{"name":"wp","href":"https:\/\/api.w.org\/{rel}","templated":true}]}}