{"id":3103,"date":"2024-03-13T05:41:57","date_gmt":"2024-03-13T05:41:57","guid":{"rendered":"https:\/\/hoerdesign-neu.ch.xn--hrdesign-n4a.ch\/?page_id=3103"},"modified":"2024-03-13T05:43:10","modified_gmt":"2024-03-13T05:43:10","slug":"gehoerschutz-fuer-die-arbeit","status":"publish","type":"page","link":"https:\/\/hoerdesign.ch\/en\/gehoerschutz-fuer-die-arbeit\/","title":{"rendered":"hearing protection for work"},"content":{"rendered":"<div data-elementor-type=\"wp-page\" data-elementor-id=\"3103\" class=\"elementor elementor-3103\" data-elementor-post-type=\"page\">\n\t\t\t\t\t\t<section class=\"elementor-section elementor-top-section elementor-element elementor-element-0252b50 elementor-section-boxed elementor-section-height-default elementor-section-height-default\" data-id=\"0252b50\" data-element_type=\"section\" data-e-type=\"section\">\n\t\t\t\t\t\t<div class=\"elementor-container elementor-column-gap-default\">\n\t\t\t\t\t<div class=\"elementor-column elementor-col-100 elementor-top-column elementor-element elementor-element-3d4f8f6\" data-id=\"3d4f8f6\" data-element_type=\"column\" data-e-type=\"column\">\n\t\t\t<div class=\"elementor-widget-wrap elementor-element-populated\">\n\t\t\t\t\t\t<div class=\"elementor-element elementor-element-5907b4c elementor-widget elementor-widget-spacer\" data-id=\"5907b4c\" data-element_type=\"widget\" data-e-type=\"widget\" data-widget_type=\"spacer.default\">\n\t\t\t\t<div class=\"elementor-widget-container\">\n\t\t\t\t\t\t\t<div class=\"elementor-spacer\">\n\t\t\t<div class=\"elementor-spacer-inner\"><\/div>\n\t\t<\/div>\n\t\t\t\t\t\t<\/div>\n\t\t\t\t<\/div>\n\t\t\t\t<div class=\"elementor-element elementor-element-ce66575 elementor-widget elementor-widget-heading\" data-id=\"ce66575\" data-element_type=\"widget\" data-e-type=\"widget\" data-widget_type=\"heading.default\">\n\t\t\t\t<div class=\"elementor-widget-container\">\n\t\t\t\t\t<h3 class=\"elementor-heading-title elementor-size-default\">hearing protection for work<\/h3>\t\t\t\t<\/div>\n\t\t\t\t<\/div>\n\t\t\t\t<div class=\"elementor-element elementor-element-793fabd elementor-widget elementor-widget-text-editor\" data-id=\"793fabd\" data-element_type=\"widget\" data-e-type=\"widget\" data-widget_type=\"text-editor.default\">\n\t\t\t\t<div class=\"elementor-widget-container\">\n\t\t\t\t\t\t\t\t\t<h5 style=\"margin: 0cm; text-align: center; line-height: 17.25pt; background-image: initial; background-position: initial; background-size: initial; background-repeat: initial; background-attachment: initial; background-origin: initial; background-clip: initial;\" align=\"center\"><strong><span style=\"font-family: Roboto; color: #444444;\">Der perfekte Begleiter f\u00fcr Baugewerbe | Industrie | Handwerk | Land- und Forstwirtschaft.<\/span><\/strong><\/h5>\t\t\t\t\t\t\t\t<\/div>\n\t\t\t\t<\/div>\n\t\t\t\t<div class=\"elementor-element elementor-element-5c7c81d elementor-widget elementor-widget-text-editor\" data-id=\"5c7c81d\" data-element_type=\"widget\" data-e-type=\"widget\" data-widget_type=\"text-editor.default\">\n\t\t\t\t<div class=\"elementor-widget-container\">\n\t\t\t\t\t\t\t\t\t<p class=\"gs-product-intro\" style=\"margin: 0cm; text-align: center; line-height: 17.25pt; background: white;\" align=\"center\"><span style=\"font-family: Roboto; color: #646463;\">F\u00fcr dich ist es keine Arbeit. Es ist pure Leidenschaft \u2013 dein wertvollstes Werkzeug! Stunden verfliegen wie Minuten. Es gibt nur dich und dein Projekt. Staub liegt in der Luft, Sp\u00e4ne fallen. Es riecht nach Motor\u00f6l, nach frisch geschnittenem Holz. Konzentration. Pr\u00e4zision. Ruhe. Es kommt nicht darauf an, was du tust, sondern wie du es tust \u2013 und zwar immer mit dem Wissen: Das Ergebnis wird perfekt!<\/span><\/p><p style=\"margin: 0cm; text-align: center; line-height: 17.25pt; background: white;\" align=\"center\"><span style=\"font-family: Roboto; color: #444444;\">F\u00fcr noch effizienteres Arbeiten auf h\u00f6chstem Sicherheitsniveau haben wir den individuellen\u00a0<\/span><b><span style=\"font-family: Roboto; color: #646463; letter-spacing: -.25pt;\">ear protect<\/span><\/b><span style=\"font-family: Roboto; color: #444444;\">\u00a0<span style=\"letter-spacing: -0.333333px;\"><i>f\u00fcr dich<\/i><\/span>.<\/span><\/p>\t\t\t\t\t\t\t\t<\/div>\n\t\t\t\t<\/div>\n\t\t\t\t<div class=\"elementor-element elementor-element-7d6ce2b elementor-widget elementor-widget-image\" data-id=\"7d6ce2b\" data-element_type=\"widget\" data-e-type=\"widget\" data-widget_type=\"image.default\">\n\t\t\t\t<div class=\"elementor-widget-container\">\n\t\t\t\t\t\t\t\t\t\t\t\t\t\t\t<img fetchpriority=\"high\" decoding=\"async\" width=\"750\" height=\"400\" src=\"https:\/\/hoerdesign.ch\/wp-content\/uploads\/2024\/03\/bachmaier_work_soft_starr_Paar-scaled-1-1024x546.jpg\" class=\"attachment-large size-large wp-image-3105\" alt=\"\" srcset=\"https:\/\/hoerdesign.ch\/wp-content\/uploads\/2024\/03\/bachmaier_work_soft_starr_Paar-scaled-1-1024x546.jpg 1024w, https:\/\/hoerdesign.ch\/wp-content\/uploads\/2024\/03\/bachmaier_work_soft_starr_Paar-scaled-1-300x160.jpg 300w, https:\/\/hoerdesign.ch\/wp-content\/uploads\/2024\/03\/bachmaier_work_soft_starr_Paar-scaled-1-768x410.jpg 768w, https:\/\/hoerdesign.ch\/wp-content\/uploads\/2024\/03\/bachmaier_work_soft_starr_Paar-scaled-1-1536x820.jpg 1536w, https:\/\/hoerdesign.ch\/wp-content\/uploads\/2024\/03\/bachmaier_work_soft_starr_Paar-scaled-1-2048x1093.jpg 2048w, https:\/\/hoerdesign.ch\/wp-content\/uploads\/2024\/03\/bachmaier_work_soft_starr_Paar-scaled-1-1568x837.jpg 1568w\" sizes=\"(max-width: 750px) 100vw, 750px\" style=\"width:100%;height:53.36%;max-width:2560px\" \/>\t\t\t\t\t\t\t\t\t\t\t\t\t\t\t<\/div>\n\t\t\t\t<\/div>\n\t\t\t\t<div class=\"elementor-element elementor-element-ac472f1 elementor-widget elementor-widget-text-editor\" data-id=\"ac472f1\" data-element_type=\"widget\" data-e-type=\"widget\" data-widget_type=\"text-editor.default\">\n\t\t\t\t<div class=\"elementor-widget-container\">\n\t\t\t\t\t\t\t\t\t<p>Der <b>Arbeitsgeh\u00f6rschutz<\/b> wird genau nach der Abformung deiner Ohren ma\u00dfgefertigt und sitzt daher perfekt: kein Herausfallen und kein Druckgef\u00fchl! Der Geh\u00f6rschutz aus softem Silikon tr\u00e4gt sich so bequem, dass du ihn kaum sp\u00fcrst. Das robuste Acrylat empfehlen wir dir, wenn viel Staub &amp; Sp\u00e4ne fliegen. Durch seinen Griff kannst du den Geh\u00f6rschutz jederzeit flink einsetzen und herausnehmen. Durch das optionale Halteband hast du deinen Geh\u00f6rschutz\u00a0stets griffbereit!<\/p>\t\t\t\t\t\t\t\t<\/div>\n\t\t\t\t<\/div>\n\t\t\t\t<div class=\"elementor-element elementor-element-5f28431 elementor-widget elementor-widget-text-editor\" data-id=\"5f28431\" data-element_type=\"widget\" data-e-type=\"widget\" data-widget_type=\"text-editor.default\">\n\t\t\t\t<div class=\"elementor-widget-container\">\n\t\t\t\t\t\t\t\t\t<h5>Preis pro Paar: 185 CHF<\/h5>\t\t\t\t\t\t\t\t<\/div>\n\t\t\t\t<\/div>\n\t\t\t\t\t<\/div>\n\t\t<\/div>\n\t\t\t\t\t<\/div>\n\t\t<\/section>\n\t\t\t\t<\/div>","protected":false},"excerpt":{"rendered":"<p>Geh\u00f6rschutz f\u00fcr die Arbeit Der perfekte Begleiter f\u00fcr Baugewerbe | Industrie | Handwerk | Land- und Forstwirtschaft. F\u00fcr dich ist es keine Arbeit. Es ist pure Leidenschaft \u2013 dein wertvollstes Werkzeug! Stunden verfliegen wie Minuten. Es gibt nur dich und dein Projekt. Staub liegt in der Luft, Sp\u00e4ne fallen. Es riecht nach Motor\u00f6l, nach frisch&hellip; <a class=\"more-link\" href=\"https:\/\/hoerdesign.ch\/en\/gehoerschutz-fuer-die-arbeit\/\">Continue reading <span class=\"screen-reader-text\">hearing protection for work<\/span><\/a><\/p>","protected":false},"author":1,"featured_media":0,"parent":0,"menu_order":0,"comment_status":"closed","ping_status":"closed","template":"","meta":{"_surecart_dashboard_logo_width":"180px","_surecart_dashboard_show_logo":true,"_surecart_dashboard_navigation_orders":true,"_surecart_dashboard_navigation_invoices":true,"_surecart_dashboard_navigation_subscriptions":true,"_surecart_dashboard_navigation_downloads":true,"_surecart_dashboard_navigation_billing":true,"_surecart_dashboard_navigation_account":true,"footnotes":""},"class_list":["post-3103","page","type-page","status-publish","hentry","entry"],"yoast_head":"<!-- This site is optimized with the Yoast SEO plugin v27.5 - https:\/\/yoast.com\/product\/yoast-seo-wordpress\/ -->\n<title>Damit die Arbeit nicht zur Qual wird<\/title>\n<meta name=\"description\" content=\"F\u00fcr die die noch richtig arbeiten.\" \/>\n<meta name=\"robots\" content=\"index, follow, max-snippet:-1, max-image-preview:large, max-video-preview:-1\" \/>\n<link rel=\"canonical\" href=\"https:\/\/hoerdesign.ch\/en\/gehoerschutz-fuer-die-arbeit\/\" \/>\n<meta property=\"og:locale\" content=\"en_GB\" \/>\n<meta property=\"og:type\" content=\"article\" \/>\n<meta property=\"og:title\" content=\"Damit die Arbeit nicht zur Qual wird\" \/>\n<meta property=\"og:description\" content=\"F\u00fcr die die noch richtig arbeiten.\" \/>\n<meta property=\"og:url\" content=\"https:\/\/hoerdesign.ch\/en\/gehoerschutz-fuer-die-arbeit\/\" \/>\n<meta property=\"og:site_name\" content=\"H\u00f6rdesign GmbH\" \/>\n<meta property=\"article:publisher\" content=\"https:\/\/www.facebook.com\/hoerdesigninzug\" \/>\n<meta property=\"article:modified_time\" content=\"2024-03-13T05:43:10+00:00\" \/>\n<meta property=\"og:image\" content=\"https:\/\/hoerdesign.ch\/wp-content\/uploads\/2024\/03\/bachmaier_work_soft_starr_Paar-scaled-1-1024x546.jpg\" \/>\n<meta name=\"twitter:card\" content=\"summary_large_image\" \/>\n<meta name=\"twitter:label1\" content=\"Estimated reading time\" \/>\n\t<meta name=\"twitter:data1\" content=\"1 minute\" \/>\n<script type=\"application\/ld+json\" class=\"yoast-schema-graph\">{\"@context\":\"https:\\\/\\\/schema.org\",\"@graph\":[{\"@type\":\"WebPage\",\"@id\":\"https:\\\/\\\/hoerdesign.ch\\\/gehoerschutz-fuer-die-arbeit\\\/\",\"url\":\"https:\\\/\\\/hoerdesign.ch\\\/gehoerschutz-fuer-die-arbeit\\\/\",\"name\":\"Damit die Arbeit nicht zur Qual wird\",\"isPartOf\":{\"@id\":\"https:\\\/\\\/hoerdesign.ch\\\/#website\"},\"primaryImageOfPage\":{\"@id\":\"https:\\\/\\\/hoerdesign.ch\\\/gehoerschutz-fuer-die-arbeit\\\/#primaryimage\"},\"image\":{\"@id\":\"https:\\\/\\\/hoerdesign.ch\\\/gehoerschutz-fuer-die-arbeit\\\/#primaryimage\"},\"thumbnailUrl\":\"https:\\\/\\\/hoerdesign.ch\\\/wp-content\\\/uploads\\\/2024\\\/03\\\/bachmaier_work_soft_starr_Paar-scaled-1-1024x546.jpg\",\"datePublished\":\"2024-03-13T05:41:57+00:00\",\"dateModified\":\"2024-03-13T05:43:10+00:00\",\"description\":\"F\u00fcr die die noch richtig arbeiten.\",\"breadcrumb\":{\"@id\":\"https:\\\/\\\/hoerdesign.ch\\\/gehoerschutz-fuer-die-arbeit\\\/#breadcrumb\"},\"inLanguage\":\"en-GB\",\"potentialAction\":[{\"@type\":\"ReadAction\",\"target\":[\"https:\\\/\\\/hoerdesign.ch\\\/gehoerschutz-fuer-die-arbeit\\\/\"]}]},{\"@type\":\"ImageObject\",\"inLanguage\":\"en-GB\",\"@id\":\"https:\\\/\\\/hoerdesign.ch\\\/gehoerschutz-fuer-die-arbeit\\\/#primaryimage\",\"url\":\"https:\\\/\\\/hoerdesign.ch\\\/wp-content\\\/uploads\\\/2024\\\/03\\\/bachmaier_work_soft_starr_Paar-scaled-1-1024x546.jpg\",\"contentUrl\":\"https:\\\/\\\/hoerdesign.ch\\\/wp-content\\\/uploads\\\/2024\\\/03\\\/bachmaier_work_soft_starr_Paar-scaled-1-1024x546.jpg\"},{\"@type\":\"BreadcrumbList\",\"@id\":\"https:\\\/\\\/hoerdesign.ch\\\/gehoerschutz-fuer-die-arbeit\\\/#breadcrumb\",\"itemListElement\":[{\"@type\":\"ListItem\",\"position\":1,\"name\":\"Startseite\",\"item\":\"https:\\\/\\\/hoerdesign.ch\\\/\"},{\"@type\":\"ListItem\",\"position\":2,\"name\":\"Geh\u00f6rschutz f\u00fcr die Arbeit\"}]},{\"@type\":\"WebSite\",\"@id\":\"https:\\\/\\\/hoerdesign.ch\\\/#website\",\"url\":\"https:\\\/\\\/hoerdesign.ch\\\/\",\"name\":\"H\u00f6rdesign GmbH\",\"description\":\"Mehr h\u00f6ren. Mehr erleben\",\"publisher\":{\"@id\":\"https:\\\/\\\/hoerdesign.ch\\\/#organization\"},\"potentialAction\":[{\"@type\":\"SearchAction\",\"target\":{\"@type\":\"EntryPoint\",\"urlTemplate\":\"https:\\\/\\\/hoerdesign.ch\\\/?s={search_term_string}\"},\"query-input\":{\"@type\":\"PropertyValueSpecification\",\"valueRequired\":true,\"valueName\":\"search_term_string\"}}],\"inLanguage\":\"en-GB\"},{\"@type\":\"Organization\",\"@id\":\"https:\\\/\\\/hoerdesign.ch\\\/#organization\",\"name\":\"H\u00f6rdesign GmbH\",\"url\":\"https:\\\/\\\/hoerdesign.ch\\\/\",\"logo\":{\"@type\":\"ImageObject\",\"inLanguage\":\"en-GB\",\"@id\":\"https:\\\/\\\/hoerdesign.ch\\\/#\\\/schema\\\/logo\\\/image\\\/\",\"url\":\"https:\\\/\\\/hoerdesign.ch\\\/wp-content\\\/uploads\\\/2023\\\/10\\\/Logo-Hoerdesign-Hohe-Aufloesung.png\",\"contentUrl\":\"https:\\\/\\\/hoerdesign.ch\\\/wp-content\\\/uploads\\\/2023\\\/10\\\/Logo-Hoerdesign-Hohe-Aufloesung.png\",\"width\":730,\"height\":289,\"caption\":\"H\u00f6rdesign GmbH\"},\"image\":{\"@id\":\"https:\\\/\\\/hoerdesign.ch\\\/#\\\/schema\\\/logo\\\/image\\\/\"},\"sameAs\":[\"https:\\\/\\\/www.facebook.com\\\/hoerdesigninzug\",\"https:\\\/\\\/www.instagram.com\\\/hoerdesign_official\\\/\",\"https:\\\/\\\/www.linkedin.com\\\/company\\\/78306967\\\/admin\\\/feed\\\/posts\\\/?feedType=following\"]}]}<\/script>\n<!-- \/ Yoast SEO plugin. -->","yoast_head_json":{"title":"Damit die Arbeit nicht zur Qual wird","description":"F\u00fcr die die noch richtig arbeiten.","robots":{"index":"index","follow":"follow","max-snippet":"max-snippet:-1","max-image-preview":"max-image-preview:large","max-video-preview":"max-video-preview:-1"},"canonical":"https:\/\/hoerdesign.ch\/en\/gehoerschutz-fuer-die-arbeit\/","og_locale":"en_GB","og_type":"article","og_title":"Damit die Arbeit nicht zur Qual wird","og_description":"F\u00fcr die die noch richtig arbeiten.","og_url":"https:\/\/hoerdesign.ch\/en\/gehoerschutz-fuer-die-arbeit\/","og_site_name":"H\u00f6rdesign GmbH","article_publisher":"https:\/\/www.facebook.com\/hoerdesigninzug","article_modified_time":"2024-03-13T05:43:10+00:00","og_image":[{"url":"https:\/\/hoerdesign.ch\/wp-content\/uploads\/2024\/03\/bachmaier_work_soft_starr_Paar-scaled-1-1024x546.jpg","type":"","width":"","height":""}],"twitter_card":"summary_large_image","twitter_misc":{"Estimated reading time":"1 minute"},"schema":{"@context":"https:\/\/schema.org","@graph":[{"@type":"WebPage","@id":"https:\/\/hoerdesign.ch\/gehoerschutz-fuer-die-arbeit\/","url":"https:\/\/hoerdesign.ch\/gehoerschutz-fuer-die-arbeit\/","name":"Damit die Arbeit nicht zur Qual wird","isPartOf":{"@id":"https:\/\/hoerdesign.ch\/#website"},"primaryImageOfPage":{"@id":"https:\/\/hoerdesign.ch\/gehoerschutz-fuer-die-arbeit\/#primaryimage"},"image":{"@id":"https:\/\/hoerdesign.ch\/gehoerschutz-fuer-die-arbeit\/#primaryimage"},"thumbnailUrl":"https:\/\/hoerdesign.ch\/wp-content\/uploads\/2024\/03\/bachmaier_work_soft_starr_Paar-scaled-1-1024x546.jpg","datePublished":"2024-03-13T05:41:57+00:00","dateModified":"2024-03-13T05:43:10+00:00","description":"F\u00fcr die die noch richtig arbeiten.","breadcrumb":{"@id":"https:\/\/hoerdesign.ch\/gehoerschutz-fuer-die-arbeit\/#breadcrumb"},"inLanguage":"en-GB","potentialAction":[{"@type":"ReadAction","target":["https:\/\/hoerdesign.ch\/gehoerschutz-fuer-die-arbeit\/"]}]},{"@type":"ImageObject","inLanguage":"en-GB","@id":"https:\/\/hoerdesign.ch\/gehoerschutz-fuer-die-arbeit\/#primaryimage","url":"https:\/\/hoerdesign.ch\/wp-content\/uploads\/2024\/03\/bachmaier_work_soft_starr_Paar-scaled-1-1024x546.jpg","contentUrl":"https:\/\/hoerdesign.ch\/wp-content\/uploads\/2024\/03\/bachmaier_work_soft_starr_Paar-scaled-1-1024x546.jpg"},{"@type":"BreadcrumbList","@id":"https:\/\/hoerdesign.ch\/gehoerschutz-fuer-die-arbeit\/#breadcrumb","itemListElement":[{"@type":"ListItem","position":1,"name":"Startseite","item":"https:\/\/hoerdesign.ch\/"},{"@type":"ListItem","position":2,"name":"Geh\u00f6rschutz f\u00fcr die Arbeit"}]},{"@type":"WebSite","@id":"https:\/\/hoerdesign.ch\/#website","url":"https:\/\/hoerdesign.ch\/","name":"H\u00f6rdesign GmbH","description":"Mehr h\u00f6ren. Mehr erleben","publisher":{"@id":"https:\/\/hoerdesign.ch\/#organization"},"potentialAction":[{"@type":"SearchAction","target":{"@type":"EntryPoint","urlTemplate":"https:\/\/hoerdesign.ch\/?s={search_term_string}"},"query-input":{"@type":"PropertyValueSpecification","valueRequired":true,"valueName":"search_term_string"}}],"inLanguage":"en-GB"},{"@type":"Organization","@id":"https:\/\/hoerdesign.ch\/#organization","name":"H\u00f6rdesign GmbH","url":"https:\/\/hoerdesign.ch\/","logo":{"@type":"ImageObject","inLanguage":"en-GB","@id":"https:\/\/hoerdesign.ch\/#\/schema\/logo\/image\/","url":"https:\/\/hoerdesign.ch\/wp-content\/uploads\/2023\/10\/Logo-Hoerdesign-Hohe-Aufloesung.png","contentUrl":"https:\/\/hoerdesign.ch\/wp-content\/uploads\/2023\/10\/Logo-Hoerdesign-Hohe-Aufloesung.png","width":730,"height":289,"caption":"H\u00f6rdesign GmbH"},"image":{"@id":"https:\/\/hoerdesign.ch\/#\/schema\/logo\/image\/"},"sameAs":["https:\/\/www.facebook.com\/hoerdesigninzug","https:\/\/www.instagram.com\/hoerdesign_official\/","https:\/\/www.linkedin.com\/company\/78306967\/admin\/feed\/posts\/?feedType=following"]}]}},"_links":{"self":[{"href":"https:\/\/hoerdesign.ch\/en\/wp-json\/wp\/v2\/pages\/3103","targetHints":{"allow":["GET"]}}],"collection":[{"href":"https:\/\/hoerdesign.ch\/en\/wp-json\/wp\/v2\/pages"}],"about":[{"href":"https:\/\/hoerdesign.ch\/en\/wp-json\/wp\/v2\/types\/page"}],"author":[{"embeddable":true,"href":"https:\/\/hoerdesign.ch\/en\/wp-json\/wp\/v2\/users\/1"}],"replies":[{"embeddable":true,"href":"https:\/\/hoerdesign.ch\/en\/wp-json\/wp\/v2\/comments?post=3103"}],"version-history":[{"count":4,"href":"https:\/\/hoerdesign.ch\/en\/wp-json\/wp\/v2\/pages\/3103\/revisions"}],"predecessor-version":[{"id":3108,"href":"https:\/\/hoerdesign.ch\/en\/wp-json\/wp\/v2\/pages\/3103\/revisions\/3108"}],"wp:attachment":[{"href":"https:\/\/hoerdesign.ch\/en\/wp-json\/wp\/v2\/media?parent=3103"}],"curies":[{"name":"wp","href":"https:\/\/api.w.org\/{rel}","templated":true}]}}