{"id":3135,"date":"2024-03-13T05:51:03","date_gmt":"2024-03-13T05:51:03","guid":{"rendered":"https:\/\/hoerdesign-neu.ch.xn--hrdesign-n4a.ch\/?page_id=3135"},"modified":"2024-03-13T05:52:45","modified_gmt":"2024-03-13T05:52:45","slug":"gehoerschutz-fuer-toeffahrer","status":"publish","type":"page","link":"https:\/\/hoerdesign.ch\/en\/gehoerschutz-fuer-toeffahrer\/","title":{"rendered":"motorbike hearing protection"},"content":{"rendered":"<div data-elementor-type=\"wp-page\" data-elementor-id=\"3135\" class=\"elementor elementor-3135\" data-elementor-post-type=\"page\">\n\t\t\t\t\t\t<section class=\"elementor-section elementor-top-section elementor-element elementor-element-016d2a0 elementor-section-boxed elementor-section-height-default elementor-section-height-default\" data-id=\"016d2a0\" data-element_type=\"section\" data-e-type=\"section\">\n\t\t\t\t\t\t<div class=\"elementor-container elementor-column-gap-default\">\n\t\t\t\t\t<div class=\"elementor-column elementor-col-100 elementor-top-column elementor-element elementor-element-7946496\" data-id=\"7946496\" data-element_type=\"column\" data-e-type=\"column\">\n\t\t\t<div class=\"elementor-widget-wrap elementor-element-populated\">\n\t\t\t\t\t\t<div class=\"elementor-element elementor-element-fd9fd30 elementor-widget elementor-widget-spacer\" data-id=\"fd9fd30\" data-element_type=\"widget\" data-e-type=\"widget\" data-widget_type=\"spacer.default\">\n\t\t\t\t<div class=\"elementor-widget-container\">\n\t\t\t\t\t\t\t<div class=\"elementor-spacer\">\n\t\t\t<div class=\"elementor-spacer-inner\"><\/div>\n\t\t<\/div>\n\t\t\t\t\t\t<\/div>\n\t\t\t\t<\/div>\n\t\t\t\t<div class=\"elementor-element elementor-element-1fc1033 elementor-widget elementor-widget-heading\" data-id=\"1fc1033\" data-element_type=\"widget\" data-e-type=\"widget\" data-widget_type=\"heading.default\">\n\t\t\t\t<div class=\"elementor-widget-container\">\n\t\t\t\t\t<h3 class=\"elementor-heading-title elementor-size-default\">Geh\u00f6rschutz f\u00fcr T\u00f6fffahrer<\/h3>\t\t\t\t<\/div>\n\t\t\t\t<\/div>\n\t\t\t\t<div class=\"elementor-element elementor-element-5585536 elementor-widget elementor-widget-text-editor\" data-id=\"5585536\" data-element_type=\"widget\" data-e-type=\"widget\" data-widget_type=\"text-editor.default\">\n\t\t\t\t<div class=\"elementor-widget-container\">\n\t\t\t\t\t\t\t\t\t<h5 style=\"text-align: center;\">Den Wind Sp\u00fcren, nicht h\u00f6ren<\/h5>\t\t\t\t\t\t\t\t<\/div>\n\t\t\t\t<\/div>\n\t\t\t\t<div class=\"elementor-element elementor-element-ac7d2dc elementor-widget elementor-widget-text-editor\" data-id=\"ac7d2dc\" data-element_type=\"widget\" data-e-type=\"widget\" data-widget_type=\"text-editor.default\">\n\t\t\t\t<div class=\"elementor-widget-container\">\n\t\t\t\t\t\t\t\t\t<p class=\"gs-product-intro\" style=\"margin: 0cm; text-align: center; line-height: 17.25pt; background: white;\" align=\"center\"><span style=\"font-family: Roboto; color: #646463;\">Motorradfahren ist f\u00fcr dich Kurvenschwingen, Entspannung, Fernweh stillen, Abschalten und etwas, das du ganz alleine f\u00fcr dich hast. Es macht dich gl\u00fccklich(er) und vielleicht sogar ein St\u00fcckchen umg\u00e4nglicher&#8230; Du wei\u00dft genau: Wer nicht losf\u00e4hrt, kommt nie an. Du kommst immer ans Ziel. Egal, wie lang deine Reise dauert. Die R\u00e4der rotieren. Der Duft von Fichtennadeln liegt in der Luft. Der Wind umspielt dein Gesicht. Du genie\u00dft den freien Blick in die Landschaft. Eins werden mit der Maschine \u2013 du liebst es!<\/span><\/p>\t\t\t\t\t\t\t\t<\/div>\n\t\t\t\t<\/div>\n\t\t\t\t<div class=\"elementor-element elementor-element-e846502 elementor-widget elementor-widget-text-editor\" data-id=\"e846502\" data-element_type=\"widget\" data-e-type=\"widget\" data-widget_type=\"text-editor.default\">\n\t\t\t\t<div class=\"elementor-widget-container\">\n\t\t\t\t\t\t\t\t\t<p>Damit das auch so bleibt oder vielleicht sogar noch besser wird, haben wir den <b>optimalen T\u00f6ff-Geh\u00f6rschutz<\/b>\u00a0f\u00fcr dich.<\/p><p>Der perfekte Begleiter f\u00fcr Motorradfahren | Motorsport und Industrieanwendungen mit Helm.<\/p><p>\u00a0<\/p><p>Der <b>T\u00f6ff-Geh\u00f6rschutz\u00a0<\/b>wird genau nach der Abformung deiner Ohren massgefertigt und sitzt daher perfekt: kein Herausfallen und kein Druckgef\u00fchl! Dank des soften Silikons und seiner kleinen Gr\u00f6\u00dfe tr\u00e4gt sich dieser Geh\u00f6rschutz so bequem, dass du ihn kaum sp\u00fcrst. Es f\u00fchlt sich so nat\u00fcrlich an, dass du nach einiger Zeit vergessen wirst, \u00fcberhaupt etwas in den Ohren zu haben. Durch seinen kleinen Griff kannst du den Geh\u00f6rschutz jederzeit flink einsetzen und herausnehmen.<\/p>\t\t\t\t\t\t\t\t<\/div>\n\t\t\t\t<\/div>\n\t\t\t\t<div class=\"elementor-element elementor-element-cedc6d1 elementor-widget elementor-widget-image\" data-id=\"cedc6d1\" data-element_type=\"widget\" data-e-type=\"widget\" data-widget_type=\"image.default\">\n\t\t\t\t<div class=\"elementor-widget-container\">\n\t\t\t\t\t\t\t\t\t\t\t\t\t\t\t<img fetchpriority=\"high\" decoding=\"async\" width=\"750\" height=\"283\" src=\"https:\/\/hoerdesign.ch\/wp-content\/uploads\/2024\/03\/bachmaier_helmet_Paar-scaled-e1624021828294-1024x386.jpg\" class=\"attachment-large size-large wp-image-3137\" alt=\"\" srcset=\"https:\/\/hoerdesign.ch\/wp-content\/uploads\/2024\/03\/bachmaier_helmet_Paar-scaled-e1624021828294-1024x386.jpg 1024w, https:\/\/hoerdesign.ch\/wp-content\/uploads\/2024\/03\/bachmaier_helmet_Paar-scaled-e1624021828294-300x113.jpg 300w, https:\/\/hoerdesign.ch\/wp-content\/uploads\/2024\/03\/bachmaier_helmet_Paar-scaled-e1624021828294-768x290.jpg 768w, https:\/\/hoerdesign.ch\/wp-content\/uploads\/2024\/03\/bachmaier_helmet_Paar-scaled-e1624021828294-1536x580.jpg 1536w, https:\/\/hoerdesign.ch\/wp-content\/uploads\/2024\/03\/bachmaier_helmet_Paar-scaled-e1624021828294-2048x773.jpg 2048w, https:\/\/hoerdesign.ch\/wp-content\/uploads\/2024\/03\/bachmaier_helmet_Paar-scaled-e1624021828294-1568x592.jpg 1568w\" sizes=\"(max-width: 750px) 100vw, 750px\" style=\"width:100%;height:37.73%;max-width:2560px\" \/>\t\t\t\t\t\t\t\t\t\t\t\t\t\t\t<\/div>\n\t\t\t\t<\/div>\n\t\t\t\t<div class=\"elementor-element elementor-element-94fc916 elementor-widget elementor-widget-text-editor\" data-id=\"94fc916\" data-element_type=\"widget\" data-e-type=\"widget\" data-widget_type=\"text-editor.default\">\n\t\t\t\t<div class=\"elementor-widget-container\">\n\t\t\t\t\t\t\t\t\t<h5>Preis pro Paar: 232 CHF<\/h5>\t\t\t\t\t\t\t\t<\/div>\n\t\t\t\t<\/div>\n\t\t\t\t<div class=\"elementor-element elementor-element-9c051f8 elementor-widget elementor-widget-video\" data-id=\"9c051f8\" data-element_type=\"widget\" data-e-type=\"widget\" data-settings=\"{&quot;video_type&quot;:&quot;hosted&quot;,&quot;controls&quot;:&quot;yes&quot;}\" data-widget_type=\"video.default\">\n\t\t\t\t<div class=\"elementor-widget-container\">\n\t\t\t\t\t\t\t<div class=\"e-hosted-video elementor-wrapper elementor-open-inline\">\n\t\t\t\t\t<video class=\"elementor-video\" src=\"https:\/\/hoerdesign.ch\/wp-content\/uploads\/2024\/03\/bachmaier_helmet_Video.mp4\" controls=\"\" preload=\"metadata\" controlslist=\"nodownload\"><\/video>\n\t\t\t\t<\/div>\n\t\t\t\t\t\t<\/div>\n\t\t\t\t<\/div>\n\t\t\t\t\t<\/div>\n\t\t<\/div>\n\t\t\t\t\t<\/div>\n\t\t<\/section>\n\t\t\t\t<\/div>","protected":false},"excerpt":{"rendered":"<p>Geh\u00f6rschutz f\u00fcr T\u00f6fffahrer Den Wind Sp\u00fcren, nicht h\u00f6ren Motorradfahren ist f\u00fcr dich Kurvenschwingen, Entspannung, Fernweh stillen, Abschalten und etwas, das du ganz alleine f\u00fcr dich hast. Es macht dich gl\u00fccklich(er) und vielleicht sogar ein St\u00fcckchen umg\u00e4nglicher&#8230; Du wei\u00dft genau: Wer nicht losf\u00e4hrt, kommt nie an. Du kommst immer ans Ziel. Egal, wie lang deine Reise&hellip; <a class=\"more-link\" href=\"https:\/\/hoerdesign.ch\/en\/gehoerschutz-fuer-toeffahrer\/\">Continue reading <span class=\"screen-reader-text\">motorbike hearing protection<\/span><\/a><\/p>","protected":false},"author":1,"featured_media":0,"parent":0,"menu_order":0,"comment_status":"closed","ping_status":"closed","template":"","meta":{"_surecart_dashboard_logo_width":"180px","_surecart_dashboard_show_logo":true,"_surecart_dashboard_navigation_orders":true,"_surecart_dashboard_navigation_invoices":true,"_surecart_dashboard_navigation_subscriptions":true,"_surecart_dashboard_navigation_downloads":true,"_surecart_dashboard_navigation_billing":true,"_surecart_dashboard_navigation_account":true,"footnotes":""},"class_list":["post-3135","page","type-page","status-publish","hentry","entry"],"yoast_head":"<!-- This site is optimized with the Yoast SEO plugin v27.5 - https:\/\/yoast.com\/product\/yoast-seo-wordpress\/ -->\n<title>Damit das Abenteuer genossen werden kann<\/title>\n<meta name=\"description\" content=\"Damit die Leidenschaft keinen Schaden nimmt. Jetzt Geh\u00f6rschutz f\u00fcr Motorr\u00e4der holen.\" \/>\n<meta name=\"robots\" content=\"index, follow, max-snippet:-1, max-image-preview:large, max-video-preview:-1\" \/>\n<link rel=\"canonical\" href=\"https:\/\/hoerdesign.ch\/en\/gehoerschutz-fuer-toeffahrer\/\" \/>\n<meta property=\"og:locale\" content=\"en_GB\" \/>\n<meta property=\"og:type\" content=\"article\" \/>\n<meta property=\"og:title\" content=\"Damit das Abenteuer genossen werden kann\" \/>\n<meta property=\"og:description\" content=\"Damit die Leidenschaft keinen Schaden nimmt. Jetzt Geh\u00f6rschutz f\u00fcr Motorr\u00e4der holen.\" \/>\n<meta property=\"og:url\" content=\"https:\/\/hoerdesign.ch\/en\/gehoerschutz-fuer-toeffahrer\/\" \/>\n<meta property=\"og:site_name\" content=\"H\u00f6rdesign GmbH\" \/>\n<meta property=\"article:publisher\" content=\"https:\/\/www.facebook.com\/hoerdesigninzug\" \/>\n<meta property=\"article:modified_time\" content=\"2024-03-13T05:52:45+00:00\" \/>\n<meta property=\"og:image\" content=\"https:\/\/hoerdesign.ch\/wp-content\/uploads\/2024\/03\/bachmaier_helmet_Paar-scaled-e1624021828294-1024x386.jpg\" \/>\n<meta name=\"twitter:card\" content=\"summary_large_image\" \/>\n<meta name=\"twitter:label1\" content=\"Estimated reading time\" \/>\n\t<meta name=\"twitter:data1\" content=\"1 minute\" \/>\n<script type=\"application\/ld+json\" class=\"yoast-schema-graph\">{\"@context\":\"https:\\\/\\\/schema.org\",\"@graph\":[{\"@type\":\"WebPage\",\"@id\":\"https:\\\/\\\/hoerdesign.ch\\\/gehoerschutz-fuer-toeffahrer\\\/\",\"url\":\"https:\\\/\\\/hoerdesign.ch\\\/gehoerschutz-fuer-toeffahrer\\\/\",\"name\":\"Damit das Abenteuer genossen werden kann\",\"isPartOf\":{\"@id\":\"https:\\\/\\\/hoerdesign.ch\\\/#website\"},\"primaryImageOfPage\":{\"@id\":\"https:\\\/\\\/hoerdesign.ch\\\/gehoerschutz-fuer-toeffahrer\\\/#primaryimage\"},\"image\":{\"@id\":\"https:\\\/\\\/hoerdesign.ch\\\/gehoerschutz-fuer-toeffahrer\\\/#primaryimage\"},\"thumbnailUrl\":\"https:\\\/\\\/hoerdesign.ch\\\/wp-content\\\/uploads\\\/2024\\\/03\\\/bachmaier_helmet_Paar-scaled-e1624021828294-1024x386.jpg\",\"datePublished\":\"2024-03-13T05:51:03+00:00\",\"dateModified\":\"2024-03-13T05:52:45+00:00\",\"description\":\"Damit die Leidenschaft keinen Schaden nimmt. Jetzt Geh\u00f6rschutz f\u00fcr Motorr\u00e4der holen.\",\"breadcrumb\":{\"@id\":\"https:\\\/\\\/hoerdesign.ch\\\/gehoerschutz-fuer-toeffahrer\\\/#breadcrumb\"},\"inLanguage\":\"en-GB\",\"potentialAction\":[{\"@type\":\"ReadAction\",\"target\":[\"https:\\\/\\\/hoerdesign.ch\\\/gehoerschutz-fuer-toeffahrer\\\/\"]}]},{\"@type\":\"ImageObject\",\"inLanguage\":\"en-GB\",\"@id\":\"https:\\\/\\\/hoerdesign.ch\\\/gehoerschutz-fuer-toeffahrer\\\/#primaryimage\",\"url\":\"https:\\\/\\\/hoerdesign.ch\\\/wp-content\\\/uploads\\\/2024\\\/03\\\/bachmaier_helmet_Paar-scaled-e1624021828294-1024x386.jpg\",\"contentUrl\":\"https:\\\/\\\/hoerdesign.ch\\\/wp-content\\\/uploads\\\/2024\\\/03\\\/bachmaier_helmet_Paar-scaled-e1624021828294-1024x386.jpg\"},{\"@type\":\"BreadcrumbList\",\"@id\":\"https:\\\/\\\/hoerdesign.ch\\\/gehoerschutz-fuer-toeffahrer\\\/#breadcrumb\",\"itemListElement\":[{\"@type\":\"ListItem\",\"position\":1,\"name\":\"Startseite\",\"item\":\"https:\\\/\\\/hoerdesign.ch\\\/\"},{\"@type\":\"ListItem\",\"position\":2,\"name\":\"Geh\u00f6rschutz f\u00fcr T\u00f6ffahrer\"}]},{\"@type\":\"WebSite\",\"@id\":\"https:\\\/\\\/hoerdesign.ch\\\/#website\",\"url\":\"https:\\\/\\\/hoerdesign.ch\\\/\",\"name\":\"H\u00f6rdesign GmbH\",\"description\":\"Mehr h\u00f6ren. Mehr erleben\",\"publisher\":{\"@id\":\"https:\\\/\\\/hoerdesign.ch\\\/#organization\"},\"potentialAction\":[{\"@type\":\"SearchAction\",\"target\":{\"@type\":\"EntryPoint\",\"urlTemplate\":\"https:\\\/\\\/hoerdesign.ch\\\/?s={search_term_string}\"},\"query-input\":{\"@type\":\"PropertyValueSpecification\",\"valueRequired\":true,\"valueName\":\"search_term_string\"}}],\"inLanguage\":\"en-GB\"},{\"@type\":\"Organization\",\"@id\":\"https:\\\/\\\/hoerdesign.ch\\\/#organization\",\"name\":\"H\u00f6rdesign GmbH\",\"url\":\"https:\\\/\\\/hoerdesign.ch\\\/\",\"logo\":{\"@type\":\"ImageObject\",\"inLanguage\":\"en-GB\",\"@id\":\"https:\\\/\\\/hoerdesign.ch\\\/#\\\/schema\\\/logo\\\/image\\\/\",\"url\":\"https:\\\/\\\/hoerdesign.ch\\\/wp-content\\\/uploads\\\/2023\\\/10\\\/Logo-Hoerdesign-Hohe-Aufloesung.png\",\"contentUrl\":\"https:\\\/\\\/hoerdesign.ch\\\/wp-content\\\/uploads\\\/2023\\\/10\\\/Logo-Hoerdesign-Hohe-Aufloesung.png\",\"width\":730,\"height\":289,\"caption\":\"H\u00f6rdesign GmbH\"},\"image\":{\"@id\":\"https:\\\/\\\/hoerdesign.ch\\\/#\\\/schema\\\/logo\\\/image\\\/\"},\"sameAs\":[\"https:\\\/\\\/www.facebook.com\\\/hoerdesigninzug\",\"https:\\\/\\\/www.instagram.com\\\/hoerdesign_official\\\/\",\"https:\\\/\\\/www.linkedin.com\\\/company\\\/78306967\\\/admin\\\/feed\\\/posts\\\/?feedType=following\"]}]}<\/script>\n<!-- \/ Yoast SEO plugin. -->","yoast_head_json":{"title":"Damit das Abenteuer genossen werden kann","description":"Damit die Leidenschaft keinen Schaden nimmt. Jetzt Geh\u00f6rschutz f\u00fcr Motorr\u00e4der holen.","robots":{"index":"index","follow":"follow","max-snippet":"max-snippet:-1","max-image-preview":"max-image-preview:large","max-video-preview":"max-video-preview:-1"},"canonical":"https:\/\/hoerdesign.ch\/en\/gehoerschutz-fuer-toeffahrer\/","og_locale":"en_GB","og_type":"article","og_title":"Damit das Abenteuer genossen werden kann","og_description":"Damit die Leidenschaft keinen Schaden nimmt. Jetzt Geh\u00f6rschutz f\u00fcr Motorr\u00e4der holen.","og_url":"https:\/\/hoerdesign.ch\/en\/gehoerschutz-fuer-toeffahrer\/","og_site_name":"H\u00f6rdesign GmbH","article_publisher":"https:\/\/www.facebook.com\/hoerdesigninzug","article_modified_time":"2024-03-13T05:52:45+00:00","og_image":[{"url":"https:\/\/hoerdesign.ch\/wp-content\/uploads\/2024\/03\/bachmaier_helmet_Paar-scaled-e1624021828294-1024x386.jpg","type":"","width":"","height":""}],"twitter_card":"summary_large_image","twitter_misc":{"Estimated reading time":"1 minute"},"schema":{"@context":"https:\/\/schema.org","@graph":[{"@type":"WebPage","@id":"https:\/\/hoerdesign.ch\/gehoerschutz-fuer-toeffahrer\/","url":"https:\/\/hoerdesign.ch\/gehoerschutz-fuer-toeffahrer\/","name":"Damit das Abenteuer genossen werden kann","isPartOf":{"@id":"https:\/\/hoerdesign.ch\/#website"},"primaryImageOfPage":{"@id":"https:\/\/hoerdesign.ch\/gehoerschutz-fuer-toeffahrer\/#primaryimage"},"image":{"@id":"https:\/\/hoerdesign.ch\/gehoerschutz-fuer-toeffahrer\/#primaryimage"},"thumbnailUrl":"https:\/\/hoerdesign.ch\/wp-content\/uploads\/2024\/03\/bachmaier_helmet_Paar-scaled-e1624021828294-1024x386.jpg","datePublished":"2024-03-13T05:51:03+00:00","dateModified":"2024-03-13T05:52:45+00:00","description":"Damit die Leidenschaft keinen Schaden nimmt. Jetzt Geh\u00f6rschutz f\u00fcr Motorr\u00e4der holen.","breadcrumb":{"@id":"https:\/\/hoerdesign.ch\/gehoerschutz-fuer-toeffahrer\/#breadcrumb"},"inLanguage":"en-GB","potentialAction":[{"@type":"ReadAction","target":["https:\/\/hoerdesign.ch\/gehoerschutz-fuer-toeffahrer\/"]}]},{"@type":"ImageObject","inLanguage":"en-GB","@id":"https:\/\/hoerdesign.ch\/gehoerschutz-fuer-toeffahrer\/#primaryimage","url":"https:\/\/hoerdesign.ch\/wp-content\/uploads\/2024\/03\/bachmaier_helmet_Paar-scaled-e1624021828294-1024x386.jpg","contentUrl":"https:\/\/hoerdesign.ch\/wp-content\/uploads\/2024\/03\/bachmaier_helmet_Paar-scaled-e1624021828294-1024x386.jpg"},{"@type":"BreadcrumbList","@id":"https:\/\/hoerdesign.ch\/gehoerschutz-fuer-toeffahrer\/#breadcrumb","itemListElement":[{"@type":"ListItem","position":1,"name":"Startseite","item":"https:\/\/hoerdesign.ch\/"},{"@type":"ListItem","position":2,"name":"Geh\u00f6rschutz f\u00fcr T\u00f6ffahrer"}]},{"@type":"WebSite","@id":"https:\/\/hoerdesign.ch\/#website","url":"https:\/\/hoerdesign.ch\/","name":"H\u00f6rdesign GmbH","description":"Mehr h\u00f6ren. Mehr erleben","publisher":{"@id":"https:\/\/hoerdesign.ch\/#organization"},"potentialAction":[{"@type":"SearchAction","target":{"@type":"EntryPoint","urlTemplate":"https:\/\/hoerdesign.ch\/?s={search_term_string}"},"query-input":{"@type":"PropertyValueSpecification","valueRequired":true,"valueName":"search_term_string"}}],"inLanguage":"en-GB"},{"@type":"Organization","@id":"https:\/\/hoerdesign.ch\/#organization","name":"H\u00f6rdesign GmbH","url":"https:\/\/hoerdesign.ch\/","logo":{"@type":"ImageObject","inLanguage":"en-GB","@id":"https:\/\/hoerdesign.ch\/#\/schema\/logo\/image\/","url":"https:\/\/hoerdesign.ch\/wp-content\/uploads\/2023\/10\/Logo-Hoerdesign-Hohe-Aufloesung.png","contentUrl":"https:\/\/hoerdesign.ch\/wp-content\/uploads\/2023\/10\/Logo-Hoerdesign-Hohe-Aufloesung.png","width":730,"height":289,"caption":"H\u00f6rdesign GmbH"},"image":{"@id":"https:\/\/hoerdesign.ch\/#\/schema\/logo\/image\/"},"sameAs":["https:\/\/www.facebook.com\/hoerdesigninzug","https:\/\/www.instagram.com\/hoerdesign_official\/","https:\/\/www.linkedin.com\/company\/78306967\/admin\/feed\/posts\/?feedType=following"]}]}},"_links":{"self":[{"href":"https:\/\/hoerdesign.ch\/en\/wp-json\/wp\/v2\/pages\/3135","targetHints":{"allow":["GET"]}}],"collection":[{"href":"https:\/\/hoerdesign.ch\/en\/wp-json\/wp\/v2\/pages"}],"about":[{"href":"https:\/\/hoerdesign.ch\/en\/wp-json\/wp\/v2\/types\/page"}],"author":[{"embeddable":true,"href":"https:\/\/hoerdesign.ch\/en\/wp-json\/wp\/v2\/users\/1"}],"replies":[{"embeddable":true,"href":"https:\/\/hoerdesign.ch\/en\/wp-json\/wp\/v2\/comments?post=3135"}],"version-history":[{"count":4,"href":"https:\/\/hoerdesign.ch\/en\/wp-json\/wp\/v2\/pages\/3135\/revisions"}],"predecessor-version":[{"id":3142,"href":"https:\/\/hoerdesign.ch\/en\/wp-json\/wp\/v2\/pages\/3135\/revisions\/3142"}],"wp:attachment":[{"href":"https:\/\/hoerdesign.ch\/en\/wp-json\/wp\/v2\/media?parent=3135"}],"curies":[{"name":"wp","href":"https:\/\/api.w.org\/{rel}","templated":true}]}}