{"id":3222,"date":"2024-03-15T05:14:54","date_gmt":"2024-03-15T05:14:54","guid":{"rendered":"https:\/\/hoerdesign-neu.ch.xn--hrdesign-n4a.ch\/?page_id=3222"},"modified":"2024-03-18T04:53:52","modified_gmt":"2024-03-18T04:53:52","slug":"kostenuebernahme-ahv-iv-suva-militaerversicherung-krankenkasse","status":"publish","type":"page","link":"https:\/\/hoerdesign.ch\/en\/kostenuebernahme-ahv-iv-suva-militaerversicherung-krankenkasse\/","title":{"rendered":"Who pays for hearing aids?"},"content":{"rendered":"<div data-elementor-type=\"wp-page\" data-elementor-id=\"3222\" class=\"elementor elementor-3222\" data-elementor-post-type=\"page\">\n\t\t\t\t\t\t<section class=\"elementor-section elementor-top-section elementor-element elementor-element-8fb443b elementor-section-boxed elementor-section-height-default elementor-section-height-default\" data-id=\"8fb443b\" data-element_type=\"section\" data-e-type=\"section\">\n\t\t\t\t\t\t<div class=\"elementor-container elementor-column-gap-default\">\n\t\t\t\t\t<div class=\"elementor-column elementor-col-100 elementor-top-column elementor-element elementor-element-dc83be7\" data-id=\"dc83be7\" data-element_type=\"column\" data-e-type=\"column\">\n\t\t\t<div class=\"elementor-widget-wrap elementor-element-populated\">\n\t\t\t\t\t\t<div class=\"elementor-element elementor-element-a3dd71e elementor-widget elementor-widget-heading\" data-id=\"a3dd71e\" data-element_type=\"widget\" data-e-type=\"widget\" data-widget_type=\"heading.default\">\n\t\t\t\t<div class=\"elementor-widget-container\">\n\t\t\t\t\t<h1 class=\"elementor-heading-title elementor-size-default\">Kosten\u00fcbernahme AHV\/IV\/SUVA\/Milit\u00e4rversicherung\/Krankenkasse<\/h1>\t\t\t\t<\/div>\n\t\t\t\t<\/div>\n\t\t\t\t<section class=\"elementor-section elementor-inner-section elementor-element elementor-element-157398d elementor-section-boxed elementor-section-height-default elementor-section-height-default\" data-id=\"157398d\" data-element_type=\"section\" data-e-type=\"section\">\n\t\t\t\t\t\t<div class=\"elementor-container elementor-column-gap-default\">\n\t\t\t\t\t<div class=\"elementor-column elementor-col-50 elementor-inner-column elementor-element elementor-element-5a2bd5d\" data-id=\"5a2bd5d\" data-element_type=\"column\" data-e-type=\"column\">\n\t\t\t<div class=\"elementor-widget-wrap elementor-element-populated\">\n\t\t\t\t\t\t<div class=\"elementor-element elementor-element-09f7b28 elementor-widget elementor-widget-text-editor\" data-id=\"09f7b28\" data-element_type=\"widget\" data-e-type=\"widget\" data-widget_type=\"text-editor.default\">\n\t\t\t\t<div class=\"elementor-widget-container\">\n\t\t\t\t\t\t\t\t\t<h3>\u00a0<\/h3><h3>\u00a0<\/h3><h3>\u00a0<\/h3><h3><em><strong>Woher bekomme ich eine\u00a0<\/strong><\/em><\/h3><h3><em><strong>Kostenbeteiligung an den H\u00f6rger\u00e4ten?<\/strong><\/em><\/h3>\t\t\t\t\t\t\t\t<\/div>\n\t\t\t\t<\/div>\n\t\t\t\t\t<\/div>\n\t\t<\/div>\n\t\t\t\t<div class=\"elementor-column elementor-col-50 elementor-inner-column elementor-element elementor-element-e4efe96\" data-id=\"e4efe96\" data-element_type=\"column\" data-e-type=\"column\">\n\t\t\t<div class=\"elementor-widget-wrap elementor-element-populated\">\n\t\t\t\t\t\t<div class=\"elementor-element elementor-element-e42d3a1 elementor-widget elementor-widget-image\" data-id=\"e42d3a1\" data-element_type=\"widget\" data-e-type=\"widget\" data-widget_type=\"image.default\">\n\t\t\t\t<div class=\"elementor-widget-container\">\n\t\t\t\t\t\t\t\t\t\t\t\t\t\t\t<img fetchpriority=\"high\" decoding=\"async\" width=\"750\" height=\"508\" src=\"https:\/\/hoerdesign.ch\/wp-content\/uploads\/2024\/03\/Website-AHV-1024x694.jpg\" class=\"attachment-large size-large wp-image-3224\" alt=\"\" srcset=\"https:\/\/hoerdesign.ch\/wp-content\/uploads\/2024\/03\/Website-AHV-1024x694.jpg 1024w, https:\/\/hoerdesign.ch\/wp-content\/uploads\/2024\/03\/Website-AHV-300x203.jpg 300w, https:\/\/hoerdesign.ch\/wp-content\/uploads\/2024\/03\/Website-AHV-768x520.jpg 768w, https:\/\/hoerdesign.ch\/wp-content\/uploads\/2024\/03\/Website-AHV-1536x1040.jpg 1536w, https:\/\/hoerdesign.ch\/wp-content\/uploads\/2024\/03\/Website-AHV-2048x1387.jpg 2048w, https:\/\/hoerdesign.ch\/wp-content\/uploads\/2024\/03\/Website-AHV-1568x1062.jpg 1568w\" sizes=\"(max-width: 750px) 100vw, 750px\" style=\"width:100%;height:67.72%;max-width:2079px\" \/>\t\t\t\t\t\t\t\t\t\t\t\t\t\t\t<\/div>\n\t\t\t\t<\/div>\n\t\t\t\t\t<\/div>\n\t\t<\/div>\n\t\t\t\t\t<\/div>\n\t\t<\/section>\n\t\t\t\t<section class=\"elementor-section elementor-inner-section elementor-element elementor-element-f72f8de elementor-section-boxed elementor-section-height-default elementor-section-height-default\" data-id=\"f72f8de\" data-element_type=\"section\" data-e-type=\"section\">\n\t\t\t\t\t\t<div class=\"elementor-container elementor-column-gap-default\">\n\t\t\t\t\t<div class=\"elementor-column elementor-col-50 elementor-inner-column elementor-element elementor-element-0e02563\" data-id=\"0e02563\" data-element_type=\"column\" data-e-type=\"column\">\n\t\t\t<div class=\"elementor-widget-wrap elementor-element-populated\">\n\t\t\t\t\t\t<div class=\"elementor-element elementor-element-738acb1 elementor-widget elementor-widget-text-editor\" data-id=\"738acb1\" data-element_type=\"widget\" data-e-type=\"widget\" data-widget_type=\"text-editor.default\">\n\t\t\t\t<div class=\"elementor-widget-container\">\n\t\t\t\t\t\t\t\t\t<h3>SUVA\/Milit\u00e4rversicherung<\/h3><div>\u00a0<\/div><p>Eine Kostenbeteiligung der Unfallversicherung oder Milit\u00e4rversicherung wird nur geschehen, wenn diese auch von einem ORL- Facharzt anerkannt wurde. Die \u00fcbernommenen Kosten h\u00e4ngen von der Komplexit\u00e4t der H\u00f6reinschr\u00e4nkung ab.<\/p>\t\t\t\t\t\t\t\t<\/div>\n\t\t\t\t<\/div>\n\t\t\t\t\t<\/div>\n\t\t<\/div>\n\t\t\t\t<div class=\"elementor-column elementor-col-50 elementor-inner-column elementor-element elementor-element-dfdbc34\" data-id=\"dfdbc34\" data-element_type=\"column\" data-e-type=\"column\">\n\t\t\t<div class=\"elementor-widget-wrap elementor-element-populated\">\n\t\t\t\t\t\t<div class=\"elementor-element elementor-element-1a34396 elementor-widget elementor-widget-image\" data-id=\"1a34396\" data-element_type=\"widget\" data-e-type=\"widget\" data-widget_type=\"image.default\">\n\t\t\t\t<div class=\"elementor-widget-container\">\n\t\t\t\t\t\t\t\t\t\t\t\t\t\t\t<img decoding=\"async\" width=\"300\" height=\"200\" src=\"https:\/\/hoerdesign.ch\/wp-content\/uploads\/2024\/03\/AHV_SUVA_NICE_TO_NOW-300x200.jpg\" class=\"attachment-medium size-medium wp-image-3225\" alt=\"\" srcset=\"https:\/\/hoerdesign.ch\/wp-content\/uploads\/2024\/03\/AHV_SUVA_NICE_TO_NOW-300x200.jpg 300w, https:\/\/hoerdesign.ch\/wp-content\/uploads\/2024\/03\/AHV_SUVA_NICE_TO_NOW-1024x683.jpg 1024w, https:\/\/hoerdesign.ch\/wp-content\/uploads\/2024\/03\/AHV_SUVA_NICE_TO_NOW-768x512.jpg 768w, https:\/\/hoerdesign.ch\/wp-content\/uploads\/2024\/03\/AHV_SUVA_NICE_TO_NOW-1536x1024.jpg 1536w, https:\/\/hoerdesign.ch\/wp-content\/uploads\/2024\/03\/AHV_SUVA_NICE_TO_NOW-2048x1366.jpg 2048w, https:\/\/hoerdesign.ch\/wp-content\/uploads\/2024\/03\/AHV_SUVA_NICE_TO_NOW-1568x1046.jpg 1568w\" sizes=\"(max-width: 300px) 100vw, 300px\" style=\"width:100%;height:66.68%;max-width:2074px\" \/>\t\t\t\t\t\t\t\t\t\t\t\t\t\t\t<\/div>\n\t\t\t\t<\/div>\n\t\t\t\t\t<\/div>\n\t\t<\/div>\n\t\t\t\t\t<\/div>\n\t\t<\/section>\n\t\t\t\t<div class=\"elementor-element elementor-element-d288ee2 elementor-widget elementor-widget-spacer\" data-id=\"d288ee2\" data-element_type=\"widget\" data-e-type=\"widget\" data-widget_type=\"spacer.default\">\n\t\t\t\t<div class=\"elementor-widget-container\">\n\t\t\t\t\t\t\t<div class=\"elementor-spacer\">\n\t\t\t<div class=\"elementor-spacer-inner\"><\/div>\n\t\t<\/div>\n\t\t\t\t\t\t<\/div>\n\t\t\t\t<\/div>\n\t\t\t\t<section class=\"elementor-section elementor-inner-section elementor-element elementor-element-4b12750 elementor-section-boxed elementor-section-height-default elementor-section-height-default\" data-id=\"4b12750\" data-element_type=\"section\" data-e-type=\"section\">\n\t\t\t\t\t\t<div class=\"elementor-container elementor-column-gap-default\">\n\t\t\t\t\t<div class=\"elementor-column elementor-col-50 elementor-inner-column elementor-element elementor-element-9951140\" data-id=\"9951140\" data-element_type=\"column\" data-e-type=\"column\">\n\t\t\t<div class=\"elementor-widget-wrap elementor-element-populated\">\n\t\t\t\t\t\t<div class=\"elementor-element elementor-element-5d9a6f1 elementor-widget elementor-widget-image\" data-id=\"5d9a6f1\" data-element_type=\"widget\" data-e-type=\"widget\" data-widget_type=\"image.default\">\n\t\t\t\t<div class=\"elementor-widget-container\">\n\t\t\t\t\t\t\t\t\t\t\t\t\t\t\t<img decoding=\"async\" width=\"300\" height=\"200\" src=\"https:\/\/hoerdesign.ch\/wp-content\/uploads\/2024\/03\/AHV_SUVA_NICE_TO_NOW-300x200.jpg\" class=\"attachment-medium size-medium wp-image-3225\" alt=\"\" srcset=\"https:\/\/hoerdesign.ch\/wp-content\/uploads\/2024\/03\/AHV_SUVA_NICE_TO_NOW-300x200.jpg 300w, https:\/\/hoerdesign.ch\/wp-content\/uploads\/2024\/03\/AHV_SUVA_NICE_TO_NOW-1024x683.jpg 1024w, https:\/\/hoerdesign.ch\/wp-content\/uploads\/2024\/03\/AHV_SUVA_NICE_TO_NOW-768x512.jpg 768w, https:\/\/hoerdesign.ch\/wp-content\/uploads\/2024\/03\/AHV_SUVA_NICE_TO_NOW-1536x1024.jpg 1536w, https:\/\/hoerdesign.ch\/wp-content\/uploads\/2024\/03\/AHV_SUVA_NICE_TO_NOW-2048x1366.jpg 2048w, https:\/\/hoerdesign.ch\/wp-content\/uploads\/2024\/03\/AHV_SUVA_NICE_TO_NOW-1568x1046.jpg 1568w\" sizes=\"(max-width: 300px) 100vw, 300px\" style=\"width:100%;height:66.68%;max-width:2074px\" \/>\t\t\t\t\t\t\t\t\t\t\t\t\t\t\t<\/div>\n\t\t\t\t<\/div>\n\t\t\t\t\t<\/div>\n\t\t<\/div>\n\t\t\t\t<div class=\"elementor-column elementor-col-50 elementor-inner-column elementor-element elementor-element-6e3aab5\" data-id=\"6e3aab5\" data-element_type=\"column\" data-e-type=\"column\">\n\t\t\t<div class=\"elementor-widget-wrap elementor-element-populated\">\n\t\t\t\t\t\t<div class=\"elementor-element elementor-element-e3dc7da elementor-widget elementor-widget-text-editor\" data-id=\"e3dc7da\" data-element_type=\"widget\" data-e-type=\"widget\" data-widget_type=\"text-editor.default\">\n\t\t\t\t<div class=\"elementor-widget-container\">\n\t\t\t\t\t\t\t\t\t<h3>AHV<\/h3><div>\u00a0<\/div><p>Die Kostenbeteiligung der AHV ist ab dem 65 Lebensjahr m\u00f6glich. Die Voraussetzung ist eine Mindesth\u00f6reinschr\u00e4nkung von 35%. Das wird durch einen Expertisenfacharzt gepr\u00fcft. Ist dieser Bescheid Positiv, dann bekommen Sie f\u00fcr 2 Ohren 1237.50 CHF nach Einreichung der H\u00f6rger\u00e4terechnung auf Ihr Konto \u00fcberwiesen. Wichtig: Das H\u00f6rger\u00e4t muss in der Schweiz zugelassen sein.<\/p>\t\t\t\t\t\t\t\t<\/div>\n\t\t\t\t<\/div>\n\t\t\t\t\t<\/div>\n\t\t<\/div>\n\t\t\t\t\t<\/div>\n\t\t<\/section>\n\t\t\t\t<section class=\"elementor-section elementor-inner-section elementor-element elementor-element-902d423 elementor-section-boxed elementor-section-height-default elementor-section-height-default\" data-id=\"902d423\" data-element_type=\"section\" data-e-type=\"section\">\n\t\t\t\t\t\t<div class=\"elementor-container elementor-column-gap-default\">\n\t\t\t\t\t<div class=\"elementor-column elementor-col-50 elementor-inner-column elementor-element elementor-element-9d54cdd\" data-id=\"9d54cdd\" data-element_type=\"column\" data-e-type=\"column\">\n\t\t\t<div class=\"elementor-widget-wrap elementor-element-populated\">\n\t\t\t\t\t\t<div class=\"elementor-element elementor-element-0873d60 elementor-widget elementor-widget-text-editor\" data-id=\"0873d60\" data-element_type=\"widget\" data-e-type=\"widget\" data-widget_type=\"text-editor.default\">\n\t\t\t\t<div class=\"elementor-widget-container\">\n\t\t\t\t\t\t\t\t\t<h3>Invaliden Versicherung &#8211; IV<\/h3><div>\u00a0<\/div><p>Die IV- Versicherung gilt bis 64 Jahre, also vor dem Rentenalter. Die Pr\u00fcfung einer Kostenbeteiligung erfolgt auch wieder von einem ORL-Expertisenarzt. Bei positiven Bescheid bekommen Sie nach Einreichung der H\u00f6rger\u00e4terechnung 1650.00 CHF f\u00fcr zwei H\u00f6rger\u00e4te \u00fcberwiesen. Die IV \u00fcbernimmt auch Pauschalbetr\u00e4ge bei Batterien und Reparaturen.<\/p>\t\t\t\t\t\t\t\t<\/div>\n\t\t\t\t<\/div>\n\t\t\t\t\t<\/div>\n\t\t<\/div>\n\t\t\t\t<div class=\"elementor-column elementor-col-50 elementor-inner-column elementor-element elementor-element-fd666ed\" data-id=\"fd666ed\" data-element_type=\"column\" data-e-type=\"column\">\n\t\t\t<div class=\"elementor-widget-wrap elementor-element-populated\">\n\t\t\t\t\t\t<div class=\"elementor-element elementor-element-badf749 elementor-widget elementor-widget-image\" data-id=\"badf749\" data-element_type=\"widget\" data-e-type=\"widget\" data-widget_type=\"image.default\">\n\t\t\t\t<div class=\"elementor-widget-container\">\n\t\t\t\t\t\t\t\t\t\t\t\t\t\t\t<img decoding=\"async\" width=\"300\" height=\"200\" src=\"https:\/\/hoerdesign.ch\/wp-content\/uploads\/2024\/03\/AHV_SUVA_NICE_TO_NOW-300x200.jpg\" class=\"attachment-medium size-medium wp-image-3225\" alt=\"\" srcset=\"https:\/\/hoerdesign.ch\/wp-content\/uploads\/2024\/03\/AHV_SUVA_NICE_TO_NOW-300x200.jpg 300w, https:\/\/hoerdesign.ch\/wp-content\/uploads\/2024\/03\/AHV_SUVA_NICE_TO_NOW-1024x683.jpg 1024w, https:\/\/hoerdesign.ch\/wp-content\/uploads\/2024\/03\/AHV_SUVA_NICE_TO_NOW-768x512.jpg 768w, https:\/\/hoerdesign.ch\/wp-content\/uploads\/2024\/03\/AHV_SUVA_NICE_TO_NOW-1536x1024.jpg 1536w, https:\/\/hoerdesign.ch\/wp-content\/uploads\/2024\/03\/AHV_SUVA_NICE_TO_NOW-2048x1366.jpg 2048w, https:\/\/hoerdesign.ch\/wp-content\/uploads\/2024\/03\/AHV_SUVA_NICE_TO_NOW-1568x1046.jpg 1568w\" sizes=\"(max-width: 300px) 100vw, 300px\" style=\"width:100%;height:66.68%;max-width:2074px\" \/>\t\t\t\t\t\t\t\t\t\t\t\t\t\t\t<\/div>\n\t\t\t\t<\/div>\n\t\t\t\t\t<\/div>\n\t\t<\/div>\n\t\t\t\t\t<\/div>\n\t\t<\/section>\n\t\t\t\t<section class=\"elementor-section elementor-inner-section elementor-element elementor-element-c435710 elementor-section-boxed elementor-section-height-default elementor-section-height-default\" data-id=\"c435710\" data-element_type=\"section\" data-e-type=\"section\">\n\t\t\t\t\t\t<div class=\"elementor-container elementor-column-gap-default\">\n\t\t\t\t\t<div class=\"elementor-column elementor-col-50 elementor-inner-column elementor-element elementor-element-b6235d9\" data-id=\"b6235d9\" data-element_type=\"column\" data-e-type=\"column\">\n\t\t\t<div class=\"elementor-widget-wrap elementor-element-populated\">\n\t\t\t\t\t\t<div class=\"elementor-element elementor-element-8994fdf elementor-widget elementor-widget-image\" data-id=\"8994fdf\" data-element_type=\"widget\" data-e-type=\"widget\" data-widget_type=\"image.default\">\n\t\t\t\t<div class=\"elementor-widget-container\">\n\t\t\t\t\t\t\t\t\t\t\t\t\t\t\t<img decoding=\"async\" width=\"300\" height=\"200\" src=\"https:\/\/hoerdesign.ch\/wp-content\/uploads\/2024\/03\/AHV_SUVA_NICE_TO_NOW-300x200.jpg\" class=\"attachment-medium size-medium wp-image-3225\" alt=\"\" srcset=\"https:\/\/hoerdesign.ch\/wp-content\/uploads\/2024\/03\/AHV_SUVA_NICE_TO_NOW-300x200.jpg 300w, https:\/\/hoerdesign.ch\/wp-content\/uploads\/2024\/03\/AHV_SUVA_NICE_TO_NOW-1024x683.jpg 1024w, https:\/\/hoerdesign.ch\/wp-content\/uploads\/2024\/03\/AHV_SUVA_NICE_TO_NOW-768x512.jpg 768w, https:\/\/hoerdesign.ch\/wp-content\/uploads\/2024\/03\/AHV_SUVA_NICE_TO_NOW-1536x1024.jpg 1536w, https:\/\/hoerdesign.ch\/wp-content\/uploads\/2024\/03\/AHV_SUVA_NICE_TO_NOW-2048x1366.jpg 2048w, https:\/\/hoerdesign.ch\/wp-content\/uploads\/2024\/03\/AHV_SUVA_NICE_TO_NOW-1568x1046.jpg 1568w\" sizes=\"(max-width: 300px) 100vw, 300px\" style=\"width:100%;height:66.68%;max-width:2074px\" \/>\t\t\t\t\t\t\t\t\t\t\t\t\t\t\t<\/div>\n\t\t\t\t<\/div>\n\t\t\t\t\t<\/div>\n\t\t<\/div>\n\t\t\t\t<div class=\"elementor-column elementor-col-50 elementor-inner-column elementor-element elementor-element-4fed88e\" data-id=\"4fed88e\" data-element_type=\"column\" data-e-type=\"column\">\n\t\t\t<div class=\"elementor-widget-wrap elementor-element-populated\">\n\t\t\t\t\t\t<div class=\"elementor-element elementor-element-d060b62 elementor-widget elementor-widget-text-editor\" data-id=\"d060b62\" data-element_type=\"widget\" data-e-type=\"widget\" data-widget_type=\"text-editor.default\">\n\t\t\t\t<div class=\"elementor-widget-container\">\n\t\t\t\t\t\t\t\t\t<h3>Krankenkasse<\/h3><div>\u00a0<\/div><p>Die obligatorische Krankenversicherung \u00fcbernimmt keine Kosten f\u00fcr H\u00f6rger\u00e4te. Eine Kostenbeteiligung kann also nur stattfinden, wenn Sie eine Zusatzversicherung abgeschlossen haben. Fragen Sie am besten bei Ihrer Krankenversicherung nach.<\/p>\t\t\t\t\t\t\t\t<\/div>\n\t\t\t\t<\/div>\n\t\t\t\t\t<\/div>\n\t\t<\/div>\n\t\t\t\t\t<\/div>\n\t\t<\/section>\n\t\t\t\t<div class=\"elementor-element elementor-element-131bbf1 elementor-widget elementor-widget-text-editor\" data-id=\"131bbf1\" data-element_type=\"widget\" data-e-type=\"widget\" data-widget_type=\"text-editor.default\">\n\t\t\t\t<div class=\"elementor-widget-container\">\n\t\t\t\t\t\t\t\t\t<h1 style=\"text-align: center;\"><strong>H\u00f6rdesign bietet Ihnen den vollen Service und \u00fcbernimmt die B\u00fcrokratie f\u00fcr Sie komplett<\/strong><\/h1><p>\u00a0<\/p><p><img decoding=\"async\" class=\"size-medium wp-image-1718 aligncenter\" src=\"https:\/\/hoerdesign.ch\/wp-content\/uploads\/2022\/04\/Logo-Hoerdesign-RGB-300x118.jpg\" alt=\"AHV\/IV\/SUVA Kostenbeteiligung\" width=\"300\" height=\"118\" srcset=\"https:\/\/hoerdesign.ch\/wp-content\/uploads\/2022\/04\/Logo-Hoerdesign-RGB-300x118.jpg 300w, https:\/\/hoerdesign.ch\/wp-content\/uploads\/2022\/04\/Logo-Hoerdesign-RGB-768x301.jpg 768w, https:\/\/hoerdesign.ch\/wp-content\/uploads\/2022\/04\/Logo-Hoerdesign-RGB.jpg 786w\" sizes=\"(max-width: 300px) 100vw, 300px\" \/><\/p>\t\t\t\t\t\t\t\t<\/div>\n\t\t\t\t<\/div>\n\t\t\t\t\t<\/div>\n\t\t<\/div>\n\t\t\t\t\t<\/div>\n\t\t<\/section>\n\t\t\t\t<\/div>","protected":false},"excerpt":{"rendered":"<p>Kosten\u00fcbernahme AHV\/IV\/SUVA\/Milit\u00e4rversicherung\/Krankenkasse \u00a0 \u00a0 \u00a0 Woher bekomme ich eine\u00a0 Kostenbeteiligung an den H\u00f6rger\u00e4ten? SUVA\/Milit\u00e4rversicherung \u00a0 Eine Kostenbeteiligung der Unfallversicherung oder Milit\u00e4rversicherung wird nur geschehen, wenn diese auch von einem ORL- Facharzt anerkannt wurde. Die \u00fcbernommenen Kosten h\u00e4ngen von der Komplexit\u00e4t der H\u00f6reinschr\u00e4nkung ab. AHV \u00a0 Die Kostenbeteiligung der AHV ist ab dem 65 Lebensjahr m\u00f6glich.&hellip; <a class=\"more-link\" href=\"https:\/\/hoerdesign.ch\/en\/kostenuebernahme-ahv-iv-suva-militaerversicherung-krankenkasse\/\">Continue reading <span class=\"screen-reader-text\">Who pays for hearing aids?<\/span><\/a><\/p>","protected":false},"author":1,"featured_media":0,"parent":0,"menu_order":0,"comment_status":"closed","ping_status":"closed","template":"","meta":{"_surecart_dashboard_logo_width":"180px","_surecart_dashboard_show_logo":true,"_surecart_dashboard_navigation_orders":true,"_surecart_dashboard_navigation_invoices":true,"_surecart_dashboard_navigation_subscriptions":true,"_surecart_dashboard_navigation_downloads":true,"_surecart_dashboard_navigation_billing":true,"_surecart_dashboard_navigation_account":true,"footnotes":""},"class_list":["post-3222","page","type-page","status-publish","hentry","entry"],"yoast_head":"<!-- This site is optimized with the Yoast SEO plugin v27.5 - https:\/\/yoast.com\/product\/yoast-seo-wordpress\/ -->\n<title>Wer beteiligt sich an den H\u00f6rger\u00e4tekosten?<\/title>\n<meta name=\"robots\" content=\"index, follow, max-snippet:-1, max-image-preview:large, max-video-preview:-1\" \/>\n<link rel=\"canonical\" href=\"https:\/\/hoerdesign.ch\/en\/kostenuebernahme-ahv-iv-suva-militaerversicherung-krankenkasse\/\" \/>\n<meta property=\"og:locale\" content=\"en_GB\" \/>\n<meta property=\"og:type\" content=\"article\" \/>\n<meta property=\"og:title\" content=\"Wer beteiligt sich an den H\u00f6rger\u00e4tekosten?\" \/>\n<meta property=\"og:description\" content=\"Kosten\u00fcbernahme AHV\/IV\/SUVA\/Milit\u00e4rversicherung\/Krankenkasse \u00a0 \u00a0 \u00a0 Woher bekomme ich eine\u00a0 Kostenbeteiligung an den H\u00f6rger\u00e4ten? SUVA\/Milit\u00e4rversicherung \u00a0 Eine Kostenbeteiligung der Unfallversicherung oder Milit\u00e4rversicherung wird nur geschehen, wenn diese auch von einem ORL- Facharzt anerkannt wurde. Die \u00fcbernommenen Kosten h\u00e4ngen von der Komplexit\u00e4t der H\u00f6reinschr\u00e4nkung ab. AHV \u00a0 Die Kostenbeteiligung der AHV ist ab dem 65 Lebensjahr m\u00f6glich.&hellip; Continue reading Kostenbeteiligung AHV\/IV\/SUVA\/Milit\u00e4rversicherung\/Krankenkasse\" \/>\n<meta property=\"og:url\" content=\"https:\/\/hoerdesign.ch\/en\/kostenuebernahme-ahv-iv-suva-militaerversicherung-krankenkasse\/\" \/>\n<meta property=\"og:site_name\" content=\"H\u00f6rdesign GmbH\" \/>\n<meta property=\"article:publisher\" content=\"https:\/\/www.facebook.com\/hoerdesigninzug\" \/>\n<meta property=\"article:modified_time\" content=\"2024-03-18T04:53:52+00:00\" \/>\n<meta property=\"og:image\" content=\"https:\/\/hoerdesign.ch\/wp-content\/uploads\/2024\/03\/Website-AHV-1024x694.jpg\" \/>\n<meta name=\"twitter:card\" content=\"summary_large_image\" \/>\n<meta name=\"twitter:label1\" content=\"Estimated reading time\" \/>\n\t<meta name=\"twitter:data1\" content=\"1 minute\" \/>\n<script type=\"application\/ld+json\" class=\"yoast-schema-graph\">{\"@context\":\"https:\\\/\\\/schema.org\",\"@graph\":[{\"@type\":\"WebPage\",\"@id\":\"https:\\\/\\\/hoerdesign.ch\\\/kostenuebernahme-ahv-iv-suva-militaerversicherung-krankenkasse\\\/\",\"url\":\"https:\\\/\\\/hoerdesign.ch\\\/kostenuebernahme-ahv-iv-suva-militaerversicherung-krankenkasse\\\/\",\"name\":\"Wer beteiligt sich an den H\u00f6rger\u00e4tekosten?\",\"isPartOf\":{\"@id\":\"https:\\\/\\\/hoerdesign.ch\\\/#website\"},\"primaryImageOfPage\":{\"@id\":\"https:\\\/\\\/hoerdesign.ch\\\/kostenuebernahme-ahv-iv-suva-militaerversicherung-krankenkasse\\\/#primaryimage\"},\"image\":{\"@id\":\"https:\\\/\\\/hoerdesign.ch\\\/kostenuebernahme-ahv-iv-suva-militaerversicherung-krankenkasse\\\/#primaryimage\"},\"thumbnailUrl\":\"https:\\\/\\\/hoerdesign.ch\\\/wp-content\\\/uploads\\\/2024\\\/03\\\/Website-AHV-1024x694.jpg\",\"datePublished\":\"2024-03-15T05:14:54+00:00\",\"dateModified\":\"2024-03-18T04:53:52+00:00\",\"breadcrumb\":{\"@id\":\"https:\\\/\\\/hoerdesign.ch\\\/kostenuebernahme-ahv-iv-suva-militaerversicherung-krankenkasse\\\/#breadcrumb\"},\"inLanguage\":\"en-GB\",\"potentialAction\":[{\"@type\":\"ReadAction\",\"target\":[\"https:\\\/\\\/hoerdesign.ch\\\/kostenuebernahme-ahv-iv-suva-militaerversicherung-krankenkasse\\\/\"]}]},{\"@type\":\"ImageObject\",\"inLanguage\":\"en-GB\",\"@id\":\"https:\\\/\\\/hoerdesign.ch\\\/kostenuebernahme-ahv-iv-suva-militaerversicherung-krankenkasse\\\/#primaryimage\",\"url\":\"https:\\\/\\\/hoerdesign.ch\\\/wp-content\\\/uploads\\\/2024\\\/03\\\/Website-AHV-1024x694.jpg\",\"contentUrl\":\"https:\\\/\\\/hoerdesign.ch\\\/wp-content\\\/uploads\\\/2024\\\/03\\\/Website-AHV-1024x694.jpg\"},{\"@type\":\"BreadcrumbList\",\"@id\":\"https:\\\/\\\/hoerdesign.ch\\\/kostenuebernahme-ahv-iv-suva-militaerversicherung-krankenkasse\\\/#breadcrumb\",\"itemListElement\":[{\"@type\":\"ListItem\",\"position\":1,\"name\":\"Startseite\",\"item\":\"https:\\\/\\\/hoerdesign.ch\\\/\"},{\"@type\":\"ListItem\",\"position\":2,\"name\":\"Kostenbeteiligung AHV\\\/IV\\\/SUVA\\\/Milit\u00e4rversicherung\\\/Krankenkasse\"}]},{\"@type\":\"WebSite\",\"@id\":\"https:\\\/\\\/hoerdesign.ch\\\/#website\",\"url\":\"https:\\\/\\\/hoerdesign.ch\\\/\",\"name\":\"H\u00f6rdesign GmbH\",\"description\":\"Mehr h\u00f6ren. Mehr erleben\",\"publisher\":{\"@id\":\"https:\\\/\\\/hoerdesign.ch\\\/#organization\"},\"potentialAction\":[{\"@type\":\"SearchAction\",\"target\":{\"@type\":\"EntryPoint\",\"urlTemplate\":\"https:\\\/\\\/hoerdesign.ch\\\/?s={search_term_string}\"},\"query-input\":{\"@type\":\"PropertyValueSpecification\",\"valueRequired\":true,\"valueName\":\"search_term_string\"}}],\"inLanguage\":\"en-GB\"},{\"@type\":\"Organization\",\"@id\":\"https:\\\/\\\/hoerdesign.ch\\\/#organization\",\"name\":\"H\u00f6rdesign GmbH\",\"url\":\"https:\\\/\\\/hoerdesign.ch\\\/\",\"logo\":{\"@type\":\"ImageObject\",\"inLanguage\":\"en-GB\",\"@id\":\"https:\\\/\\\/hoerdesign.ch\\\/#\\\/schema\\\/logo\\\/image\\\/\",\"url\":\"https:\\\/\\\/hoerdesign.ch\\\/wp-content\\\/uploads\\\/2023\\\/10\\\/Logo-Hoerdesign-Hohe-Aufloesung.png\",\"contentUrl\":\"https:\\\/\\\/hoerdesign.ch\\\/wp-content\\\/uploads\\\/2023\\\/10\\\/Logo-Hoerdesign-Hohe-Aufloesung.png\",\"width\":730,\"height\":289,\"caption\":\"H\u00f6rdesign GmbH\"},\"image\":{\"@id\":\"https:\\\/\\\/hoerdesign.ch\\\/#\\\/schema\\\/logo\\\/image\\\/\"},\"sameAs\":[\"https:\\\/\\\/www.facebook.com\\\/hoerdesigninzug\",\"https:\\\/\\\/www.instagram.com\\\/hoerdesign_official\\\/\",\"https:\\\/\\\/www.linkedin.com\\\/company\\\/78306967\\\/admin\\\/feed\\\/posts\\\/?feedType=following\"]}]}<\/script>\n<!-- \/ Yoast SEO plugin. -->","yoast_head_json":{"title":"Wer beteiligt sich an den H\u00f6rger\u00e4tekosten?","robots":{"index":"index","follow":"follow","max-snippet":"max-snippet:-1","max-image-preview":"max-image-preview:large","max-video-preview":"max-video-preview:-1"},"canonical":"https:\/\/hoerdesign.ch\/en\/kostenuebernahme-ahv-iv-suva-militaerversicherung-krankenkasse\/","og_locale":"en_GB","og_type":"article","og_title":"Wer beteiligt sich an den H\u00f6rger\u00e4tekosten?","og_description":"Kosten\u00fcbernahme AHV\/IV\/SUVA\/Milit\u00e4rversicherung\/Krankenkasse \u00a0 \u00a0 \u00a0 Woher bekomme ich eine\u00a0 Kostenbeteiligung an den H\u00f6rger\u00e4ten? SUVA\/Milit\u00e4rversicherung \u00a0 Eine Kostenbeteiligung der Unfallversicherung oder Milit\u00e4rversicherung wird nur geschehen, wenn diese auch von einem ORL- Facharzt anerkannt wurde. Die \u00fcbernommenen Kosten h\u00e4ngen von der Komplexit\u00e4t der H\u00f6reinschr\u00e4nkung ab. AHV \u00a0 Die Kostenbeteiligung der AHV ist ab dem 65 Lebensjahr m\u00f6glich.&hellip; Continue reading Kostenbeteiligung AHV\/IV\/SUVA\/Milit\u00e4rversicherung\/Krankenkasse","og_url":"https:\/\/hoerdesign.ch\/en\/kostenuebernahme-ahv-iv-suva-militaerversicherung-krankenkasse\/","og_site_name":"H\u00f6rdesign GmbH","article_publisher":"https:\/\/www.facebook.com\/hoerdesigninzug","article_modified_time":"2024-03-18T04:53:52+00:00","og_image":[{"url":"https:\/\/hoerdesign.ch\/wp-content\/uploads\/2024\/03\/Website-AHV-1024x694.jpg","type":"","width":"","height":""}],"twitter_card":"summary_large_image","twitter_misc":{"Estimated reading time":"1 minute"},"schema":{"@context":"https:\/\/schema.org","@graph":[{"@type":"WebPage","@id":"https:\/\/hoerdesign.ch\/kostenuebernahme-ahv-iv-suva-militaerversicherung-krankenkasse\/","url":"https:\/\/hoerdesign.ch\/kostenuebernahme-ahv-iv-suva-militaerversicherung-krankenkasse\/","name":"Wer beteiligt sich an den H\u00f6rger\u00e4tekosten?","isPartOf":{"@id":"https:\/\/hoerdesign.ch\/#website"},"primaryImageOfPage":{"@id":"https:\/\/hoerdesign.ch\/kostenuebernahme-ahv-iv-suva-militaerversicherung-krankenkasse\/#primaryimage"},"image":{"@id":"https:\/\/hoerdesign.ch\/kostenuebernahme-ahv-iv-suva-militaerversicherung-krankenkasse\/#primaryimage"},"thumbnailUrl":"https:\/\/hoerdesign.ch\/wp-content\/uploads\/2024\/03\/Website-AHV-1024x694.jpg","datePublished":"2024-03-15T05:14:54+00:00","dateModified":"2024-03-18T04:53:52+00:00","breadcrumb":{"@id":"https:\/\/hoerdesign.ch\/kostenuebernahme-ahv-iv-suva-militaerversicherung-krankenkasse\/#breadcrumb"},"inLanguage":"en-GB","potentialAction":[{"@type":"ReadAction","target":["https:\/\/hoerdesign.ch\/kostenuebernahme-ahv-iv-suva-militaerversicherung-krankenkasse\/"]}]},{"@type":"ImageObject","inLanguage":"en-GB","@id":"https:\/\/hoerdesign.ch\/kostenuebernahme-ahv-iv-suva-militaerversicherung-krankenkasse\/#primaryimage","url":"https:\/\/hoerdesign.ch\/wp-content\/uploads\/2024\/03\/Website-AHV-1024x694.jpg","contentUrl":"https:\/\/hoerdesign.ch\/wp-content\/uploads\/2024\/03\/Website-AHV-1024x694.jpg"},{"@type":"BreadcrumbList","@id":"https:\/\/hoerdesign.ch\/kostenuebernahme-ahv-iv-suva-militaerversicherung-krankenkasse\/#breadcrumb","itemListElement":[{"@type":"ListItem","position":1,"name":"Startseite","item":"https:\/\/hoerdesign.ch\/"},{"@type":"ListItem","position":2,"name":"Kostenbeteiligung AHV\/IV\/SUVA\/Milit\u00e4rversicherung\/Krankenkasse"}]},{"@type":"WebSite","@id":"https:\/\/hoerdesign.ch\/#website","url":"https:\/\/hoerdesign.ch\/","name":"H\u00f6rdesign GmbH","description":"Mehr h\u00f6ren. Mehr erleben","publisher":{"@id":"https:\/\/hoerdesign.ch\/#organization"},"potentialAction":[{"@type":"SearchAction","target":{"@type":"EntryPoint","urlTemplate":"https:\/\/hoerdesign.ch\/?s={search_term_string}"},"query-input":{"@type":"PropertyValueSpecification","valueRequired":true,"valueName":"search_term_string"}}],"inLanguage":"en-GB"},{"@type":"Organization","@id":"https:\/\/hoerdesign.ch\/#organization","name":"H\u00f6rdesign GmbH","url":"https:\/\/hoerdesign.ch\/","logo":{"@type":"ImageObject","inLanguage":"en-GB","@id":"https:\/\/hoerdesign.ch\/#\/schema\/logo\/image\/","url":"https:\/\/hoerdesign.ch\/wp-content\/uploads\/2023\/10\/Logo-Hoerdesign-Hohe-Aufloesung.png","contentUrl":"https:\/\/hoerdesign.ch\/wp-content\/uploads\/2023\/10\/Logo-Hoerdesign-Hohe-Aufloesung.png","width":730,"height":289,"caption":"H\u00f6rdesign GmbH"},"image":{"@id":"https:\/\/hoerdesign.ch\/#\/schema\/logo\/image\/"},"sameAs":["https:\/\/www.facebook.com\/hoerdesigninzug","https:\/\/www.instagram.com\/hoerdesign_official\/","https:\/\/www.linkedin.com\/company\/78306967\/admin\/feed\/posts\/?feedType=following"]}]}},"_links":{"self":[{"href":"https:\/\/hoerdesign.ch\/en\/wp-json\/wp\/v2\/pages\/3222","targetHints":{"allow":["GET"]}}],"collection":[{"href":"https:\/\/hoerdesign.ch\/en\/wp-json\/wp\/v2\/pages"}],"about":[{"href":"https:\/\/hoerdesign.ch\/en\/wp-json\/wp\/v2\/types\/page"}],"author":[{"embeddable":true,"href":"https:\/\/hoerdesign.ch\/en\/wp-json\/wp\/v2\/users\/1"}],"replies":[{"embeddable":true,"href":"https:\/\/hoerdesign.ch\/en\/wp-json\/wp\/v2\/comments?post=3222"}],"version-history":[{"count":5,"href":"https:\/\/hoerdesign.ch\/en\/wp-json\/wp\/v2\/pages\/3222\/revisions"}],"predecessor-version":[{"id":3463,"href":"https:\/\/hoerdesign.ch\/en\/wp-json\/wp\/v2\/pages\/3222\/revisions\/3463"}],"wp:attachment":[{"href":"https:\/\/hoerdesign.ch\/en\/wp-json\/wp\/v2\/media?parent=3222"}],"curies":[{"name":"wp","href":"https:\/\/api.w.org\/{rel}","templated":true}]}}