{"id":3266,"date":"2024-03-15T05:37:20","date_gmt":"2024-03-15T05:37:20","guid":{"rendered":"https:\/\/hoerdesign-neu.ch.xn--hrdesign-n4a.ch\/?page_id=3266"},"modified":"2024-03-15T05:38:33","modified_gmt":"2024-03-15T05:38:33","slug":"alles-ueber-tinnitus","status":"publish","type":"page","link":"https:\/\/hoerdesign.ch\/en\/alles-ueber-tinnitus\/","title":{"rendered":"all about tinnitus"},"content":{"rendered":"\t\t<div data-elementor-type=\"wp-page\" data-elementor-id=\"3266\" class=\"elementor elementor-3266\" data-elementor-post-type=\"page\">\n\t\t\t\t\t\t<section class=\"elementor-section elementor-top-section elementor-element elementor-element-7b31529 elementor-section-boxed elementor-section-height-default elementor-section-height-default\" data-id=\"7b31529\" data-element_type=\"section\" data-e-type=\"section\">\n\t\t\t\t\t\t<div class=\"elementor-container elementor-column-gap-default\">\n\t\t\t\t\t<div class=\"elementor-column elementor-col-100 elementor-top-column elementor-element elementor-element-a69c35e\" data-id=\"a69c35e\" data-element_type=\"column\" data-e-type=\"column\">\n\t\t\t<div class=\"elementor-widget-wrap elementor-element-populated\">\n\t\t\t\t\t\t<div class=\"elementor-element elementor-element-1ad1478 elementor-widget elementor-widget-heading\" data-id=\"1ad1478\" data-element_type=\"widget\" data-e-type=\"widget\" data-widget_type=\"heading.default\">\n\t\t\t\t<div class=\"elementor-widget-container\">\n\t\t\t\t\t<h1 class=\"elementor-heading-title elementor-size-default\">Was ist Tinnitus?<\/h1>\t\t\t\t<\/div>\n\t\t\t\t<\/div>\n\t\t\t\t<div class=\"elementor-element elementor-element-0177597 elementor-widget elementor-widget-text-editor\" data-id=\"0177597\" data-element_type=\"widget\" data-e-type=\"widget\" data-widget_type=\"text-editor.default\">\n\t\t\t\t<div class=\"elementor-widget-container\">\n\t\t\t\t\t\t\t\t\t<h2 style=\"text-align: center;\"><span style=\"color: #e2007a;\">Alles was Sie \u00fcber Tinnitus wissen m\u00fcssen<\/span><\/h2>\t\t\t\t\t\t\t\t<\/div>\n\t\t\t\t<\/div>\n\t\t\t\t<section class=\"elementor-section elementor-inner-section elementor-element elementor-element-7ce64ac elementor-section-boxed elementor-section-height-default elementor-section-height-default\" data-id=\"7ce64ac\" data-element_type=\"section\" data-e-type=\"section\">\n\t\t\t\t\t\t<div class=\"elementor-container elementor-column-gap-default\">\n\t\t\t\t\t<div class=\"elementor-column elementor-col-50 elementor-inner-column elementor-element elementor-element-6447d03\" data-id=\"6447d03\" data-element_type=\"column\" data-e-type=\"column\">\n\t\t\t<div class=\"elementor-widget-wrap elementor-element-populated\">\n\t\t\t\t\t\t<div class=\"elementor-element elementor-element-83cb653 elementor-widget elementor-widget-image\" data-id=\"83cb653\" data-element_type=\"widget\" data-e-type=\"widget\" data-widget_type=\"image.default\">\n\t\t\t\t<div class=\"elementor-widget-container\">\n\t\t\t\t\t\t\t\t\t\t\t\t\t\t\t<img fetchpriority=\"high\" decoding=\"async\" width=\"1384\" height=\"924\" src=\"https:\/\/hoerdesign.ch\/wp-content\/uploads\/2024\/03\/Tinnitus.jpg\" class=\"attachment-full size-full wp-image-2953\" alt=\"\" srcset=\"https:\/\/hoerdesign.ch\/wp-content\/uploads\/2024\/03\/Tinnitus.jpg 1384w, https:\/\/hoerdesign.ch\/wp-content\/uploads\/2024\/03\/Tinnitus-300x200.jpg 300w, https:\/\/hoerdesign.ch\/wp-content\/uploads\/2024\/03\/Tinnitus-1024x684.jpg 1024w, https:\/\/hoerdesign.ch\/wp-content\/uploads\/2024\/03\/Tinnitus-768x513.jpg 768w\" sizes=\"(max-width: 1384px) 100vw, 1384px\" style=\"width:100%;height:66.76%;max-width:1384px\" \/>\t\t\t\t\t\t\t\t\t\t\t\t\t\t\t<\/div>\n\t\t\t\t<\/div>\n\t\t\t\t\t<\/div>\n\t\t<\/div>\n\t\t\t\t<div class=\"elementor-column elementor-col-50 elementor-inner-column elementor-element elementor-element-d1499c6\" data-id=\"d1499c6\" data-element_type=\"column\" data-e-type=\"column\">\n\t\t\t<div class=\"elementor-widget-wrap elementor-element-populated\">\n\t\t\t\t\t\t<div class=\"elementor-element elementor-element-c9ec013 elementor-widget elementor-widget-text-editor\" data-id=\"c9ec013\" data-element_type=\"widget\" data-e-type=\"widget\" data-widget_type=\"text-editor.default\">\n\t\t\t\t<div class=\"elementor-widget-container\">\n\t\t\t\t\t\t\t\t\t<h3><span style=\"color: #e2007a;\"><strong>\u00dcberblick<\/strong><\/span><\/h3><p>Viele haben es schon erlebt. Ein Pfeifen, summen, brummen, flimmern oder ein anderes l\u00e4stiges Ger\u00e4usch ert\u00f6nt in unseren Ohren. Bei vielen Menschen verschwindet das l\u00e4stige Ger\u00e4usch nach kurzer Zeit auch wieder. Ist es dauerhaft zu h\u00f6ren wird es zur Belastung. \u00a0Was ist das? Tinnitus wird das Ohrger\u00e4usch im Fachjargon genannt. Tinnitus kommt vom lateinischen Wort \u201etinnire\u201c und heisst klingeln oder schellen. Nur Sie h\u00f6ren das Ger\u00e4usch, dass sich im Ton und Frequenz unterscheiden kann. Dieses nervige Ohrger\u00e4usch hat keinen Informationsinhalt und die anderen k\u00f6nnen es nicht h\u00f6ren. Kurz gesagt ist Tinnitus ein akustischer Ton, ohne einen Reiz von aussen zu haben. Wenn ihr Tinnitus von einer anderen Person geh\u00f6rt werden kann, so liegt die Ursache meist bei den Gef\u00e4ssen.<\/p>\t\t\t\t\t\t\t\t<\/div>\n\t\t\t\t<\/div>\n\t\t\t\t\t<\/div>\n\t\t<\/div>\n\t\t\t\t\t<\/div>\n\t\t<\/section>\n\t\t\t\t<div class=\"elementor-element elementor-element-21c6947 elementor-widget elementor-widget-spacer\" data-id=\"21c6947\" data-element_type=\"widget\" data-e-type=\"widget\" data-widget_type=\"spacer.default\">\n\t\t\t\t<div class=\"elementor-widget-container\">\n\t\t\t\t\t\t\t<div class=\"elementor-spacer\">\n\t\t\t<div class=\"elementor-spacer-inner\"><\/div>\n\t\t<\/div>\n\t\t\t\t\t\t<\/div>\n\t\t\t\t<\/div>\n\t\t\t\t<section class=\"elementor-section elementor-inner-section elementor-element elementor-element-0812f1c elementor-section-boxed elementor-section-height-default elementor-section-height-default\" data-id=\"0812f1c\" data-element_type=\"section\" data-e-type=\"section\">\n\t\t\t\t\t\t<div class=\"elementor-container elementor-column-gap-default\">\n\t\t\t\t\t<div class=\"elementor-column elementor-col-50 elementor-inner-column elementor-element elementor-element-21f52c1\" data-id=\"21f52c1\" data-element_type=\"column\" data-e-type=\"column\">\n\t\t\t<div class=\"elementor-widget-wrap elementor-element-populated\">\n\t\t\t\t\t\t<div class=\"elementor-element elementor-element-e18feb9 elementor-widget elementor-widget-text-editor\" data-id=\"e18feb9\" data-element_type=\"widget\" data-e-type=\"widget\" data-widget_type=\"text-editor.default\">\n\t\t\t\t<div class=\"elementor-widget-container\">\n\t\t\t\t\t\t\t\t\t<h3><span style=\"color: #e2007a;\"><strong>Was tun?<\/strong><\/span><\/h3><p>Der Tinnitus beeinflusst unseren Alltag unterschiedlich. Es gibt Menschen die k\u00f6nnen mit dem Ohrger\u00e4usch sehr gut umgehen und unternehmen gegen das Ohrensausen nichts. Wird das Ger\u00e4usch im Ohr zur Belastung besteht Handlungsbedarf. Die Beeintr\u00e4chtigung kann ganz unterschiedlich dabei aussehen. Generelle Schlafst\u00f6rungen, Konzentrationsschw\u00e4che, generelle Verst\u00e4ndnisprobleme beim verstehen von Gespr\u00e4chen oder \u00fcberm\u00e4ssige Reizbarkeit und noch einiges mehr. Genau diese Menschen ben\u00f6tigen Unterst\u00fctzung. Ist der Tinnitus \u00e4lter als 3 Monate, dann spricht man von einem chronischen Tinnitus. J\u00fcnger als 3 Monate sollten sie den Ohrenarztbesuch nicht aufschieben.<\/p>\t\t\t\t\t\t\t\t<\/div>\n\t\t\t\t<\/div>\n\t\t\t\t\t<\/div>\n\t\t<\/div>\n\t\t\t\t<div class=\"elementor-column elementor-col-50 elementor-inner-column elementor-element elementor-element-f727c46\" data-id=\"f727c46\" data-element_type=\"column\" data-e-type=\"column\">\n\t\t\t<div class=\"elementor-widget-wrap elementor-element-populated\">\n\t\t\t\t\t\t<div class=\"elementor-element elementor-element-458db8a elementor-widget elementor-widget-image\" data-id=\"458db8a\" data-element_type=\"widget\" data-e-type=\"widget\" data-widget_type=\"image.default\">\n\t\t\t\t<div class=\"elementor-widget-container\">\n\t\t\t\t\t\t\t\t\t\t\t\t\t\t\t<img decoding=\"async\" width=\"750\" height=\"500\" src=\"https:\/\/hoerdesign.ch\/wp-content\/uploads\/2024\/03\/AdobeStock_267981114-Konvertiert-1024x683.jpg\" class=\"attachment-large size-large wp-image-2951\" alt=\"\" srcset=\"https:\/\/hoerdesign.ch\/wp-content\/uploads\/2024\/03\/AdobeStock_267981114-Konvertiert-1024x683.jpg 1024w, https:\/\/hoerdesign.ch\/wp-content\/uploads\/2024\/03\/AdobeStock_267981114-Konvertiert-300x200.jpg 300w, https:\/\/hoerdesign.ch\/wp-content\/uploads\/2024\/03\/AdobeStock_267981114-Konvertiert-768x512.jpg 768w, https:\/\/hoerdesign.ch\/wp-content\/uploads\/2024\/03\/AdobeStock_267981114-Konvertiert.jpg 1224w\" sizes=\"(max-width: 750px) 100vw, 750px\" style=\"width:100%;height:66.67%;max-width:1224px\" \/>\t\t\t\t\t\t\t\t\t\t\t\t\t\t\t<\/div>\n\t\t\t\t<\/div>\n\t\t\t\t\t<\/div>\n\t\t<\/div>\n\t\t\t\t\t<\/div>\n\t\t<\/section>\n\t\t\t\t<div class=\"elementor-element elementor-element-83f54e6 elementor-widget elementor-widget-spacer\" data-id=\"83f54e6\" data-element_type=\"widget\" data-e-type=\"widget\" data-widget_type=\"spacer.default\">\n\t\t\t\t<div class=\"elementor-widget-container\">\n\t\t\t\t\t\t\t<div class=\"elementor-spacer\">\n\t\t\t<div class=\"elementor-spacer-inner\"><\/div>\n\t\t<\/div>\n\t\t\t\t\t\t<\/div>\n\t\t\t\t<\/div>\n\t\t\t\t<div class=\"elementor-element elementor-element-2bda3dd elementor-widget elementor-widget-spacer\" data-id=\"2bda3dd\" data-element_type=\"widget\" data-e-type=\"widget\" data-widget_type=\"spacer.default\">\n\t\t\t\t<div class=\"elementor-widget-container\">\n\t\t\t\t\t\t\t<div class=\"elementor-spacer\">\n\t\t\t<div class=\"elementor-spacer-inner\"><\/div>\n\t\t<\/div>\n\t\t\t\t\t\t<\/div>\n\t\t\t\t<\/div>\n\t\t\t\t<section class=\"elementor-section elementor-inner-section elementor-element elementor-element-c2938ad elementor-hidden-mobile elementor-section-boxed elementor-section-height-default elementor-section-height-default\" data-id=\"c2938ad\" data-element_type=\"section\" data-e-type=\"section\">\n\t\t\t\t\t\t<div class=\"elementor-container elementor-column-gap-default\">\n\t\t\t\t\t<div class=\"elementor-column elementor-col-50 elementor-inner-column elementor-element elementor-element-7f76112\" data-id=\"7f76112\" data-element_type=\"column\" data-e-type=\"column\">\n\t\t\t<div class=\"elementor-widget-wrap elementor-element-populated\">\n\t\t\t\t\t\t<div class=\"elementor-element elementor-element-41f07df elementor-widget elementor-widget-image\" data-id=\"41f07df\" data-element_type=\"widget\" data-e-type=\"widget\" data-widget_type=\"image.default\">\n\t\t\t\t<div class=\"elementor-widget-container\">\n\t\t\t\t\t\t\t\t\t\t\t\t\t\t\t<img decoding=\"async\" width=\"300\" height=\"200\" src=\"https:\/\/hoerdesign.ch\/wp-content\/uploads\/2024\/03\/AHV_SUVA_NICE_TO_NOW-300x200.jpg\" class=\"attachment-medium size-medium wp-image-3225\" alt=\"\" srcset=\"https:\/\/hoerdesign.ch\/wp-content\/uploads\/2024\/03\/AHV_SUVA_NICE_TO_NOW-300x200.jpg 300w, https:\/\/hoerdesign.ch\/wp-content\/uploads\/2024\/03\/AHV_SUVA_NICE_TO_NOW-1024x683.jpg 1024w, https:\/\/hoerdesign.ch\/wp-content\/uploads\/2024\/03\/AHV_SUVA_NICE_TO_NOW-768x512.jpg 768w, https:\/\/hoerdesign.ch\/wp-content\/uploads\/2024\/03\/AHV_SUVA_NICE_TO_NOW-1536x1024.jpg 1536w, https:\/\/hoerdesign.ch\/wp-content\/uploads\/2024\/03\/AHV_SUVA_NICE_TO_NOW-2048x1366.jpg 2048w, https:\/\/hoerdesign.ch\/wp-content\/uploads\/2024\/03\/AHV_SUVA_NICE_TO_NOW-1568x1046.jpg 1568w\" sizes=\"(max-width: 300px) 100vw, 300px\" style=\"width:100%;height:66.68%;max-width:2074px\" \/>\t\t\t\t\t\t\t\t\t\t\t\t\t\t\t<\/div>\n\t\t\t\t<\/div>\n\t\t\t\t\t<\/div>\n\t\t<\/div>\n\t\t\t\t<div class=\"elementor-column elementor-col-50 elementor-inner-column elementor-element elementor-element-eda777a\" data-id=\"eda777a\" data-element_type=\"column\" data-e-type=\"column\">\n\t\t\t<div class=\"elementor-widget-wrap elementor-element-populated\">\n\t\t\t\t\t\t<div class=\"elementor-element elementor-element-42149dd elementor-widget elementor-widget-text-editor\" data-id=\"42149dd\" data-element_type=\"widget\" data-e-type=\"widget\" data-widget_type=\"text-editor.default\">\n\t\t\t\t<div class=\"elementor-widget-container\">\n\t\t\t\t\t\t\t\t\t<h2><span style=\"color: #e2007a;\"><strong>Wann tretet Tinnitus auf?<\/strong><\/span><\/h2><p>Tinnitus kann in jedem Lebensalter auftreten. Vermehrt gef\u00e4hrdet sind Menschen ab dem 50 Lebensjahr. In der Schweiz leiden rund 15% der Bev\u00f6lkerung an dem Ohrger\u00e4usch. Vermehrt tretet das Ph\u00e4nomen Tinnitus, das noch nicht vollst\u00e4ndig erkl\u00e4rt ist, bei Menschen mit H\u00f6rsturz, Emotionalen Stress, psychischen Stress und H\u00f6rsturz auf. Auf jedenfalls muss das Ohrger\u00e4usch ernst genommen werden und ein Ohrenarzt sollte aufgesucht werden. Tinnitus kann in jedem Lebensalter auftreten und der Anteil ist besonders Hoch bei Menschen mit Schwerh\u00f6rigkeit.<\/p>\t\t\t\t\t\t\t\t<\/div>\n\t\t\t\t<\/div>\n\t\t\t\t\t<\/div>\n\t\t<\/div>\n\t\t\t\t\t<\/div>\n\t\t<\/section>\n\t\t\t\t<section class=\"elementor-section elementor-inner-section elementor-element elementor-element-01c7475 elementor-hidden-desktop elementor-hidden-tablet elementor-section-boxed elementor-section-height-default elementor-section-height-default\" data-id=\"01c7475\" data-element_type=\"section\" data-e-type=\"section\">\n\t\t\t\t\t\t<div class=\"elementor-container elementor-column-gap-default\">\n\t\t\t\t\t<div class=\"elementor-column elementor-col-50 elementor-inner-column elementor-element elementor-element-0001728\" data-id=\"0001728\" data-element_type=\"column\" data-e-type=\"column\">\n\t\t\t<div class=\"elementor-widget-wrap elementor-element-populated\">\n\t\t\t\t\t\t<div class=\"elementor-element elementor-element-3fcbe67 elementor-widget elementor-widget-text-editor\" data-id=\"3fcbe67\" data-element_type=\"widget\" data-e-type=\"widget\" data-widget_type=\"text-editor.default\">\n\t\t\t\t<div class=\"elementor-widget-container\">\n\t\t\t\t\t\t\t\t\t<h2><span style=\"color: #e2007a;\"><strong>Wann tretet Tinnitus auf?<\/strong><\/span><\/h2><p>Tinnitus kann in jedem Lebensalter auftreten. Vermehrt gef\u00e4hrdet sind Menschen ab dem 50 Lebensjahr. In der Schweiz leiden rund 15% der Bev\u00f6lkerung an dem Ohrger\u00e4usch. Vermehrt tretet das Ph\u00e4nomen Tinnitus, das noch nicht vollst\u00e4ndig erkl\u00e4rt ist, bei Menschen mit H\u00f6rsturz, Emotionalen Stress, psychischen Stress und H\u00f6rsturz auf. Auf jedenfalls muss das Ohrger\u00e4usch ernst genommen werden und ein Ohrenarzt sollte aufgesucht werden. Tinnitus kann in jedem Lebensalter auftreten und der Anteil ist besonders Hoch bei Menschen mit Schwerh\u00f6rigkeit.<\/p>\t\t\t\t\t\t\t\t<\/div>\n\t\t\t\t<\/div>\n\t\t\t\t\t<\/div>\n\t\t<\/div>\n\t\t\t\t<div class=\"elementor-column elementor-col-50 elementor-inner-column elementor-element elementor-element-a4b2293\" data-id=\"a4b2293\" data-element_type=\"column\" data-e-type=\"column\">\n\t\t\t<div class=\"elementor-widget-wrap elementor-element-populated\">\n\t\t\t\t\t\t<div class=\"elementor-element elementor-element-36af415 elementor-widget elementor-widget-image\" data-id=\"36af415\" data-element_type=\"widget\" data-e-type=\"widget\" data-widget_type=\"image.default\">\n\t\t\t\t<div class=\"elementor-widget-container\">\n\t\t\t\t\t\t\t\t\t\t\t\t\t\t\t<img decoding=\"async\" width=\"300\" height=\"200\" src=\"https:\/\/hoerdesign.ch\/wp-content\/uploads\/2024\/03\/AHV_SUVA_NICE_TO_NOW-300x200.jpg\" class=\"attachment-medium size-medium wp-image-3225\" alt=\"\" srcset=\"https:\/\/hoerdesign.ch\/wp-content\/uploads\/2024\/03\/AHV_SUVA_NICE_TO_NOW-300x200.jpg 300w, https:\/\/hoerdesign.ch\/wp-content\/uploads\/2024\/03\/AHV_SUVA_NICE_TO_NOW-1024x683.jpg 1024w, https:\/\/hoerdesign.ch\/wp-content\/uploads\/2024\/03\/AHV_SUVA_NICE_TO_NOW-768x512.jpg 768w, https:\/\/hoerdesign.ch\/wp-content\/uploads\/2024\/03\/AHV_SUVA_NICE_TO_NOW-1536x1024.jpg 1536w, https:\/\/hoerdesign.ch\/wp-content\/uploads\/2024\/03\/AHV_SUVA_NICE_TO_NOW-2048x1366.jpg 2048w, https:\/\/hoerdesign.ch\/wp-content\/uploads\/2024\/03\/AHV_SUVA_NICE_TO_NOW-1568x1046.jpg 1568w\" sizes=\"(max-width: 300px) 100vw, 300px\" style=\"width:100%;height:66.68%;max-width:2074px\" \/>\t\t\t\t\t\t\t\t\t\t\t\t\t\t\t<\/div>\n\t\t\t\t<\/div>\n\t\t\t\t\t<\/div>\n\t\t<\/div>\n\t\t\t\t\t<\/div>\n\t\t<\/section>\n\t\t\t\t<section class=\"elementor-section elementor-inner-section elementor-element elementor-element-2dc9b37 elementor-section-boxed elementor-section-height-default elementor-section-height-default\" data-id=\"2dc9b37\" data-element_type=\"section\" data-e-type=\"section\">\n\t\t\t\t\t\t<div class=\"elementor-container elementor-column-gap-default\">\n\t\t\t\t\t<div class=\"elementor-column elementor-col-50 elementor-inner-column elementor-element elementor-element-a90aff6\" data-id=\"a90aff6\" data-element_type=\"column\" data-e-type=\"column\">\n\t\t\t<div class=\"elementor-widget-wrap elementor-element-populated\">\n\t\t\t\t\t\t<div class=\"elementor-element elementor-element-38cd577 elementor-widget elementor-widget-image\" data-id=\"38cd577\" data-element_type=\"widget\" data-e-type=\"widget\" data-widget_type=\"image.default\">\n\t\t\t\t<div class=\"elementor-widget-container\">\n\t\t\t\t\t\t\t\t\t\t\t\t\t\t\t<img loading=\"lazy\" decoding=\"async\" width=\"750\" height=\"501\" src=\"https:\/\/hoerdesign.ch\/wp-content\/uploads\/2024\/03\/Tinnitus-2-1024x684.jpg\" class=\"attachment-large size-large wp-image-2952\" alt=\"\" srcset=\"https:\/\/hoerdesign.ch\/wp-content\/uploads\/2024\/03\/Tinnitus-2-1024x684.jpg 1024w, https:\/\/hoerdesign.ch\/wp-content\/uploads\/2024\/03\/Tinnitus-2-300x200.jpg 300w, https:\/\/hoerdesign.ch\/wp-content\/uploads\/2024\/03\/Tinnitus-2-768x513.jpg 768w, https:\/\/hoerdesign.ch\/wp-content\/uploads\/2024\/03\/Tinnitus-2.jpg 1384w\" sizes=\"(max-width: 750px) 100vw, 750px\" style=\"width:100%;height:66.76%;max-width:1384px\" \/>\t\t\t\t\t\t\t\t\t\t\t\t\t\t\t<\/div>\n\t\t\t\t<\/div>\n\t\t\t\t\t<\/div>\n\t\t<\/div>\n\t\t\t\t<div class=\"elementor-column elementor-col-50 elementor-inner-column elementor-element elementor-element-560aaf8\" data-id=\"560aaf8\" data-element_type=\"column\" data-e-type=\"column\">\n\t\t\t<div class=\"elementor-widget-wrap elementor-element-populated\">\n\t\t\t\t\t\t<div class=\"elementor-element elementor-element-41bdac5 elementor-widget elementor-widget-text-editor\" data-id=\"41bdac5\" data-element_type=\"widget\" data-e-type=\"widget\" data-widget_type=\"text-editor.default\">\n\t\t\t\t<div class=\"elementor-widget-container\">\n\t\t\t\t\t\t\t\t\t<h3><span style=\"color: #e2007a;\"><strong>Heilmittel f\u00fcr Tinnitus?<\/strong><\/span><\/h3><p>Ist Ihr Tinnitus \u00e4lter als 3 Monate, so spricht man von einem chronischen Tinnitus. Es gibt kein Medikament gegen chronischen Tinnitus und kann so auch nicht geheilt werden. Heutzutage hat die Wissenschaft betr\u00e4chtliche Fortschritte gemacht und eine Linderung von Tinnitus kann mit Hilfe von Akustischen Reizen und Impulse auf der Zunge m\u00f6glich sein. Auch andere Behandlungsmethoden k\u00f6nnen den Tinnitus lindern. Hierf\u00fcr bedarf es einer umfassenden Abkl\u00e4rung, denn vor allem akustische Stimulation bei H\u00f6rverlusten k\u00f6nnen sehr hilfreich sein.<\/p>\t\t\t\t\t\t\t\t<\/div>\n\t\t\t\t<\/div>\n\t\t\t\t\t<\/div>\n\t\t<\/div>\n\t\t\t\t\t<\/div>\n\t\t<\/section>\n\t\t\t\t<div class=\"elementor-element elementor-element-df78579 elementor-widget elementor-widget-spacer\" data-id=\"df78579\" data-element_type=\"widget\" data-e-type=\"widget\" data-widget_type=\"spacer.default\">\n\t\t\t\t<div class=\"elementor-widget-container\">\n\t\t\t\t\t\t\t<div class=\"elementor-spacer\">\n\t\t\t<div class=\"elementor-spacer-inner\"><\/div>\n\t\t<\/div>\n\t\t\t\t\t\t<\/div>\n\t\t\t\t<\/div>\n\t\t\t\t<section class=\"elementor-section elementor-inner-section elementor-element elementor-element-cd2964a elementor-section-boxed elementor-section-height-default elementor-section-height-default\" data-id=\"cd2964a\" data-element_type=\"section\" data-e-type=\"section\">\n\t\t\t\t\t\t<div class=\"elementor-container elementor-column-gap-default\">\n\t\t\t\t\t<div class=\"elementor-column elementor-col-100 elementor-inner-column elementor-element elementor-element-27b8926\" data-id=\"27b8926\" data-element_type=\"column\" data-e-type=\"column\">\n\t\t\t<div class=\"elementor-widget-wrap elementor-element-populated\">\n\t\t\t\t\t\t<div class=\"elementor-element elementor-element-93e60af elementor-widget elementor-widget-heading\" data-id=\"93e60af\" data-element_type=\"widget\" data-e-type=\"widget\" data-widget_type=\"heading.default\">\n\t\t\t\t<div class=\"elementor-widget-container\">\n\t\t\t\t\t<h2 class=\"elementor-heading-title elementor-size-default\">Tinnitus Arten &amp; Einstufung\n\n<\/h2>\t\t\t\t<\/div>\n\t\t\t\t<\/div>\n\t\t\t\t<div class=\"elementor-element elementor-element-9a77c65 elementor-widget elementor-widget-text-editor\" data-id=\"9a77c65\" data-element_type=\"widget\" data-e-type=\"widget\" data-widget_type=\"text-editor.default\">\n\t\t\t\t<div class=\"elementor-widget-container\">\n\t\t\t\t\t\t\t\t\t<p>Man Unterscheidet zwei Arten von Tinnitus:<\/p>\t\t\t\t\t\t\t\t<\/div>\n\t\t\t\t<\/div>\n\t\t\t\t\t<\/div>\n\t\t<\/div>\n\t\t\t\t\t<\/div>\n\t\t<\/section>\n\t\t\t\t<section class=\"elementor-section elementor-inner-section elementor-element elementor-element-8c31ad0 elementor-section-boxed elementor-section-height-default elementor-section-height-default\" data-id=\"8c31ad0\" data-element_type=\"section\" data-e-type=\"section\">\n\t\t\t\t\t\t<div class=\"elementor-container elementor-column-gap-default\">\n\t\t\t\t\t<div class=\"elementor-column elementor-col-50 elementor-inner-column elementor-element elementor-element-ca0c21b\" data-id=\"ca0c21b\" data-element_type=\"column\" data-e-type=\"column\">\n\t\t\t<div class=\"elementor-widget-wrap elementor-element-populated\">\n\t\t\t\t\t\t<div class=\"elementor-element elementor-element-abefc58 elementor-widget elementor-widget-text-editor\" data-id=\"abefc58\" data-element_type=\"widget\" data-e-type=\"widget\" data-widget_type=\"text-editor.default\">\n\t\t\t\t<div class=\"elementor-widget-container\">\n\t\t\t\t\t\t\t\t\t<h3><span style=\"color: #e2007a;\"><strong>Objektiver Tinnitus:<\/strong><\/span><\/h3><h5>Hier kann das Ohrger\u00e4usch von anderen Menschen auch geh\u00f6rt werden, denn es handelt sich um eine messbare Schallquelle wie zum Beispiel Muskul\u00e4re, atemabh\u00e4ngige oder Gef\u00e4ssbedingte Ger\u00e4usche)<\/h5>\t\t\t\t\t\t\t\t<\/div>\n\t\t\t\t<\/div>\n\t\t\t\t\t<\/div>\n\t\t<\/div>\n\t\t\t\t<div class=\"elementor-column elementor-col-50 elementor-inner-column elementor-element elementor-element-8dc5bfe\" data-id=\"8dc5bfe\" data-element_type=\"column\" data-e-type=\"column\">\n\t\t\t<div class=\"elementor-widget-wrap elementor-element-populated\">\n\t\t\t\t\t\t<div class=\"elementor-element elementor-element-5fb54ef elementor-widget elementor-widget-text-editor\" data-id=\"5fb54ef\" data-element_type=\"widget\" data-e-type=\"widget\" data-widget_type=\"text-editor.default\">\n\t\t\t\t<div class=\"elementor-widget-container\">\n\t\t\t\t\t\t\t\t\t<h3><span style=\"color: #e2007a;\"><strong>Subjektiver Tinnitus:<\/strong><\/span><\/h3><h5>Der subjektive Tinnitus kann nur von der betroffenen Person geh\u00f6rt werden. Der Ursprung eines subjektiven Tinnitus ist nicht bekannt. Er tritt ohne einen akustischen Reiz von aussen auf. Das ist die h\u00e4ufigste Art von Tinnitus.<\/h5>\t\t\t\t\t\t\t\t<\/div>\n\t\t\t\t<\/div>\n\t\t\t\t\t<\/div>\n\t\t<\/div>\n\t\t\t\t\t<\/div>\n\t\t<\/section>\n\t\t\t\t<section class=\"elementor-section elementor-inner-section elementor-element elementor-element-5b0cc71 elementor-section-boxed elementor-section-height-default elementor-section-height-default\" data-id=\"5b0cc71\" data-element_type=\"section\" data-e-type=\"section\">\n\t\t\t\t\t\t<div class=\"elementor-container elementor-column-gap-default\">\n\t\t\t\t\t<div class=\"elementor-column elementor-col-100 elementor-inner-column elementor-element elementor-element-9c1f013\" data-id=\"9c1f013\" data-element_type=\"column\" data-e-type=\"column\">\n\t\t\t<div class=\"elementor-widget-wrap elementor-element-populated\">\n\t\t\t\t\t\t<div class=\"elementor-element elementor-element-6036b34 animated-slow elementor-invisible elementor-widget elementor-widget-text-editor\" data-id=\"6036b34\" data-element_type=\"widget\" data-e-type=\"widget\" data-settings=\"{&quot;_animation&quot;:&quot;bounce&quot;}\" data-widget_type=\"text-editor.default\">\n\t\t\t\t<div class=\"elementor-widget-container\">\n\t\t\t\t\t\t\t\t\t<h4>Innerhalb der ersten drei Monate nach Auftreten des Ohrger\u00e4usches ist von einem akuten Tinnitus die Rede. H\u00e4ufig spricht man auch von einem subakuten, wenn der Zeitraum zwischen 3-12 Monate liegt.<\/h4>\t\t\t\t\t\t\t\t<\/div>\n\t\t\t\t<\/div>\n\t\t\t\t<div class=\"elementor-element elementor-element-a07d5ab elementor-align-center elementor-widget elementor-widget-button\" data-id=\"a07d5ab\" data-element_type=\"widget\" data-e-type=\"widget\" data-settings=\"{&quot;_animation_mobile&quot;:&quot;slideInDown&quot;}\" data-widget_type=\"button.default\">\n\t\t\t\t<div class=\"elementor-widget-container\">\n\t\t\t\t\t\t\t\t\t<div class=\"elementor-button-wrapper\">\n\t\t\t\t\t<a class=\"elementor-button elementor-button-link elementor-size-lg\" href=\"https:\/\/hoerdesign.ch\/termin-buchen\/\" id=\"Amelia-custom-id\">\n\t\t\t\t\t\t<span class=\"elementor-button-content-wrapper\">\n\t\t\t\t\t\t<span class=\"elementor-button-icon\">\n\t\t\t\t<svg aria-hidden=\"true\" class=\"e-font-icon-svg e-far-calendar-alt\" viewBox=\"0 0 448 512\" xmlns=\"http:\/\/www.w3.org\/2000\/svg\"><path d=\"M148 288h-40c-6.6 0-12-5.4-12-12v-40c0-6.6 5.4-12 12-12h40c6.6 0 12 5.4 12 12v40c0 6.6-5.4 12-12 12zm108-12v-40c0-6.6-5.4-12-12-12h-40c-6.6 0-12 5.4-12 12v40c0 6.6 5.4 12 12 12h40c6.6 0 12-5.4 12-12zm96 0v-40c0-6.6-5.4-12-12-12h-40c-6.6 0-12 5.4-12 12v40c0 6.6 5.4 12 12 12h40c6.6 0 12-5.4 12-12zm-96 96v-40c0-6.6-5.4-12-12-12h-40c-6.6 0-12 5.4-12 12v40c0 6.6 5.4 12 12 12h40c6.6 0 12-5.4 12-12zm-96 0v-40c0-6.6-5.4-12-12-12h-40c-6.6 0-12 5.4-12 12v40c0 6.6 5.4 12 12 12h40c6.6 0 12-5.4 12-12zm192 0v-40c0-6.6-5.4-12-12-12h-40c-6.6 0-12 5.4-12 12v40c0 6.6 5.4 12 12 12h40c6.6 0 12-5.4 12-12zm96-260v352c0 26.5-21.5 48-48 48H48c-26.5 0-48-21.5-48-48V112c0-26.5 21.5-48 48-48h48V12c0-6.6 5.4-12 12-12h40c6.6 0 12 5.4 12 12v52h128V12c0-6.6 5.4-12 12-12h40c6.6 0 12 5.4 12 12v52h48c26.5 0 48 21.5 48 48zm-48 346V160H48v298c0 3.3 2.7 6 6 6h340c3.3 0 6-2.7 6-6z\"><\/path><\/svg>\t\t\t<\/span>\n\t\t\t\t\t\t\t\t\t<span class=\"elementor-button-text\">Jetzt Termin Buchen<\/span>\n\t\t\t\t\t<\/span>\n\t\t\t\t\t<\/a>\n\t\t\t\t<\/div>\n\t\t\t\t\t\t\t\t<\/div>\n\t\t\t\t<\/div>\n\t\t\t\t\t<\/div>\n\t\t<\/div>\n\t\t\t\t\t<\/div>\n\t\t<\/section>\n\t\t\t\t<div class=\"elementor-element elementor-element-f57f9c6 elementor-widget elementor-widget-spacer\" data-id=\"f57f9c6\" data-element_type=\"widget\" data-e-type=\"widget\" data-widget_type=\"spacer.default\">\n\t\t\t\t<div class=\"elementor-widget-container\">\n\t\t\t\t\t\t\t<div class=\"elementor-spacer\">\n\t\t\t<div class=\"elementor-spacer-inner\"><\/div>\n\t\t<\/div>\n\t\t\t\t\t\t<\/div>\n\t\t\t\t<\/div>\n\t\t\t\t<div class=\"elementor-element elementor-element-d4c0470 elementor-widget elementor-widget-heading\" data-id=\"d4c0470\" data-element_type=\"widget\" data-e-type=\"widget\" data-widget_type=\"heading.default\">\n\t\t\t\t<div class=\"elementor-widget-container\">\n\t\t\t\t\t<h3 class=\"elementor-heading-title elementor-size-default\">Tinnitus &amp; unser H\u00f6rorgan<\/h3>\t\t\t\t<\/div>\n\t\t\t\t<\/div>\n\t\t\t\t<section class=\"elementor-section elementor-inner-section elementor-element elementor-element-8910dd5 elementor-section-boxed elementor-section-height-default elementor-section-height-default\" data-id=\"8910dd5\" data-element_type=\"section\" data-e-type=\"section\">\n\t\t\t\t\t\t<div class=\"elementor-container elementor-column-gap-default\">\n\t\t\t\t\t<div class=\"elementor-column elementor-col-50 elementor-inner-column elementor-element elementor-element-038274b\" data-id=\"038274b\" data-element_type=\"column\" data-e-type=\"column\">\n\t\t\t<div class=\"elementor-widget-wrap elementor-element-populated\">\n\t\t\t\t\t\t<div class=\"elementor-element elementor-element-65c15dd elementor-widget elementor-widget-image\" data-id=\"65c15dd\" data-element_type=\"widget\" data-e-type=\"widget\" data-widget_type=\"image.default\">\n\t\t\t\t<div class=\"elementor-widget-container\">\n\t\t\t\t\t\t\t\t\t\t\t\t\t\t\t<img loading=\"lazy\" decoding=\"async\" width=\"608\" height=\"510\" src=\"https:\/\/hoerdesign.ch\/wp-content\/uploads\/2024\/03\/Ohr.jpg\" class=\"attachment-large size-large wp-image-3262\" alt=\"\" srcset=\"https:\/\/hoerdesign.ch\/wp-content\/uploads\/2024\/03\/Ohr.jpg 608w, https:\/\/hoerdesign.ch\/wp-content\/uploads\/2024\/03\/Ohr-300x252.jpg 300w\" sizes=\"(max-width: 608px) 100vw, 608px\" style=\"width:100%;height:83.88%;max-width:608px\" \/>\t\t\t\t\t\t\t\t\t\t\t\t\t\t\t<\/div>\n\t\t\t\t<\/div>\n\t\t\t\t\t<\/div>\n\t\t<\/div>\n\t\t\t\t<div class=\"elementor-column elementor-col-50 elementor-inner-column elementor-element elementor-element-6670d60\" data-id=\"6670d60\" data-element_type=\"column\" data-e-type=\"column\">\n\t\t\t<div class=\"elementor-widget-wrap elementor-element-populated\">\n\t\t\t\t\t\t<div class=\"elementor-element elementor-element-0f6a2a1 elementor-widget elementor-widget-text-editor\" data-id=\"0f6a2a1\" data-element_type=\"widget\" data-e-type=\"widget\" data-widget_type=\"text-editor.default\">\n\t\t\t\t<div class=\"elementor-widget-container\">\n\t\t\t\t\t\t\t\t\t<h3><span style=\"color: #e2007a;\"><strong>So Funktionierts<\/strong><\/span><\/h3><p>Ger\u00e4usche werden von der Ohrmuschel aufgefangen und \u00fcber den Geh\u00f6rgang an das Trommelfell weitergegeben. \u00dcber Hammer, Ambos und Steigb\u00fcgel werden die Informationen an das Innenohr weitergegeben. Im Innenohr befinden sich die Haarsinneszellen. Von diesen besitzen wir ca. 20.000. Die am Anfang liegenden Haarzellen sind f\u00fcr die hohen T\u00f6ne zust\u00e4ndig und wandeln den Schall in elektrische Information um. Anschliessend geht es \u00fcber den H\u00f6rnerv an unser Gehirn und in diesen Augenblick wird aus den Ger\u00e4uschen eine Information.<\/p>\t\t\t\t\t\t\t\t<\/div>\n\t\t\t\t<\/div>\n\t\t\t\t<div class=\"elementor-element elementor-element-40aec45 elementor-align-center elementor-widget elementor-widget-button\" data-id=\"40aec45\" data-element_type=\"widget\" data-e-type=\"widget\" data-settings=\"{&quot;_animation_mobile&quot;:&quot;slideInDown&quot;}\" data-widget_type=\"button.default\">\n\t\t\t\t<div class=\"elementor-widget-container\">\n\t\t\t\t\t\t\t\t\t<div class=\"elementor-button-wrapper\">\n\t\t\t\t\t<a class=\"elementor-button elementor-button-link elementor-size-lg\" href=\"https:\/\/hoerdesign.ch\/termin-buchen\/\" id=\"Amelia-custom-id\">\n\t\t\t\t\t\t<span class=\"elementor-button-content-wrapper\">\n\t\t\t\t\t\t<span class=\"elementor-button-icon\">\n\t\t\t\t<svg aria-hidden=\"true\" class=\"e-font-icon-svg e-far-calendar-alt\" viewBox=\"0 0 448 512\" xmlns=\"http:\/\/www.w3.org\/2000\/svg\"><path d=\"M148 288h-40c-6.6 0-12-5.4-12-12v-40c0-6.6 5.4-12 12-12h40c6.6 0 12 5.4 12 12v40c0 6.6-5.4 12-12 12zm108-12v-40c0-6.6-5.4-12-12-12h-40c-6.6 0-12 5.4-12 12v40c0 6.6 5.4 12 12 12h40c6.6 0 12-5.4 12-12zm96 0v-40c0-6.6-5.4-12-12-12h-40c-6.6 0-12 5.4-12 12v40c0 6.6 5.4 12 12 12h40c6.6 0 12-5.4 12-12zm-96 96v-40c0-6.6-5.4-12-12-12h-40c-6.6 0-12 5.4-12 12v40c0 6.6 5.4 12 12 12h40c6.6 0 12-5.4 12-12zm-96 0v-40c0-6.6-5.4-12-12-12h-40c-6.6 0-12 5.4-12 12v40c0 6.6 5.4 12 12 12h40c6.6 0 12-5.4 12-12zm192 0v-40c0-6.6-5.4-12-12-12h-40c-6.6 0-12 5.4-12 12v40c0 6.6 5.4 12 12 12h40c6.6 0 12-5.4 12-12zm96-260v352c0 26.5-21.5 48-48 48H48c-26.5 0-48-21.5-48-48V112c0-26.5 21.5-48 48-48h48V12c0-6.6 5.4-12 12-12h40c6.6 0 12 5.4 12 12v52h128V12c0-6.6 5.4-12 12-12h40c6.6 0 12 5.4 12 12v52h48c26.5 0 48 21.5 48 48zm-48 346V160H48v298c0 3.3 2.7 6 6 6h340c3.3 0 6-2.7 6-6z\"><\/path><\/svg>\t\t\t<\/span>\n\t\t\t\t\t\t\t\t\t<span class=\"elementor-button-text\">Jetzt Termin Buchen<\/span>\n\t\t\t\t\t<\/span>\n\t\t\t\t\t<\/a>\n\t\t\t\t<\/div>\n\t\t\t\t\t\t\t\t<\/div>\n\t\t\t\t<\/div>\n\t\t\t\t\t<\/div>\n\t\t<\/div>\n\t\t\t\t\t<\/div>\n\t\t<\/section>\n\t\t\t\t<section class=\"elementor-section elementor-inner-section elementor-element elementor-element-a5a893d elementor-section-boxed elementor-section-height-default elementor-section-height-default\" data-id=\"a5a893d\" data-element_type=\"section\" data-e-type=\"section\">\n\t\t\t\t\t\t<div class=\"elementor-container elementor-column-gap-default\">\n\t\t\t\t\t<div class=\"elementor-column elementor-col-50 elementor-inner-column elementor-element elementor-element-a38b2a8\" data-id=\"a38b2a8\" data-element_type=\"column\" data-e-type=\"column\">\n\t\t\t<div class=\"elementor-widget-wrap elementor-element-populated\">\n\t\t\t\t\t\t<div class=\"elementor-element elementor-element-676bd2c elementor-widget elementor-widget-text-editor\" data-id=\"676bd2c\" data-element_type=\"widget\" data-e-type=\"widget\" data-widget_type=\"text-editor.default\">\n\t\t\t\t<div class=\"elementor-widget-container\">\n\t\t\t\t\t\t\t\t\t<h3><span style=\"color: #e2007a;\"><strong>Wichtige Rolle:<\/strong><\/span><\/h3><h5><span style=\"color: #e2007a;\"><strong>Unser Gehirn spielt mit.<\/strong><\/span><\/h5><p>Der Mensch speichert\u00a0alle H\u00f6rwahrnehmungen\u00a0von Geburt an im Ged\u00e4chtnis. In Verbindung mit diesen Erinnerungen werden eingehende Ger\u00e4usche verarbeitet und im Gehirn beispielsweise zu Sprache, Melodien oder akustischen Warnsignalen weiterentwickelt. Gleichzeitig werden Kl\u00e4nge mit Emotionen in Verbindung gebracht. Das H\u00f6ren orientiert sich an den Bed\u00fcrfnissen des Menschen. Beruhigende Musik kann Ihnen helfen, sich zu entspannen und sich besser zu f\u00fchlen. Andererseits reagieren wir in Gefahrensituationen empfindlich auf bestimmte Ger\u00e4usche, um bei Bedarf f\u00fcr Sicherheit zu sorgen. Dann wird Ihr Geh\u00f6r gesch\u00e4rft.\u00a0<\/p>\t\t\t\t\t\t\t\t<\/div>\n\t\t\t\t<\/div>\n\t\t\t\t\t<\/div>\n\t\t<\/div>\n\t\t\t\t<div class=\"elementor-column elementor-col-50 elementor-inner-column elementor-element elementor-element-b93dcef\" data-id=\"b93dcef\" data-element_type=\"column\" data-e-type=\"column\">\n\t\t\t<div class=\"elementor-widget-wrap elementor-element-populated\">\n\t\t\t\t\t\t<div class=\"elementor-element elementor-element-1bb4398 elementor-widget elementor-widget-image\" data-id=\"1bb4398\" data-element_type=\"widget\" data-e-type=\"widget\" data-widget_type=\"image.default\">\n\t\t\t\t<div class=\"elementor-widget-container\">\n\t\t\t\t\t\t\t\t\t\t\t\t\t\t\t<img loading=\"lazy\" decoding=\"async\" width=\"750\" height=\"500\" src=\"https:\/\/hoerdesign.ch\/wp-content\/uploads\/2024\/03\/Tinnitus-Gehirn.jpg\" class=\"attachment-large size-large wp-image-2954\" alt=\"\" srcset=\"https:\/\/hoerdesign.ch\/wp-content\/uploads\/2024\/03\/Tinnitus-Gehirn.jpg 945w, https:\/\/hoerdesign.ch\/wp-content\/uploads\/2024\/03\/Tinnitus-Gehirn-300x200.jpg 300w, https:\/\/hoerdesign.ch\/wp-content\/uploads\/2024\/03\/Tinnitus-Gehirn-768x512.jpg 768w\" sizes=\"(max-width: 750px) 100vw, 750px\" style=\"width:100%;height:66.67%;max-width:945px\" \/>\t\t\t\t\t\t\t\t\t\t\t\t\t\t\t<\/div>\n\t\t\t\t<\/div>\n\t\t\t\t\t<\/div>\n\t\t<\/div>\n\t\t\t\t\t<\/div>\n\t\t<\/section>\n\t\t\t\t<section class=\"elementor-section elementor-inner-section elementor-element elementor-element-5e0f73f elementor-section-boxed elementor-section-height-default elementor-section-height-default\" data-id=\"5e0f73f\" data-element_type=\"section\" data-e-type=\"section\">\n\t\t\t\t\t\t<div class=\"elementor-container elementor-column-gap-default\">\n\t\t\t\t\t<div class=\"elementor-column elementor-col-100 elementor-inner-column elementor-element elementor-element-87e9f78\" data-id=\"87e9f78\" data-element_type=\"column\" data-e-type=\"column\">\n\t\t\t<div class=\"elementor-widget-wrap elementor-element-populated\">\n\t\t\t\t\t\t<div class=\"elementor-element elementor-element-6963376 animated-slow elementor-invisible elementor-widget elementor-widget-text-editor\" data-id=\"6963376\" data-element_type=\"widget\" data-e-type=\"widget\" data-settings=\"{&quot;_animation&quot;:&quot;bounce&quot;}\" data-widget_type=\"text-editor.default\">\n\t\t\t\t<div class=\"elementor-widget-container\">\n\t\t\t\t\t\t\t\t\t<h2><span style=\"color: #e6007e;\"><strong>Darum ist der Tinnitus eine Belastung<\/strong><\/span><\/h2><p><strong>Bekannte Ger\u00e4usche k\u00f6nnen zun\u00e4chst weder einem fr\u00fchen Tinnitus zugeordnet noch emotional nachvollzogen werden. So signalisiert das Unterbewusstsein Gefahr und der Betroffene reagiert instinktiv mit Panik und f\u00fchlt sich fremden Ger\u00e4uschen hilflos ausgeliefert. Das Ergebnis ist eine h\u00f6here Ger\u00e4uschempfindlichkeit und eine noch st\u00e4rkere Wahrnehmung.<\/strong>\u00a0<\/p>\t\t\t\t\t\t\t\t<\/div>\n\t\t\t\t<\/div>\n\t\t\t\t\t<\/div>\n\t\t<\/div>\n\t\t\t\t\t<\/div>\n\t\t<\/section>\n\t\t\t\t<section class=\"elementor-section elementor-inner-section elementor-element elementor-element-6945bf0 elementor-section-boxed elementor-section-height-default elementor-section-height-default\" data-id=\"6945bf0\" data-element_type=\"section\" data-e-type=\"section\">\n\t\t\t\t\t\t<div class=\"elementor-container elementor-column-gap-default\">\n\t\t\t\t\t<div class=\"elementor-column elementor-col-100 elementor-inner-column elementor-element elementor-element-8e8e311\" data-id=\"8e8e311\" data-element_type=\"column\" data-e-type=\"column\">\n\t\t\t<div class=\"elementor-widget-wrap elementor-element-populated\">\n\t\t\t\t\t\t<div class=\"elementor-element elementor-element-69e67f1 animated-slow elementor-invisible elementor-widget elementor-widget-text-editor\" data-id=\"69e67f1\" data-element_type=\"widget\" data-e-type=\"widget\" data-settings=\"{&quot;_animation&quot;:&quot;bounce&quot;}\" data-widget_type=\"text-editor.default\">\n\t\t\t\t<div class=\"elementor-widget-container\">\n\t\t\t\t\t\t\t\t\t<h3><span style=\"color: #e6007e;\"><strong>Tinnitus \u2013 M\u00f6gliche Ursachen &amp; Risikoneigung<\/strong><\/span><\/h3><h6>\u00a0<\/h6><h6>Viele m\u00f6gliche Ursachen k\u00f6nnen f\u00fcr einen Tinnitus Schuld.\u00a0 Bei den meisten Patienten jedoch ist der Ausl\u00f6ser nicht nachzuweisen. In der Medizin w\u00fcrde man sagen idiopathisch \u00abUrsache Unbekannt\u00bb<\/h6><p>\u00a0<\/p>\t\t\t\t\t\t\t\t<\/div>\n\t\t\t\t<\/div>\n\t\t\t\t<div class=\"elementor-element elementor-element-f5b0a22 elementor-widget elementor-widget-text-editor\" data-id=\"f5b0a22\" data-element_type=\"widget\" data-e-type=\"widget\" data-widget_type=\"text-editor.default\">\n\t\t\t\t<div class=\"elementor-widget-container\">\n\t\t\t\t\t\t\t\t\t<p><span style=\"color: #e6007e;\"><strong>Objektiver<\/strong> <strong>Tinnitus<\/strong><\/span> ist f\u00fcr andere h\u00f6rbar und medizinisch messbar. Es ist ein Verengungsger\u00e4usch (pulsierendes Ger\u00e4usch) oder ein Klickger\u00e4usch von Blutgef\u00e4\u00dfen, das durch unbewusste Kr\u00e4mpfe der Muskeln des Mittelohrs und des Gaumens verursacht wird. Weitere m\u00f6gliche Ursachen sind Herzklappenerkrankungen, Blutarmut, durchg\u00e4ngige R\u00f6hren und gutartige Tumore der Karotis (Glomustumoren).\u00a0<\/p><p><span style=\"color: #e6007e;\"><strong>Subjektiver Tinnitus<\/strong><\/span> ist nur f\u00fcr den Betroffenen h\u00f6rbar. Die Herkunft ist noch nicht vollst\u00e4ndig gekl\u00e4rt. Experten glauben, dass besch\u00e4digte Haarzellen und falsch ausgerichtete Nervenbahnen falsche Signale an das Gehirn senden. Eine weitere St\u00f6rquelle kann direkt im H\u00f6rzentrum entstanden sein, sodass die vom H\u00f6rnerv \u00fcbermittelten Informationen zwar richtig ankommen, aber nicht richtig verarbeitet werden.\u00a0<\/p>\t\t\t\t\t\t\t\t<\/div>\n\t\t\t\t<\/div>\n\t\t\t\t\t<\/div>\n\t\t<\/div>\n\t\t\t\t\t<\/div>\n\t\t<\/section>\n\t\t\t\t<section class=\"elementor-section elementor-inner-section elementor-element elementor-element-711051d elementor-section-boxed elementor-section-height-default elementor-section-height-default\" data-id=\"711051d\" data-element_type=\"section\" data-e-type=\"section\">\n\t\t\t\t\t\t<div class=\"elementor-container elementor-column-gap-default\">\n\t\t\t\t\t<div class=\"elementor-column elementor-col-50 elementor-inner-column elementor-element elementor-element-9b598a3\" data-id=\"9b598a3\" data-element_type=\"column\" data-e-type=\"column\">\n\t\t\t<div class=\"elementor-widget-wrap elementor-element-populated\">\n\t\t\t\t\t\t<div class=\"elementor-element elementor-element-691d9f0 animated-slow elementor-invisible elementor-widget elementor-widget-text-editor\" data-id=\"691d9f0\" data-element_type=\"widget\" data-e-type=\"widget\" data-settings=\"{&quot;_animation&quot;:&quot;bounce&quot;}\" data-widget_type=\"text-editor.default\">\n\t\t\t\t<div class=\"elementor-widget-container\">\n\t\t\t\t\t\t\t\t\t<h3><span style=\"color: #e6007e;\"><strong>Bekannte Ursachen f\u00fcr einen subjektiven Tinnitus<\/strong><\/span><\/h3><h6>\u00a0<\/h6><h4>Akustische Traumen\/H\u00f6rsturz<\/h4>\t\t\t\t\t\t\t\t<\/div>\n\t\t\t\t<\/div>\n\t\t\t\t<div class=\"elementor-element elementor-element-115755c elementor-widget elementor-widget-text-editor\" data-id=\"115755c\" data-element_type=\"widget\" data-e-type=\"widget\" data-widget_type=\"text-editor.default\">\n\t\t\t\t<div class=\"elementor-widget-container\">\n\t\t\t\t\t\t\t\t\t<p>Es wird angenommen, dass \u00fcberwiegender Teil des subjektiven Tinnitus auf \u00fcberm\u00e4ssige L\u00e4rmbelastung zur\u00fcckzuf\u00fchren ist. Dazu geh\u00f6ren Ger\u00e4usche von Rockkonzerten, Musik aus Kopfh\u00f6rern und Ger\u00e4usche von lauten Maschinen. Dar\u00fcber hinaus kann ein Trauma durch Explosionen oder laute Ger\u00e4usche (Knalltrauma) verursacht werden. Ein h\u00e4ufiger Grund f\u00fcr die Entstehung eines chronischen Tinnitus ist ein vorangegangener H\u00f6rsturz. Ein pl\u00f6tzlicher H\u00f6rverlust f\u00fchrt zu einem pl\u00f6tzlichen teilweisen oder vollst\u00e4ndigen, meist einseitigen H\u00f6rverlust (Innenohrschwerh\u00f6rigkeit) und einem akuten Tinnitus.\u00a0<\/p>\t\t\t\t\t\t\t\t<\/div>\n\t\t\t\t<\/div>\n\t\t\t\t\t<\/div>\n\t\t<\/div>\n\t\t\t\t<div class=\"elementor-column elementor-col-50 elementor-inner-column elementor-element elementor-element-7383ac1\" data-id=\"7383ac1\" data-element_type=\"column\" data-e-type=\"column\">\n\t\t\t<div class=\"elementor-widget-wrap elementor-element-populated\">\n\t\t\t\t\t\t<div class=\"elementor-element elementor-element-8ea5b7d elementor-widget elementor-widget-image\" data-id=\"8ea5b7d\" data-element_type=\"widget\" data-e-type=\"widget\" data-widget_type=\"image.default\">\n\t\t\t\t<div class=\"elementor-widget-container\">\n\t\t\t\t\t\t\t\t\t\t\t\t\t\t\t<img loading=\"lazy\" decoding=\"async\" width=\"750\" height=\"445\" src=\"https:\/\/hoerdesign.ch\/wp-content\/uploads\/2024\/03\/das-menschliche-ohr-scaled-1-1024x608.jpg\" class=\"attachment-large size-large wp-image-3252\" alt=\"\" srcset=\"https:\/\/hoerdesign.ch\/wp-content\/uploads\/2024\/03\/das-menschliche-ohr-scaled-1-1024x608.jpg 1024w, https:\/\/hoerdesign.ch\/wp-content\/uploads\/2024\/03\/das-menschliche-ohr-scaled-1-300x178.jpg 300w, https:\/\/hoerdesign.ch\/wp-content\/uploads\/2024\/03\/das-menschliche-ohr-scaled-1-768x456.jpg 768w, https:\/\/hoerdesign.ch\/wp-content\/uploads\/2024\/03\/das-menschliche-ohr-scaled-1-1536x912.jpg 1536w, https:\/\/hoerdesign.ch\/wp-content\/uploads\/2024\/03\/das-menschliche-ohr-scaled-1-2048x1216.jpg 2048w, https:\/\/hoerdesign.ch\/wp-content\/uploads\/2024\/03\/das-menschliche-ohr-scaled-1-1568x931.jpg 1568w\" sizes=\"(max-width: 750px) 100vw, 750px\" style=\"width:100%;height:59.38%;max-width:2560px\" \/>\t\t\t\t\t\t\t\t\t\t\t\t\t\t\t<\/div>\n\t\t\t\t<\/div>\n\t\t\t\t\t<\/div>\n\t\t<\/div>\n\t\t\t\t\t<\/div>\n\t\t<\/section>\n\t\t\t\t<section class=\"elementor-section elementor-inner-section elementor-element elementor-element-06dee9f elementor-section-boxed elementor-section-height-default elementor-section-height-default\" data-id=\"06dee9f\" data-element_type=\"section\" data-e-type=\"section\">\n\t\t\t\t\t\t<div class=\"elementor-container elementor-column-gap-default\">\n\t\t\t\t\t<div class=\"elementor-column elementor-col-50 elementor-inner-column elementor-element elementor-element-805e301\" data-id=\"805e301\" data-element_type=\"column\" data-e-type=\"column\" data-settings=\"{&quot;background_background&quot;:&quot;slideshow&quot;,&quot;background_slideshow_gallery&quot;:[{&quot;id&quot;:&quot;3256&quot;,&quot;url&quot;:&quot;https:\\\/\\\/hoerdesign.ch\\\/wp-content\\\/uploads\\\/2024\\\/03\\\/RetrocS-scaled-1.jpg&quot;},{&quot;id&quot;:&quot;3255&quot;,&quot;url&quot;:&quot;https:\\\/\\\/hoerdesign.ch\\\/wp-content\\\/uploads\\\/2024\\\/03\\\/SES-scaled-1.jpg&quot;},{&quot;id&quot;:&quot;3254&quot;,&quot;url&quot;:&quot;https:\\\/\\\/hoerdesign.ch\\\/wp-content\\\/uploads\\\/2024\\\/03\\\/SLS-scaled-1.jpg&quot;},{&quot;id&quot;:&quot;3253&quot;,&quot;url&quot;:&quot;https:\\\/\\\/hoerdesign.ch\\\/wp-content\\\/uploads\\\/2024\\\/03\\\/SLS2-scaled-1.jpg&quot;}],&quot;background_slideshow_loop&quot;:&quot;yes&quot;,&quot;background_slideshow_slide_duration&quot;:5000,&quot;background_slideshow_slide_transition&quot;:&quot;fade&quot;,&quot;background_slideshow_transition_duration&quot;:500}\">\n\t\t\t<div class=\"elementor-widget-wrap elementor-element-populated\">\n\t\t\t\t\t\t<div class=\"elementor-element elementor-element-7df85bf elementor-widget elementor-widget-spacer\" data-id=\"7df85bf\" data-element_type=\"widget\" data-e-type=\"widget\" data-widget_type=\"spacer.default\">\n\t\t\t\t<div class=\"elementor-widget-container\">\n\t\t\t\t\t\t\t<div class=\"elementor-spacer\">\n\t\t\t<div class=\"elementor-spacer-inner\"><\/div>\n\t\t<\/div>\n\t\t\t\t\t\t<\/div>\n\t\t\t\t<\/div>\n\t\t\t\t\t<\/div>\n\t\t<\/div>\n\t\t\t\t<div class=\"elementor-column elementor-col-50 elementor-inner-column elementor-element elementor-element-377dbf9\" data-id=\"377dbf9\" data-element_type=\"column\" data-e-type=\"column\">\n\t\t\t<div class=\"elementor-widget-wrap elementor-element-populated\">\n\t\t\t\t\t\t<div class=\"elementor-element elementor-element-4df3d60 elementor-widget elementor-widget-text-editor\" data-id=\"4df3d60\" data-element_type=\"widget\" data-e-type=\"widget\" data-widget_type=\"text-editor.default\">\n\t\t\t\t<div class=\"elementor-widget-container\">\n\t\t\t\t\t\t\t\t\t<h4><span style=\"color: #e6007e;\"><strong>Ohrerkrankungen mit Tinnitusbegleitung<\/strong><\/span><\/h4><ul><li>Otosklerose<\/li><li>Mittelohrentz\u00fcndungen<\/li><li>Tubenfunktionsst\u00f6rung<\/li><li>Ohrenschmalz (Verschliesst Geh\u00f6rgang)<\/li><li>Innenohrentz\u00fcndungen<\/li><li>Mangelnde Durchblutung des Innenohres<\/li><\/ul>\t\t\t\t\t\t\t\t<\/div>\n\t\t\t\t<\/div>\n\t\t\t\t\t<\/div>\n\t\t<\/div>\n\t\t\t\t\t<\/div>\n\t\t<\/section>\n\t\t\t\t<section class=\"elementor-section elementor-inner-section elementor-element elementor-element-52ade05 elementor-section-boxed elementor-section-height-default elementor-section-height-default\" data-id=\"52ade05\" data-element_type=\"section\" data-e-type=\"section\">\n\t\t\t\t\t\t<div class=\"elementor-container elementor-column-gap-default\">\n\t\t\t\t\t<div class=\"elementor-column elementor-col-100 elementor-inner-column elementor-element elementor-element-95a25f1\" data-id=\"95a25f1\" data-element_type=\"column\" data-e-type=\"column\">\n\t\t\t<div class=\"elementor-widget-wrap elementor-element-populated\">\n\t\t\t\t\t\t<div class=\"elementor-element elementor-element-9533bca elementor-widget elementor-widget-text-editor\" data-id=\"9533bca\" data-element_type=\"widget\" data-e-type=\"widget\" data-widget_type=\"text-editor.default\">\n\t\t\t\t<div class=\"elementor-widget-container\">\n\t\t\t\t\t\t\t\t\t<p><strong>Schwerh\u00f6rigkeit:<\/strong> Alle Arten von Schwerh\u00f6rigkeiten kann Tinnitus ein Begleitsymptom sein.<\/p><p><strong>Akustikusneurinom:<\/strong> Ein gutartiger Tumor, der genau auf dem H\u00f6rnerv sitzt.<\/p><p><strong>Morbus Meni\u00e8re:<\/strong> Im Innenohr befinden sich zwei unterschiedliche Fl\u00fcssigkeiten, die sich vermischen. Ein schwankendes Geh\u00f6r mit Schwindel als Begleitung ist die Folge. Zus\u00e4tzlich kann Tinnitus hinzukommen.<\/p><p><strong>Halswirbels\u00e4ule:<\/strong> Fehlstellung der Halswirbels\u00e4ule in Kombination mit Verspannungen.<\/p><p><strong>Emotionale Belastung:<\/strong> Stressige Lebenssiuationen.<\/p><p><strong>Kauapparat:<\/strong> Fehlstellungen von Kiefer oder Z\u00e4hnen.<\/p><p><strong>Medikamentennebenwirkung:<\/strong> Einige Medikamente haben Nebenwirkungen. Unter anderem auch Tinnitus.<\/p>\t\t\t\t\t\t\t\t<\/div>\n\t\t\t\t<\/div>\n\t\t\t\t<div class=\"elementor-element elementor-element-fabba5f elementor-widget elementor-widget-text-editor\" data-id=\"fabba5f\" data-element_type=\"widget\" data-e-type=\"widget\" data-widget_type=\"text-editor.default\">\n\t\t\t\t<div class=\"elementor-widget-container\">\n\t\t\t\t\t\t\t\t\t<h4><span style=\"color: #e6007e;\"><strong>Andere Ursachen<\/strong><\/span><\/h4><ul><li>Herz-Kreislauf-Erkrankungen, z. B. Arrhythmie, Bluthochdruck oder Hypotonie<\/li><li>Stoffwechselerkrankungen wie Diabetes und Nierenfunktionsst\u00f6rungen<\/li><li>Hormonelle Ungleichgewichte wie Wechseljahre<\/li><li>Sch\u00e4del-Hirn-Trauma<\/li><li>Erkrankungen des zentralen Nervensystems (wie Multiple Sklerose), Gehirntumore, Meningitis<\/li><li>An\u00e4sthesie, insbesondere Spinalan\u00e4sthesie (Spinalan\u00e4sthesie)<\/li><li>ver\u00e4nderte Druckverh\u00e4ltnisse im Ohr durch Tauchen, Flugreisen etc. (Barotrauma durch Unterdruck, Caissonkrankheit durch \u00dcberdruck im Ohr)<\/li><li>Alkoholmissbrauch \u00a0<\/li><li>Allergien<\/li><li>Ungesunde Ern\u00e4hrung<\/li><li>Nikotin<\/li><\/ul>\t\t\t\t\t\t\t\t<\/div>\n\t\t\t\t<\/div>\n\t\t\t\t<section class=\"elementor-section elementor-inner-section elementor-element elementor-element-02ad96d elementor-section-boxed elementor-section-height-default elementor-section-height-default\" data-id=\"02ad96d\" data-element_type=\"section\" data-e-type=\"section\">\n\t\t\t\t\t\t<div class=\"elementor-container elementor-column-gap-default\">\n\t\t\t\t\t<div class=\"elementor-column elementor-col-50 elementor-inner-column elementor-element elementor-element-99418ac\" data-id=\"99418ac\" data-element_type=\"column\" data-e-type=\"column\" data-settings=\"{&quot;background_background&quot;:&quot;slideshow&quot;,&quot;background_slideshow_gallery&quot;:[{&quot;id&quot;:&quot;3256&quot;,&quot;url&quot;:&quot;https:\\\/\\\/hoerdesign.ch\\\/wp-content\\\/uploads\\\/2024\\\/03\\\/RetrocS-scaled-1.jpg&quot;},{&quot;id&quot;:&quot;3255&quot;,&quot;url&quot;:&quot;https:\\\/\\\/hoerdesign.ch\\\/wp-content\\\/uploads\\\/2024\\\/03\\\/SES-scaled-1.jpg&quot;},{&quot;id&quot;:&quot;3254&quot;,&quot;url&quot;:&quot;https:\\\/\\\/hoerdesign.ch\\\/wp-content\\\/uploads\\\/2024\\\/03\\\/SLS-scaled-1.jpg&quot;},{&quot;id&quot;:&quot;3253&quot;,&quot;url&quot;:&quot;https:\\\/\\\/hoerdesign.ch\\\/wp-content\\\/uploads\\\/2024\\\/03\\\/SLS2-scaled-1.jpg&quot;}],&quot;background_slideshow_loop&quot;:&quot;yes&quot;,&quot;background_slideshow_slide_duration&quot;:5000,&quot;background_slideshow_slide_transition&quot;:&quot;fade&quot;,&quot;background_slideshow_transition_duration&quot;:500}\">\n\t\t\t<div class=\"elementor-widget-wrap elementor-element-populated\">\n\t\t\t\t\t\t<div class=\"elementor-element elementor-element-0bf62f2 elementor-widget elementor-widget-spacer\" data-id=\"0bf62f2\" data-element_type=\"widget\" data-e-type=\"widget\" data-widget_type=\"spacer.default\">\n\t\t\t\t<div class=\"elementor-widget-container\">\n\t\t\t\t\t\t\t<div class=\"elementor-spacer\">\n\t\t\t<div class=\"elementor-spacer-inner\"><\/div>\n\t\t<\/div>\n\t\t\t\t\t\t<\/div>\n\t\t\t\t<\/div>\n\t\t\t\t\t<\/div>\n\t\t<\/div>\n\t\t\t\t<div class=\"elementor-column elementor-col-50 elementor-inner-column elementor-element elementor-element-c8a2fcb\" data-id=\"c8a2fcb\" data-element_type=\"column\" data-e-type=\"column\">\n\t\t\t<div class=\"elementor-widget-wrap elementor-element-populated\">\n\t\t\t\t\t\t<div class=\"elementor-element elementor-element-f044006 elementor-widget elementor-widget-text-editor\" data-id=\"f044006\" data-element_type=\"widget\" data-e-type=\"widget\" data-widget_type=\"text-editor.default\">\n\t\t\t\t<div class=\"elementor-widget-container\">\n\t\t\t\t\t\t\t\t\t<h4><span style=\"color: #e6007e;\"><strong>Tinnitus: Die Anzeichen<\/strong><\/span><\/h4><p>Knarren, Pfeifen, Rauschen, H\u00e4mmern, Zischen, Summen, Klingeln, Klopfen oder Zirpen \u2013 Genau so unterschiedlich k\u00f6nnen die Ger\u00e4usche eines Ohrger\u00e4usches sein. Oftmals k\u00f6nnen es mehrere verschiedene T\u00f6ne sein. Die Lautst\u00e4rke und die Tonlage k\u00f6nnen variieren. Die am wohl h\u00e4ufigste Art von Tinnitus sind hohe Piept\u00f6ne oder Rauschen. Kombiniert mit Gef\u00e4ssproblemen kann der Ton sogar pulssynchron sein. Ohrger\u00e4usche werden rechts, links oder mittig im Kopf wahrgenommen.<\/p>\t\t\t\t\t\t\t\t<\/div>\n\t\t\t\t<\/div>\n\t\t\t\t\t<\/div>\n\t\t<\/div>\n\t\t\t\t\t<\/div>\n\t\t<\/section>\n\t\t\t\t<section class=\"elementor-section elementor-inner-section elementor-element elementor-element-ef8ae5a elementor-section-boxed elementor-section-height-default elementor-section-height-default\" data-id=\"ef8ae5a\" data-element_type=\"section\" data-e-type=\"section\">\n\t\t\t\t\t\t<div class=\"elementor-container elementor-column-gap-default\">\n\t\t\t\t\t<div class=\"elementor-column elementor-col-50 elementor-inner-column elementor-element elementor-element-6e3184e\" data-id=\"6e3184e\" data-element_type=\"column\" data-e-type=\"column\" data-settings=\"{&quot;background_background&quot;:&quot;slideshow&quot;,&quot;background_slideshow_gallery&quot;:[],&quot;background_slideshow_loop&quot;:&quot;yes&quot;,&quot;background_slideshow_slide_duration&quot;:5000,&quot;background_slideshow_slide_transition&quot;:&quot;fade&quot;,&quot;background_slideshow_transition_duration&quot;:500}\">\n\t\t\t<div class=\"elementor-widget-wrap elementor-element-populated\">\n\t\t\t\t\t\t<div class=\"elementor-element elementor-element-8f46981 elementor-widget elementor-widget-image\" data-id=\"8f46981\" data-element_type=\"widget\" data-e-type=\"widget\" data-widget_type=\"image.default\">\n\t\t\t\t<div class=\"elementor-widget-container\">\n\t\t\t\t\t\t\t\t\t\t\t\t\t\t\t<img loading=\"lazy\" decoding=\"async\" width=\"750\" height=\"750\" src=\"https:\/\/hoerdesign.ch\/wp-content\/uploads\/2024\/03\/RS_OH_woman-shell_1200x1200-1024x1024.jpg\" class=\"attachment-large size-large wp-image-3180\" alt=\"\" srcset=\"https:\/\/hoerdesign.ch\/wp-content\/uploads\/2024\/03\/RS_OH_woman-shell_1200x1200-1024x1024.jpg 1024w, https:\/\/hoerdesign.ch\/wp-content\/uploads\/2024\/03\/RS_OH_woman-shell_1200x1200-300x300.jpg 300w, https:\/\/hoerdesign.ch\/wp-content\/uploads\/2024\/03\/RS_OH_woman-shell_1200x1200-150x150.jpg 150w, https:\/\/hoerdesign.ch\/wp-content\/uploads\/2024\/03\/RS_OH_woman-shell_1200x1200-768x768.jpg 768w, https:\/\/hoerdesign.ch\/wp-content\/uploads\/2024\/03\/RS_OH_woman-shell_1200x1200.jpg 1280w\" sizes=\"(max-width: 750px) 100vw, 750px\" style=\"width:100%;height:100%;max-width:1280px\" \/>\t\t\t\t\t\t\t\t\t\t\t\t\t\t\t<\/div>\n\t\t\t\t<\/div>\n\t\t\t\t\t<\/div>\n\t\t<\/div>\n\t\t\t\t<div class=\"elementor-column elementor-col-50 elementor-inner-column elementor-element elementor-element-2f76319\" data-id=\"2f76319\" data-element_type=\"column\" data-e-type=\"column\">\n\t\t\t<div class=\"elementor-widget-wrap elementor-element-populated\">\n\t\t\t\t\t\t<div class=\"elementor-element elementor-element-0d9dff5 elementor-widget elementor-widget-text-editor\" data-id=\"0d9dff5\" data-element_type=\"widget\" data-e-type=\"widget\" data-widget_type=\"text-editor.default\">\n\t\t\t\t<div class=\"elementor-widget-container\">\n\t\t\t\t\t\t\t\t\t<h4><span style=\"color: #e6007e;\"><strong>Tinnitus die Schweregrade<\/strong><\/span><\/h4><p>Wie stark ein Patient unter Tinnitus leidet, h\u00e4ngt nicht nur von der Art des Ger\u00e4usches ab, sondern auch vom pers\u00f6nlichen Tageszustand und der inneren Einstellung zum Problem. Daher stuften die \u00c4rzte den Grad der Belastung in vier Schweregrade ein.\u00a0<\/p>\t\t\t\t\t\t\t\t<\/div>\n\t\t\t\t<\/div>\n\t\t\t\t<div class=\"elementor-element elementor-element-ac05571 elementor-widget elementor-widget-text-editor\" data-id=\"ac05571\" data-element_type=\"widget\" data-e-type=\"widget\" data-widget_type=\"text-editor.default\">\n\t\t\t\t<div class=\"elementor-widget-container\">\n\t\t\t\t\t\t\t\t\t<p>Einteilung nach Biesinger<\/p><p><strong>Grad 1:<\/strong> Der Tinnitus ist gut kompensiert, kein Leidensdruck<\/p><p><strong>Grad 2:<\/strong> Der Tinnitus tritt haupts\u00e4chlich bei Stille auf und wirkt st\u00f6rend bei Stress und Belastungen<\/p><p><strong>Grad 3:<\/strong> Der Tinnitus f\u00fchrt zu einer dauernden Beeintr\u00e4chtigung im privaten und beruflichen Bereich. Es treten St\u00f6rungen im emotionalen, kognitiven und k\u00f6rperlichen Bereich auf.<\/p><p><strong>Grad 4:<\/strong> Der Tinnitus f\u00fchrt zur v\u00f6lligen Dekompensation im privaten Bereich, Berufsunf\u00e4higkeit<\/p>\t\t\t\t\t\t\t\t<\/div>\n\t\t\t\t<\/div>\n\t\t\t\t\t<\/div>\n\t\t<\/div>\n\t\t\t\t\t<\/div>\n\t\t<\/section>\n\t\t\t\t<section class=\"elementor-section elementor-inner-section elementor-element elementor-element-8d7cf45 elementor-section-boxed elementor-section-height-default elementor-section-height-default\" data-id=\"8d7cf45\" data-element_type=\"section\" data-e-type=\"section\">\n\t\t\t\t\t\t<div class=\"elementor-container elementor-column-gap-default\">\n\t\t\t\t\t<div class=\"elementor-column elementor-col-100 elementor-inner-column elementor-element elementor-element-d1485fe\" data-id=\"d1485fe\" data-element_type=\"column\" data-e-type=\"column\">\n\t\t\t<div class=\"elementor-widget-wrap elementor-element-populated\">\n\t\t\t\t\t\t<div class=\"elementor-element elementor-element-ff6d8b4 animated-slow elementor-invisible elementor-widget elementor-widget-text-editor\" data-id=\"ff6d8b4\" data-element_type=\"widget\" data-e-type=\"widget\" data-settings=\"{&quot;_animation&quot;:&quot;bounce&quot;}\" data-widget_type=\"text-editor.default\">\n\t\t\t\t<div class=\"elementor-widget-container\">\n\t\t\t\t\t\t\t\t\t<h3>Ganzheitliches Beratungskonzept f\u00fcr mehr Lebensqualit\u00e4t<\/h3>\t\t\t\t\t\t\t\t<\/div>\n\t\t\t\t<\/div>\n\t\t\t\t<div class=\"elementor-element elementor-element-57abb2f elementor-align-center elementor-widget elementor-widget-button\" data-id=\"57abb2f\" data-element_type=\"widget\" data-e-type=\"widget\" data-settings=\"{&quot;_animation_mobile&quot;:&quot;slideInDown&quot;}\" data-widget_type=\"button.default\">\n\t\t\t\t<div class=\"elementor-widget-container\">\n\t\t\t\t\t\t\t\t\t<div class=\"elementor-button-wrapper\">\n\t\t\t\t\t<a class=\"elementor-button elementor-button-link elementor-size-lg\" href=\"https:\/\/hoerdesign.ch\/termin-buchen\/\" id=\"Amelia-custom-id\">\n\t\t\t\t\t\t<span class=\"elementor-button-content-wrapper\">\n\t\t\t\t\t\t\t\t\t<span class=\"elementor-button-text\">Mehr Erfahren<\/span>\n\t\t\t\t\t<\/span>\n\t\t\t\t\t<\/a>\n\t\t\t\t<\/div>\n\t\t\t\t\t\t\t\t<\/div>\n\t\t\t\t<\/div>\n\t\t\t\t\t<\/div>\n\t\t<\/div>\n\t\t\t\t\t<\/div>\n\t\t<\/section>\n\t\t\t\t\t<\/div>\n\t\t<\/div>\n\t\t\t\t\t<\/div>\n\t\t<\/section>\n\t\t\t\t\t<\/div>\n\t\t<\/div>\n\t\t\t\t\t<\/div>\n\t\t<\/section>\n\t\t\t\t<\/div>\n\t\t","protected":false},"excerpt":{"rendered":"<p>Was ist Tinnitus? Alles was Sie \u00fcber Tinnitus wissen m\u00fcssen \u00dcberblick Viele haben es schon erlebt. Ein Pfeifen, summen, brummen, flimmern oder ein anderes l\u00e4stiges Ger\u00e4usch ert\u00f6nt in unseren Ohren. Bei vielen Menschen verschwindet das l\u00e4stige Ger\u00e4usch nach kurzer Zeit auch wieder. Ist es dauerhaft zu h\u00f6ren wird es zur Belastung. \u00a0Was ist das? Tinnitus&hellip; <a class=\"more-link\" href=\"https:\/\/hoerdesign.ch\/en\/alles-ueber-tinnitus\/\">Continue reading <span class=\"screen-reader-text\">all about tinnitus<\/span><\/a><\/p>","protected":false},"author":1,"featured_media":0,"parent":0,"menu_order":0,"comment_status":"closed","ping_status":"closed","template":"","meta":{"_surecart_dashboard_logo_width":"180px","_surecart_dashboard_show_logo":true,"_surecart_dashboard_navigation_orders":true,"_surecart_dashboard_navigation_invoices":true,"_surecart_dashboard_navigation_subscriptions":true,"_surecart_dashboard_navigation_downloads":true,"_surecart_dashboard_navigation_billing":true,"_surecart_dashboard_navigation_account":true,"footnotes":""},"class_list":["post-3266","page","type-page","status-publish","hentry","entry"],"yoast_head":"<!-- This site is optimized with the Yoast SEO plugin v27.5 - https:\/\/yoast.com\/product\/yoast-seo-wordpress\/ -->\n<title>Alles was Sie wissen m\u00fcssen \u00fcber Tinnitus<\/title>\n<meta name=\"robots\" content=\"index, follow, max-snippet:-1, max-image-preview:large, max-video-preview:-1\" \/>\n<link rel=\"canonical\" href=\"https:\/\/hoerdesign.ch\/en\/alles-ueber-tinnitus\/\" \/>\n<meta property=\"og:locale\" content=\"en_GB\" \/>\n<meta property=\"og:type\" content=\"article\" \/>\n<meta property=\"og:title\" content=\"Alles was Sie wissen m\u00fcssen \u00fcber Tinnitus\" \/>\n<meta property=\"og:description\" content=\"Was ist Tinnitus? Alles was Sie \u00fcber Tinnitus wissen m\u00fcssen \u00dcberblick Viele haben es schon erlebt. Ein Pfeifen, summen, brummen, flimmern oder ein anderes l\u00e4stiges Ger\u00e4usch ert\u00f6nt in unseren Ohren. Bei vielen Menschen verschwindet das l\u00e4stige Ger\u00e4usch nach kurzer Zeit auch wieder. Ist es dauerhaft zu h\u00f6ren wird es zur Belastung. \u00a0Was ist das? Tinnitus&hellip; Continue reading Alles \u00fcber Tinnitus\" \/>\n<meta property=\"og:url\" content=\"https:\/\/hoerdesign.ch\/en\/alles-ueber-tinnitus\/\" \/>\n<meta property=\"og:site_name\" content=\"H\u00f6rdesign GmbH\" \/>\n<meta property=\"article:publisher\" content=\"https:\/\/www.facebook.com\/hoerdesigninzug\" \/>\n<meta property=\"article:modified_time\" content=\"2024-03-15T05:38:33+00:00\" \/>\n<meta property=\"og:image\" content=\"https:\/\/hoerdesign.ch\/wp-content\/uploads\/2024\/03\/Tinnitus.jpg\" \/>\n<meta name=\"twitter:card\" content=\"summary_large_image\" \/>\n<meta name=\"twitter:label1\" content=\"Estimated reading time\" \/>\n\t<meta name=\"twitter:data1\" content=\"7 minutes\" \/>\n<script type=\"application\/ld+json\" class=\"yoast-schema-graph\">{\"@context\":\"https:\\\/\\\/schema.org\",\"@graph\":[{\"@type\":\"WebPage\",\"@id\":\"https:\\\/\\\/hoerdesign.ch\\\/alles-ueber-tinnitus\\\/\",\"url\":\"https:\\\/\\\/hoerdesign.ch\\\/alles-ueber-tinnitus\\\/\",\"name\":\"Alles was Sie wissen m\u00fcssen \u00fcber Tinnitus\",\"isPartOf\":{\"@id\":\"https:\\\/\\\/hoerdesign.ch\\\/#website\"},\"primaryImageOfPage\":{\"@id\":\"https:\\\/\\\/hoerdesign.ch\\\/alles-ueber-tinnitus\\\/#primaryimage\"},\"image\":{\"@id\":\"https:\\\/\\\/hoerdesign.ch\\\/alles-ueber-tinnitus\\\/#primaryimage\"},\"thumbnailUrl\":\"https:\\\/\\\/hoerdesign.ch\\\/wp-content\\\/uploads\\\/2024\\\/03\\\/Tinnitus.jpg\",\"datePublished\":\"2024-03-15T05:37:20+00:00\",\"dateModified\":\"2024-03-15T05:38:33+00:00\",\"breadcrumb\":{\"@id\":\"https:\\\/\\\/hoerdesign.ch\\\/alles-ueber-tinnitus\\\/#breadcrumb\"},\"inLanguage\":\"en-GB\",\"potentialAction\":[{\"@type\":\"ReadAction\",\"target\":[\"https:\\\/\\\/hoerdesign.ch\\\/alles-ueber-tinnitus\\\/\"]}]},{\"@type\":\"ImageObject\",\"inLanguage\":\"en-GB\",\"@id\":\"https:\\\/\\\/hoerdesign.ch\\\/alles-ueber-tinnitus\\\/#primaryimage\",\"url\":\"https:\\\/\\\/hoerdesign.ch\\\/wp-content\\\/uploads\\\/2024\\\/03\\\/Tinnitus.jpg\",\"contentUrl\":\"https:\\\/\\\/hoerdesign.ch\\\/wp-content\\\/uploads\\\/2024\\\/03\\\/Tinnitus.jpg\"},{\"@type\":\"BreadcrumbList\",\"@id\":\"https:\\\/\\\/hoerdesign.ch\\\/alles-ueber-tinnitus\\\/#breadcrumb\",\"itemListElement\":[{\"@type\":\"ListItem\",\"position\":1,\"name\":\"Startseite\",\"item\":\"https:\\\/\\\/hoerdesign.ch\\\/\"},{\"@type\":\"ListItem\",\"position\":2,\"name\":\"Alles \u00fcber Tinnitus\"}]},{\"@type\":\"WebSite\",\"@id\":\"https:\\\/\\\/hoerdesign.ch\\\/#website\",\"url\":\"https:\\\/\\\/hoerdesign.ch\\\/\",\"name\":\"H\u00f6rdesign GmbH\",\"description\":\"Mehr h\u00f6ren. Mehr erleben\",\"publisher\":{\"@id\":\"https:\\\/\\\/hoerdesign.ch\\\/#organization\"},\"potentialAction\":[{\"@type\":\"SearchAction\",\"target\":{\"@type\":\"EntryPoint\",\"urlTemplate\":\"https:\\\/\\\/hoerdesign.ch\\\/?s={search_term_string}\"},\"query-input\":{\"@type\":\"PropertyValueSpecification\",\"valueRequired\":true,\"valueName\":\"search_term_string\"}}],\"inLanguage\":\"en-GB\"},{\"@type\":\"Organization\",\"@id\":\"https:\\\/\\\/hoerdesign.ch\\\/#organization\",\"name\":\"H\u00f6rdesign GmbH\",\"url\":\"https:\\\/\\\/hoerdesign.ch\\\/\",\"logo\":{\"@type\":\"ImageObject\",\"inLanguage\":\"en-GB\",\"@id\":\"https:\\\/\\\/hoerdesign.ch\\\/#\\\/schema\\\/logo\\\/image\\\/\",\"url\":\"https:\\\/\\\/hoerdesign.ch\\\/wp-content\\\/uploads\\\/2023\\\/10\\\/Logo-Hoerdesign-Hohe-Aufloesung.png\",\"contentUrl\":\"https:\\\/\\\/hoerdesign.ch\\\/wp-content\\\/uploads\\\/2023\\\/10\\\/Logo-Hoerdesign-Hohe-Aufloesung.png\",\"width\":730,\"height\":289,\"caption\":\"H\u00f6rdesign GmbH\"},\"image\":{\"@id\":\"https:\\\/\\\/hoerdesign.ch\\\/#\\\/schema\\\/logo\\\/image\\\/\"},\"sameAs\":[\"https:\\\/\\\/www.facebook.com\\\/hoerdesigninzug\",\"https:\\\/\\\/www.instagram.com\\\/hoerdesign_official\\\/\",\"https:\\\/\\\/www.linkedin.com\\\/company\\\/78306967\\\/admin\\\/feed\\\/posts\\\/?feedType=following\"]}]}<\/script>\n<!-- \/ Yoast SEO plugin. -->","yoast_head_json":{"title":"Alles was Sie wissen m\u00fcssen \u00fcber Tinnitus","robots":{"index":"index","follow":"follow","max-snippet":"max-snippet:-1","max-image-preview":"max-image-preview:large","max-video-preview":"max-video-preview:-1"},"canonical":"https:\/\/hoerdesign.ch\/en\/alles-ueber-tinnitus\/","og_locale":"en_GB","og_type":"article","og_title":"Alles was Sie wissen m\u00fcssen \u00fcber Tinnitus","og_description":"Was ist Tinnitus? Alles was Sie \u00fcber Tinnitus wissen m\u00fcssen \u00dcberblick Viele haben es schon erlebt. Ein Pfeifen, summen, brummen, flimmern oder ein anderes l\u00e4stiges Ger\u00e4usch ert\u00f6nt in unseren Ohren. Bei vielen Menschen verschwindet das l\u00e4stige Ger\u00e4usch nach kurzer Zeit auch wieder. Ist es dauerhaft zu h\u00f6ren wird es zur Belastung. \u00a0Was ist das? Tinnitus&hellip; Continue reading Alles \u00fcber Tinnitus","og_url":"https:\/\/hoerdesign.ch\/en\/alles-ueber-tinnitus\/","og_site_name":"H\u00f6rdesign GmbH","article_publisher":"https:\/\/www.facebook.com\/hoerdesigninzug","article_modified_time":"2024-03-15T05:38:33+00:00","og_image":[{"url":"https:\/\/hoerdesign.ch\/wp-content\/uploads\/2024\/03\/Tinnitus.jpg","type":"","width":"","height":""}],"twitter_card":"summary_large_image","twitter_misc":{"Estimated reading time":"7 minutes"},"schema":{"@context":"https:\/\/schema.org","@graph":[{"@type":"WebPage","@id":"https:\/\/hoerdesign.ch\/alles-ueber-tinnitus\/","url":"https:\/\/hoerdesign.ch\/alles-ueber-tinnitus\/","name":"Alles was Sie wissen m\u00fcssen \u00fcber Tinnitus","isPartOf":{"@id":"https:\/\/hoerdesign.ch\/#website"},"primaryImageOfPage":{"@id":"https:\/\/hoerdesign.ch\/alles-ueber-tinnitus\/#primaryimage"},"image":{"@id":"https:\/\/hoerdesign.ch\/alles-ueber-tinnitus\/#primaryimage"},"thumbnailUrl":"https:\/\/hoerdesign.ch\/wp-content\/uploads\/2024\/03\/Tinnitus.jpg","datePublished":"2024-03-15T05:37:20+00:00","dateModified":"2024-03-15T05:38:33+00:00","breadcrumb":{"@id":"https:\/\/hoerdesign.ch\/alles-ueber-tinnitus\/#breadcrumb"},"inLanguage":"en-GB","potentialAction":[{"@type":"ReadAction","target":["https:\/\/hoerdesign.ch\/alles-ueber-tinnitus\/"]}]},{"@type":"ImageObject","inLanguage":"en-GB","@id":"https:\/\/hoerdesign.ch\/alles-ueber-tinnitus\/#primaryimage","url":"https:\/\/hoerdesign.ch\/wp-content\/uploads\/2024\/03\/Tinnitus.jpg","contentUrl":"https:\/\/hoerdesign.ch\/wp-content\/uploads\/2024\/03\/Tinnitus.jpg"},{"@type":"BreadcrumbList","@id":"https:\/\/hoerdesign.ch\/alles-ueber-tinnitus\/#breadcrumb","itemListElement":[{"@type":"ListItem","position":1,"name":"Startseite","item":"https:\/\/hoerdesign.ch\/"},{"@type":"ListItem","position":2,"name":"Alles \u00fcber Tinnitus"}]},{"@type":"WebSite","@id":"https:\/\/hoerdesign.ch\/#website","url":"https:\/\/hoerdesign.ch\/","name":"H\u00f6rdesign GmbH","description":"Mehr h\u00f6ren. Mehr erleben","publisher":{"@id":"https:\/\/hoerdesign.ch\/#organization"},"potentialAction":[{"@type":"SearchAction","target":{"@type":"EntryPoint","urlTemplate":"https:\/\/hoerdesign.ch\/?s={search_term_string}"},"query-input":{"@type":"PropertyValueSpecification","valueRequired":true,"valueName":"search_term_string"}}],"inLanguage":"en-GB"},{"@type":"Organization","@id":"https:\/\/hoerdesign.ch\/#organization","name":"H\u00f6rdesign GmbH","url":"https:\/\/hoerdesign.ch\/","logo":{"@type":"ImageObject","inLanguage":"en-GB","@id":"https:\/\/hoerdesign.ch\/#\/schema\/logo\/image\/","url":"https:\/\/hoerdesign.ch\/wp-content\/uploads\/2023\/10\/Logo-Hoerdesign-Hohe-Aufloesung.png","contentUrl":"https:\/\/hoerdesign.ch\/wp-content\/uploads\/2023\/10\/Logo-Hoerdesign-Hohe-Aufloesung.png","width":730,"height":289,"caption":"H\u00f6rdesign GmbH"},"image":{"@id":"https:\/\/hoerdesign.ch\/#\/schema\/logo\/image\/"},"sameAs":["https:\/\/www.facebook.com\/hoerdesigninzug","https:\/\/www.instagram.com\/hoerdesign_official\/","https:\/\/www.linkedin.com\/company\/78306967\/admin\/feed\/posts\/?feedType=following"]}]}},"_links":{"self":[{"href":"https:\/\/hoerdesign.ch\/en\/wp-json\/wp\/v2\/pages\/3266","targetHints":{"allow":["GET"]}}],"collection":[{"href":"https:\/\/hoerdesign.ch\/en\/wp-json\/wp\/v2\/pages"}],"about":[{"href":"https:\/\/hoerdesign.ch\/en\/wp-json\/wp\/v2\/types\/page"}],"author":[{"embeddable":true,"href":"https:\/\/hoerdesign.ch\/en\/wp-json\/wp\/v2\/users\/1"}],"replies":[{"embeddable":true,"href":"https:\/\/hoerdesign.ch\/en\/wp-json\/wp\/v2\/comments?post=3266"}],"version-history":[{"count":4,"href":"https:\/\/hoerdesign.ch\/en\/wp-json\/wp\/v2\/pages\/3266\/revisions"}],"predecessor-version":[{"id":3270,"href":"https:\/\/hoerdesign.ch\/en\/wp-json\/wp\/v2\/pages\/3266\/revisions\/3270"}],"wp:attachment":[{"href":"https:\/\/hoerdesign.ch\/en\/wp-json\/wp\/v2\/media?parent=3266"}],"curies":[{"name":"wp","href":"https:\/\/api.w.org\/{rel}","templated":true}]}}